{"id":15265,"date":"2025-09-30T07:37:45","date_gmt":"2025-09-30T07:37:45","guid":{"rendered":"https:\/\/mjarc.com\/premio\/"},"modified":"2026-01-14T13:04:35","modified_gmt":"2026-01-14T13:04:35","slug":"recompenses","status":"publish","type":"page","link":"https:\/\/mjarc.com\/fr\/recompenses\/","title":{"rendered":"Prix d\u2019Architecture"},"content":{"rendered":"<p>[vc_row el_class=\u00a0\u00bbnewpress\u00a0\u00bb][vc_column][vc_column_text]<div class=\"toggle-buttons\"><a href=\"\/fr\/actualites\" class=\"toggle-button\">Articles d&#039;opinion<\/a><a href=\"\/fr\/presse\" class=\"toggle-button\">Presse<\/a><a href=\"\/fr\/recompenses\" class=\"toggle-button active\">R\u00e9compenses<\/a><\/div>\n<div class=\"post-grid\"><div class=\"post-publi\"><a href=\"https:\/\/mjarc.com\/fr\/premio\/projet-torre-green-view-covilha-mention-honorable-iaa-2026\/\" class=\"post-link-publi\"><div class=\"post-item post-publicacao\" style=\"background-image: url(https:\/\/mjarc.com\/wp-content\/uploads\/2026\/08\/Torre-Green-View-IAA-PT-2.jpg);\"><\/div><h2 class=\"post-title\">International Architecture Awards 2026 |  Torre Green View &#8211; mention honorable, Multi-Family Housing<\/h2><p class=\"post-date\"><\/p><\/a><\/div><div class=\"post-publi\"><a href=\"https:\/\/mjarc.com\/projetos-arquitetura\/wood-house-projeto\/\" class=\"post-link-publi-2\" target=\"_blank\" rel=\"noopener\"><div class=\"post-item post-publicacao\" style=\"background-image: url(https:\/\/mjarc.com\/wp-content\/uploads\/2026\/06\/Porcelanosa-XVII-AWARDS-2026-Douro-Wood-House-PT.png);\"><\/div><h2 class=\"post-title\">XVIIe Prix Porcelanosa 2026 \u2013 Meilleur Projet d&rsquo;Architecture de l&rsquo;Ann\u00e9e<\/h2><p class=\"post-date\">2026<\/p><\/a><\/div><div class=\"post-publi\"><a href=\"https:\/\/winners.architizer.com\/2026\/Typology\/residential-15\/unbuilt-multi-unit-housing-l-10-floors-6\/\" class=\"post-link-publi-2\" target=\"_blank\" rel=\"noopener\"><div class=\"post-item post-publicacao\" style=\"background-image: url(https:\/\/mjarc.com\/wp-content\/uploads\/2026\/05\/Green-View-Tower-Architizer-A-Awards-FR.jpg);\"><\/div><h2 class=\"post-title\">Architizer A+ Awards &#8211; Mention Sp\u00e9ciale &#8211; Unbuilt &#8211; Multi-Unit Housing (L &gt;10 Floors)<\/h2><p class=\"post-date\">2026<\/p><\/a><\/div><div class=\"post-publi\"><a href=\"https:\/\/architectureprize.com\/winners\/2025_hm.php?level=pro\" class=\"post-link-publi-2\" target=\"_blank\" rel=\"noopener\"><div class=\"post-item post-publicacao\" style=\"background-image: url(https:\/\/mjarc.com\/wp-content\/uploads\/2025\/12\/Wood-House-AM-FR-1.webp);\"><\/div><h2 class=\"post-title\">Architecture MasterPrize Awards 2025 &#8211; Small Architecture<\/h2><p class=\"post-date\">2025<\/p><\/a><\/div><div class=\"post-publi\"><a href=\"https:\/\/architectureprize.com\/winners\/2025_hm.php?level=pro\" class=\"post-link-publi-2\" target=\"_blank\" rel=\"noopener\"><div class=\"post-item post-publicacao\" style=\"background-image: url(https:\/\/mjarc.com\/wp-content\/uploads\/2025\/12\/Riverside-AM-FR.webp);\"><\/div><h2 class=\"post-title\">Architecture MasterPrize Awards 2025 &#8211; Architecture R\u00e9sidentielle Collective<\/h2><p class=\"post-date\">2025<\/p><\/a><\/div><div class=\"post-publi\"><a href=\"https:\/\/architectureprize.com\/winners\/2025.php#Hospitality%20Architecture\" class=\"post-link-publi-2\" target=\"_blank\" rel=\"noopener\"><div class=\"post-item post-publicacao\" style=\"background-image: url(https:\/\/mjarc.com\/wp-content\/uploads\/2025\/12\/Cicioso-AM-FR.webp);\"><\/div><h2 class=\"post-title\">Architecture MasterPrize Awards 2025 &#8211; Architecture de l&rsquo;H\u00f4tellerie<\/h2><p class=\"post-date\">2025<\/p><\/a><\/div><div class=\"post-publi\"><a href=\"https:\/\/archello.com\/project\/douro-wood-house\" class=\"post-link-publi-2\" target=\"_blank\" rel=\"noopener\"><div class=\"post-item post-publicacao\" style=\"background-image: url(https:\/\/mjarc.com\/wp-content\/uploads\/2025\/12\/Wood-House-Archello-FR.webp);\"><\/div><h2 class=\"post-title\">House of the Year Rural Small \u2013 Archello Awards 2025<\/h2><p class=\"post-date\">2025<\/p><\/a><\/div><div class=\"post-publi\"><a href=\"https:\/\/mjarc.com\/projetos-arquitetura\/edificio-riverside-arquitetura-residencial\/\" class=\"post-link-publi-2\" target=\"_blank\" rel=\"noopener\"><div class=\"post-item post-publicacao\" style=\"background-image: url(https:\/\/mjarc.com\/wp-content\/uploads\/2025\/12\/Riverside-Premios-do-Imobiliario-2.webp);\"><\/div><h2 class=\"post-title\">Prix de l&rsquo;Immobilier 2025 Sic Not\u00edcias | Expresso<\/h2><p class=\"post-date\">2025<\/p><\/a><\/div><div class=\"post-publi\"><a href=\"https:\/\/www.construir.pt\/2025\/10\/15\/conheca-a-lista-completa-dos-vencedores-dos-premios-construir-2025\" class=\"post-link-publi-2\" target=\"_blank\" rel=\"noopener\"><div class=\"post-item post-publicacao\" style=\"background-image: url(https:\/\/mjarc.com\/wp-content\/uploads\/2025\/12\/Wood-House-Premios-Construir-FR.webp);\"><\/div><h2 class=\"post-title\">Prix Construir 2025, Prix de la Durabilit\u00e9<\/h2><p class=\"post-date\">2025<\/p><\/a><\/div><div class=\"post-publi\"><a href=\"\/fr\/projets-architecture\/wood-house\/\" class=\"post-link-publi-2\" target=\"_blank\" rel=\"noopener\"><div class=\"post-item post-publicacao\" style=\"background-image: url(https:\/\/mjarc.com\/wp-content\/uploads\/2025\/12\/Wood-House-loop-FR.webp);\"><\/div><h2 class=\"post-title\">Wood House remporte le prix LOOP Design Awards 2025<\/h2><p class=\"post-date\">2025<\/p><\/a><\/div><div class=\"post-publi\"><a href=\"https:\/\/worldarchitecture.org\/architecture-projects\/awards-winners\/?section=archawdwinrs&#038;winarchive=37th%20Cycle&#038;cyc=37&#038;bn_ctgry=1\" class=\"post-link-publi-2\" target=\"_blank\" rel=\"noopener\"><div class=\"post-item post-publicacao\" style=\"background-image: url(https:\/\/mjarc.com\/wp-content\/uploads\/2025\/12\/WA-FR.webp);\"><\/div><h2 class=\"post-title\">Festival Mondial d&rsquo;Architecture, 37e \u00e9dition<\/h2><p class=\"post-date\">2021<\/p><\/a><\/div><div class=\"post-publi\"><a href=\"https:\/\/www.europeanarch.eu\/maria-joao-andrade.html\" class=\"post-link-publi-2\" target=\"_blank\" rel=\"noopener\"><div class=\"post-item post-publicacao\" style=\"background-image: url(https:\/\/mjarc.com\/wp-content\/uploads\/2025\/12\/DOURO-VALLEY-40-UNDER-40-FR.webp);\"><\/div><h2 class=\"post-title\">Prix Europe 40 under 40<\/h2><p class=\"post-date\">2020<\/p><\/a><\/div><div class=\"post-publi\"><a href=\"https:\/\/www.europeanarch.eu\/maria-joao-andrade.html\" class=\"post-link-publi-2\" target=\"_blank\" rel=\"noopener\"><div class=\"post-item post-publicacao\" style=\"background-image: url(https:\/\/mjarc.com\/wp-content\/uploads\/2025\/12\/NORDIAL-40-UNDER-40-FR.webp);\"><\/div><h2 class=\"post-title\">Prix Europe 40 under 40<\/h2><p class=\"post-date\">2021<\/p><\/a><\/div><\/div><div class=\"pagination\"><\/div>[\/vc_column_text][\/vc_column][\/vc_row][vc_row full_width=\u00a0\u00bbstretch_row\u00a0\u00bb el_class=\u00a0\u00bbinstafeed\u00a0\u00bb][vc_column][vc_column_text]\n<div id=\"sb_instagram\"  class=\"sbi sbi_mob_col_1 sbi_tab_col_2 sbi_col_6 sbi_width_resp sbi_palette_light\" style=\"padding-bottom: 10px;\"\t data-feedid=\"*1\"  data-res=\"auto\" data-cols=\"6\" data-colsmobile=\"1\" data-colstablet=\"2\" data-num=\"6\" data-nummobile=\"6\" data-item-padding=\"5\"\t data-shortcode-atts=\"{&quot;feed&quot;:&quot;1&quot;}\"  data-postid=\"15273\" data-locatornonce=\"898ba56ba9\" data-imageaspectratio=\"1:1\" data-sbi-flags=\"favorLocal\">\n\t\n\t<div id=\"sbi_images\"  style=\"gap: 10px;\">\n\t\t<div class=\"sbi_item sbi_type_carousel sbi_new sbi_transition\"\n\tid=\"sbi_18017518355873051\" data-date=\"1788339602\">\n\t<div class=\"sbi_photo_wrap\">\n\t\t<a class=\"sbi_photo\" href=\"https:\/\/www.instagram.com\/p\/Dcx3XFIDCrv\/\" target=\"_blank\" rel=\"noopener nofollow\"\n\t\t\tdata-full-res=\"https:\/\/scontent-man2-1.cdninstagram.com\/v\/t51.82787-15\/775834655_18451350598138141_8285814029999771694_n.jpg?stp=dst-jpg_e35_tt6&#038;_nc_cat=103&#038;ccb=7-5&#038;_nc_sid=18de74&#038;efg=eyJlZmdfdGFnIjoiQ0FST1VTRUxfSVRFTS5iZXN0X2ltYWdlX3VybGdlbi5DMyJ9&#038;_nc_ohc=t3LHkPXlA0sQ7kNvwEpx2Au&#038;_nc_oc=AdoANz_1KfWrYavowHiECCw4K9bunHvh1SI_4hw8OH-rT5xYoUwNBiv_s_gW3o_XyOIA_7exGZvgO74ZjfdC0m9d&#038;_nc_zt=23&#038;_nc_ht=scontent-man2-1.cdninstagram.com&#038;edm=AM6HXa8EAAAA&#038;_nc_gid=enF5mRqYjHYqNhL5qdhohg&#038;oh=00_AQIHfa15JuPdhaaKz-Oj3KEK_yr5-x1hoi3aXHnM_pY2dg&#038;oe=6A9E0B9E\"\n\t\t\tdata-img-src-set=\"{&quot;d&quot;:&quot;https:\\\/\\\/scontent-man2-1.cdninstagram.com\\\/v\\\/t51.82787-15\\\/775834655_18451350598138141_8285814029999771694_n.jpg?stp=dst-jpg_e35_tt6&amp;_nc_cat=103&amp;ccb=7-5&amp;_nc_sid=18de74&amp;efg=eyJlZmdfdGFnIjoiQ0FST1VTRUxfSVRFTS5iZXN0X2ltYWdlX3VybGdlbi5DMyJ9&amp;_nc_ohc=t3LHkPXlA0sQ7kNvwEpx2Au&amp;_nc_oc=AdoANz_1KfWrYavowHiECCw4K9bunHvh1SI_4hw8OH-rT5xYoUwNBiv_s_gW3o_XyOIA_7exGZvgO74ZjfdC0m9d&amp;_nc_zt=23&amp;_nc_ht=scontent-man2-1.cdninstagram.com&amp;edm=AM6HXa8EAAAA&amp;_nc_gid=enF5mRqYjHYqNhL5qdhohg&amp;oh=00_AQIHfa15JuPdhaaKz-Oj3KEK_yr5-x1hoi3aXHnM_pY2dg&amp;oe=6A9E0B9E&quot;,&quot;150&quot;:&quot;https:\\\/\\\/scontent-man2-1.cdninstagram.com\\\/v\\\/t51.82787-15\\\/775834655_18451350598138141_8285814029999771694_n.jpg?stp=dst-jpg_e35_tt6&amp;_nc_cat=103&amp;ccb=7-5&amp;_nc_sid=18de74&amp;efg=eyJlZmdfdGFnIjoiQ0FST1VTRUxfSVRFTS5iZXN0X2ltYWdlX3VybGdlbi5DMyJ9&amp;_nc_ohc=t3LHkPXlA0sQ7kNvwEpx2Au&amp;_nc_oc=AdoANz_1KfWrYavowHiECCw4K9bunHvh1SI_4hw8OH-rT5xYoUwNBiv_s_gW3o_XyOIA_7exGZvgO74ZjfdC0m9d&amp;_nc_zt=23&amp;_nc_ht=scontent-man2-1.cdninstagram.com&amp;edm=AM6HXa8EAAAA&amp;_nc_gid=enF5mRqYjHYqNhL5qdhohg&amp;oh=00_AQIHfa15JuPdhaaKz-Oj3KEK_yr5-x1hoi3aXHnM_pY2dg&amp;oe=6A9E0B9E&quot;,&quot;320&quot;:&quot;https:\\\/\\\/scontent-man2-1.cdninstagram.com\\\/v\\\/t51.82787-15\\\/775834655_18451350598138141_8285814029999771694_n.jpg?stp=dst-jpg_e35_tt6&amp;_nc_cat=103&amp;ccb=7-5&amp;_nc_sid=18de74&amp;efg=eyJlZmdfdGFnIjoiQ0FST1VTRUxfSVRFTS5iZXN0X2ltYWdlX3VybGdlbi5DMyJ9&amp;_nc_ohc=t3LHkPXlA0sQ7kNvwEpx2Au&amp;_nc_oc=AdoANz_1KfWrYavowHiECCw4K9bunHvh1SI_4hw8OH-rT5xYoUwNBiv_s_gW3o_XyOIA_7exGZvgO74ZjfdC0m9d&amp;_nc_zt=23&amp;_nc_ht=scontent-man2-1.cdninstagram.com&amp;edm=AM6HXa8EAAAA&amp;_nc_gid=enF5mRqYjHYqNhL5qdhohg&amp;oh=00_AQIHfa15JuPdhaaKz-Oj3KEK_yr5-x1hoi3aXHnM_pY2dg&amp;oe=6A9E0B9E&quot;,&quot;640&quot;:&quot;https:\\\/\\\/scontent-man2-1.cdninstagram.com\\\/v\\\/t51.82787-15\\\/775834655_18451350598138141_8285814029999771694_n.jpg?stp=dst-jpg_e35_tt6&amp;_nc_cat=103&amp;ccb=7-5&amp;_nc_sid=18de74&amp;efg=eyJlZmdfdGFnIjoiQ0FST1VTRUxfSVRFTS5iZXN0X2ltYWdlX3VybGdlbi5DMyJ9&amp;_nc_ohc=t3LHkPXlA0sQ7kNvwEpx2Au&amp;_nc_oc=AdoANz_1KfWrYavowHiECCw4K9bunHvh1SI_4hw8OH-rT5xYoUwNBiv_s_gW3o_XyOIA_7exGZvgO74ZjfdC0m9d&amp;_nc_zt=23&amp;_nc_ht=scontent-man2-1.cdninstagram.com&amp;edm=AM6HXa8EAAAA&amp;_nc_gid=enF5mRqYjHYqNhL5qdhohg&amp;oh=00_AQIHfa15JuPdhaaKz-Oj3KEK_yr5-x1hoi3aXHnM_pY2dg&amp;oe=6A9E0B9E&quot;}\">\n\t\t\t<span class=\"sbi-screenreader\">Estamos de volta!  Com as nossas energias renovada<\/span>\n\t\t\t<svg class=\"svg-inline--fa fa-clone fa-w-16 sbi_lightbox_carousel_icon\" aria-hidden=\"true\" aria-label=\"Clone\" data-fa-pro\u0192cessed=\"\" data-prefix=\"far\" data-icon=\"clone\" role=\"img\" xmlns=\"http:\/\/www.w3.org\/2000\/svg\" viewBox=\"0 0 512 512\">\n                    <path fill=\"currentColor\" d=\"M464 0H144c-26.51 0-48 21.49-48 48v48H48c-26.51 0-48 21.49-48 48v320c0 26.51 21.49 48 48 48h320c26.51 0 48-21.49 48-48v-48h48c26.51 0 48-21.49 48-48V48c0-26.51-21.49-48-48-48zM362 464H54a6 6 0 0 1-6-6V150a6 6 0 0 1 6-6h42v224c0 26.51 21.49 48 48 48h224v42a6 6 0 0 1-6 6zm96-96H150a6 6 0 0 1-6-6V54a6 6 0 0 1 6-6h308a6 6 0 0 1 6 6v308a6 6 0 0 1-6 6z\"><\/path>\n                <\/svg>\t\t\t\t\t\t<img decoding=\"async\" src=\"https:\/\/mjarc.com\/wp-content\/plugins\/instagram-feed\/img\/placeholder.png\" alt=\"Estamos de volta!\n\nCom as nossas energias renovadas, regressamos ao atelier, \u00e0s obras e aos projetos que continuam a ganhar forma.\n\nCom o olhar renovado e novas etapas pela frente, retomamos o ritmo para continuar a fazer aquilo que gostamos.\" aria-hidden=\"true\">\n\t\t<\/a>\n\t<\/div>\n<\/div><div class=\"sbi_item sbi_type_carousel sbi_new sbi_transition\"\n\tid=\"sbi_18408852721158899\" data-date=\"1787944802\">\n\t<div class=\"sbi_photo_wrap\">\n\t\t<a class=\"sbi_photo\" href=\"https:\/\/www.instagram.com\/p\/DcmGXQEjHIy\/\" target=\"_blank\" rel=\"noopener nofollow\"\n\t\t\tdata-full-res=\"https:\/\/scontent-man2-1.cdninstagram.com\/v\/t51.82787-15\/774266100_18451368553138141_1269606107911580581_n.jpg?stp=dst-jpg_e35_tt6&#038;_nc_cat=102&#038;ccb=7-5&#038;_nc_sid=18de74&#038;efg=eyJlZmdfdGFnIjoiQ0FST1VTRUxfSVRFTS5iZXN0X2ltYWdlX3VybGdlbi5DMyJ9&#038;_nc_ohc=Bufbnzq19cQQ7kNvwGhX4l6&#038;_nc_oc=AdqwCkxZCuNQJiWplEgcJtsTfoLyoChZ8ra7b36P_ZR4010sZnJ0d6v4sm-uFyy7pjMhCaAa3Qni3-ssPDYYTsKy&#038;_nc_zt=23&#038;_nc_ht=scontent-man2-1.cdninstagram.com&#038;edm=AM6HXa8EAAAA&#038;_nc_gid=enF5mRqYjHYqNhL5qdhohg&#038;oh=00_AQI3xSoPn7oH6on1kmTy7RI7cmXiEGMmSNn3caAnM9Kayw&#038;oe=6A9DE859\"\n\t\t\tdata-img-src-set=\"{&quot;d&quot;:&quot;https:\\\/\\\/scontent-man2-1.cdninstagram.com\\\/v\\\/t51.82787-15\\\/774266100_18451368553138141_1269606107911580581_n.jpg?stp=dst-jpg_e35_tt6&amp;_nc_cat=102&amp;ccb=7-5&amp;_nc_sid=18de74&amp;efg=eyJlZmdfdGFnIjoiQ0FST1VTRUxfSVRFTS5iZXN0X2ltYWdlX3VybGdlbi5DMyJ9&amp;_nc_ohc=Bufbnzq19cQQ7kNvwGhX4l6&amp;_nc_oc=AdqwCkxZCuNQJiWplEgcJtsTfoLyoChZ8ra7b36P_ZR4010sZnJ0d6v4sm-uFyy7pjMhCaAa3Qni3-ssPDYYTsKy&amp;_nc_zt=23&amp;_nc_ht=scontent-man2-1.cdninstagram.com&amp;edm=AM6HXa8EAAAA&amp;_nc_gid=enF5mRqYjHYqNhL5qdhohg&amp;oh=00_AQI3xSoPn7oH6on1kmTy7RI7cmXiEGMmSNn3caAnM9Kayw&amp;oe=6A9DE859&quot;,&quot;150&quot;:&quot;https:\\\/\\\/scontent-man2-1.cdninstagram.com\\\/v\\\/t51.82787-15\\\/774266100_18451368553138141_1269606107911580581_n.jpg?stp=dst-jpg_e35_tt6&amp;_nc_cat=102&amp;ccb=7-5&amp;_nc_sid=18de74&amp;efg=eyJlZmdfdGFnIjoiQ0FST1VTRUxfSVRFTS5iZXN0X2ltYWdlX3VybGdlbi5DMyJ9&amp;_nc_ohc=Bufbnzq19cQQ7kNvwGhX4l6&amp;_nc_oc=AdqwCkxZCuNQJiWplEgcJtsTfoLyoChZ8ra7b36P_ZR4010sZnJ0d6v4sm-uFyy7pjMhCaAa3Qni3-ssPDYYTsKy&amp;_nc_zt=23&amp;_nc_ht=scontent-man2-1.cdninstagram.com&amp;edm=AM6HXa8EAAAA&amp;_nc_gid=enF5mRqYjHYqNhL5qdhohg&amp;oh=00_AQI3xSoPn7oH6on1kmTy7RI7cmXiEGMmSNn3caAnM9Kayw&amp;oe=6A9DE859&quot;,&quot;320&quot;:&quot;https:\\\/\\\/scontent-man2-1.cdninstagram.com\\\/v\\\/t51.82787-15\\\/774266100_18451368553138141_1269606107911580581_n.jpg?stp=dst-jpg_e35_tt6&amp;_nc_cat=102&amp;ccb=7-5&amp;_nc_sid=18de74&amp;efg=eyJlZmdfdGFnIjoiQ0FST1VTRUxfSVRFTS5iZXN0X2ltYWdlX3VybGdlbi5DMyJ9&amp;_nc_ohc=Bufbnzq19cQQ7kNvwGhX4l6&amp;_nc_oc=AdqwCkxZCuNQJiWplEgcJtsTfoLyoChZ8ra7b36P_ZR4010sZnJ0d6v4sm-uFyy7pjMhCaAa3Qni3-ssPDYYTsKy&amp;_nc_zt=23&amp;_nc_ht=scontent-man2-1.cdninstagram.com&amp;edm=AM6HXa8EAAAA&amp;_nc_gid=enF5mRqYjHYqNhL5qdhohg&amp;oh=00_AQI3xSoPn7oH6on1kmTy7RI7cmXiEGMmSNn3caAnM9Kayw&amp;oe=6A9DE859&quot;,&quot;640&quot;:&quot;https:\\\/\\\/scontent-man2-1.cdninstagram.com\\\/v\\\/t51.82787-15\\\/774266100_18451368553138141_1269606107911580581_n.jpg?stp=dst-jpg_e35_tt6&amp;_nc_cat=102&amp;ccb=7-5&amp;_nc_sid=18de74&amp;efg=eyJlZmdfdGFnIjoiQ0FST1VTRUxfSVRFTS5iZXN0X2ltYWdlX3VybGdlbi5DMyJ9&amp;_nc_ohc=Bufbnzq19cQQ7kNvwGhX4l6&amp;_nc_oc=AdqwCkxZCuNQJiWplEgcJtsTfoLyoChZ8ra7b36P_ZR4010sZnJ0d6v4sm-uFyy7pjMhCaAa3Qni3-ssPDYYTsKy&amp;_nc_zt=23&amp;_nc_ht=scontent-man2-1.cdninstagram.com&amp;edm=AM6HXa8EAAAA&amp;_nc_gid=enF5mRqYjHYqNhL5qdhohg&amp;oh=00_AQI3xSoPn7oH6on1kmTy7RI7cmXiEGMmSNn3caAnM9Kayw&amp;oe=6A9DE859&quot;}\">\n\t\t\t<span class=\"sbi-screenreader\">Casa em Fontes | MJARC Arquitetos  Na Casa em Font<\/span>\n\t\t\t<svg class=\"svg-inline--fa fa-clone fa-w-16 sbi_lightbox_carousel_icon\" aria-hidden=\"true\" aria-label=\"Clone\" data-fa-pro\u0192cessed=\"\" data-prefix=\"far\" data-icon=\"clone\" role=\"img\" xmlns=\"http:\/\/www.w3.org\/2000\/svg\" viewBox=\"0 0 512 512\">\n                    <path fill=\"currentColor\" d=\"M464 0H144c-26.51 0-48 21.49-48 48v48H48c-26.51 0-48 21.49-48 48v320c0 26.51 21.49 48 48 48h320c26.51 0 48-21.49 48-48v-48h48c26.51 0 48-21.49 48-48V48c0-26.51-21.49-48-48-48zM362 464H54a6 6 0 0 1-6-6V150a6 6 0 0 1 6-6h42v224c0 26.51 21.49 48 48 48h224v42a6 6 0 0 1-6 6zm96-96H150a6 6 0 0 1-6-6V54a6 6 0 0 1 6-6h308a6 6 0 0 1 6 6v308a6 6 0 0 1-6 6z\"><\/path>\n                <\/svg>\t\t\t\t\t\t<img decoding=\"async\" src=\"https:\/\/mjarc.com\/wp-content\/plugins\/instagram-feed\/img\/placeholder.png\" alt=\"Casa em Fontes | MJARC Arquitetos\n\nNa Casa em Fontes, a materialidade constr\u00f3i grande parte da identidade do projeto.\n\nPedra natural, granito, superf\u00edcies cer\u00e2micas e mosaicos hidr\u00e1ulicos convivem em diferentes escalas, texturas e ritmos \u2014 entre o rigor das superf\u00edcies mais regulares e a express\u00e3o mais crua da mat\u00e9ria. \u00c9 nesse contraste que cada detalhe ganha profundidade e car\u00e1ter.\n\nUma composi\u00e7\u00e3o onde textura, luz e mat\u00e9ria se complementam, aproximando a arquitetura do lugar e tornando a experi\u00eancia da casa mais sensorial e t\u00e1til.\n\n#MJARCarquitetos #Arquitetura #CasaEmFontes #Materialidade #ArquiteturaPortuguesa #Design #Interiores\" aria-hidden=\"true\">\n\t\t<\/a>\n\t<\/div>\n<\/div><div class=\"sbi_item sbi_type_carousel sbi_new sbi_transition\"\n\tid=\"sbi_18221186785334778\" data-date=\"1787685302\">\n\t<div class=\"sbi_photo_wrap\">\n\t\t<a class=\"sbi_photo\" href=\"https:\/\/www.instagram.com\/p\/DceXceKjHzG\/\" target=\"_blank\" rel=\"noopener nofollow\"\n\t\t\tdata-full-res=\"https:\/\/scontent-man2-1.cdninstagram.com\/v\/t51.82787-15\/774744788_18451351774138141_447238121592790887_n.jpg?stp=dst-jpg_e35_tt6&#038;_nc_cat=108&#038;ccb=7-5&#038;_nc_sid=18de74&#038;efg=eyJlZmdfdGFnIjoiQ0FST1VTRUxfSVRFTS5iZXN0X2ltYWdlX3VybGdlbi5DMyJ9&#038;_nc_ohc=er_XkdtlyQ4Q7kNvwFJ-KSR&#038;_nc_oc=AdrVpDaBImRZQVG-UU3xIZs_-MM0BGuTGBc3V-FYt_ONq23oCBSSWjz0RYtQRrKhOegEaLWxlaFgds2RQt2hKkzi&#038;_nc_zt=23&#038;_nc_ht=scontent-man2-1.cdninstagram.com&#038;edm=AM6HXa8EAAAA&#038;_nc_gid=enF5mRqYjHYqNhL5qdhohg&#038;oh=00_AQIt7h5u3Y73cL_6lFWy4Zc7QfKe_Onfmm-TxW1prx4esA&#038;oe=6A9DF0B9\"\n\t\t\tdata-img-src-set=\"{&quot;d&quot;:&quot;https:\\\/\\\/scontent-man2-1.cdninstagram.com\\\/v\\\/t51.82787-15\\\/774744788_18451351774138141_447238121592790887_n.jpg?stp=dst-jpg_e35_tt6&amp;_nc_cat=108&amp;ccb=7-5&amp;_nc_sid=18de74&amp;efg=eyJlZmdfdGFnIjoiQ0FST1VTRUxfSVRFTS5iZXN0X2ltYWdlX3VybGdlbi5DMyJ9&amp;_nc_ohc=er_XkdtlyQ4Q7kNvwFJ-KSR&amp;_nc_oc=AdrVpDaBImRZQVG-UU3xIZs_-MM0BGuTGBc3V-FYt_ONq23oCBSSWjz0RYtQRrKhOegEaLWxlaFgds2RQt2hKkzi&amp;_nc_zt=23&amp;_nc_ht=scontent-man2-1.cdninstagram.com&amp;edm=AM6HXa8EAAAA&amp;_nc_gid=enF5mRqYjHYqNhL5qdhohg&amp;oh=00_AQIt7h5u3Y73cL_6lFWy4Zc7QfKe_Onfmm-TxW1prx4esA&amp;oe=6A9DF0B9&quot;,&quot;150&quot;:&quot;https:\\\/\\\/scontent-man2-1.cdninstagram.com\\\/v\\\/t51.82787-15\\\/774744788_18451351774138141_447238121592790887_n.jpg?stp=dst-jpg_e35_tt6&amp;_nc_cat=108&amp;ccb=7-5&amp;_nc_sid=18de74&amp;efg=eyJlZmdfdGFnIjoiQ0FST1VTRUxfSVRFTS5iZXN0X2ltYWdlX3VybGdlbi5DMyJ9&amp;_nc_ohc=er_XkdtlyQ4Q7kNvwFJ-KSR&amp;_nc_oc=AdrVpDaBImRZQVG-UU3xIZs_-MM0BGuTGBc3V-FYt_ONq23oCBSSWjz0RYtQRrKhOegEaLWxlaFgds2RQt2hKkzi&amp;_nc_zt=23&amp;_nc_ht=scontent-man2-1.cdninstagram.com&amp;edm=AM6HXa8EAAAA&amp;_nc_gid=enF5mRqYjHYqNhL5qdhohg&amp;oh=00_AQIt7h5u3Y73cL_6lFWy4Zc7QfKe_Onfmm-TxW1prx4esA&amp;oe=6A9DF0B9&quot;,&quot;320&quot;:&quot;https:\\\/\\\/scontent-man2-1.cdninstagram.com\\\/v\\\/t51.82787-15\\\/774744788_18451351774138141_447238121592790887_n.jpg?stp=dst-jpg_e35_tt6&amp;_nc_cat=108&amp;ccb=7-5&amp;_nc_sid=18de74&amp;efg=eyJlZmdfdGFnIjoiQ0FST1VTRUxfSVRFTS5iZXN0X2ltYWdlX3VybGdlbi5DMyJ9&amp;_nc_ohc=er_XkdtlyQ4Q7kNvwFJ-KSR&amp;_nc_oc=AdrVpDaBImRZQVG-UU3xIZs_-MM0BGuTGBc3V-FYt_ONq23oCBSSWjz0RYtQRrKhOegEaLWxlaFgds2RQt2hKkzi&amp;_nc_zt=23&amp;_nc_ht=scontent-man2-1.cdninstagram.com&amp;edm=AM6HXa8EAAAA&amp;_nc_gid=enF5mRqYjHYqNhL5qdhohg&amp;oh=00_AQIt7h5u3Y73cL_6lFWy4Zc7QfKe_Onfmm-TxW1prx4esA&amp;oe=6A9DF0B9&quot;,&quot;640&quot;:&quot;https:\\\/\\\/scontent-man2-1.cdninstagram.com\\\/v\\\/t51.82787-15\\\/774744788_18451351774138141_447238121592790887_n.jpg?stp=dst-jpg_e35_tt6&amp;_nc_cat=108&amp;ccb=7-5&amp;_nc_sid=18de74&amp;efg=eyJlZmdfdGFnIjoiQ0FST1VTRUxfSVRFTS5iZXN0X2ltYWdlX3VybGdlbi5DMyJ9&amp;_nc_ohc=er_XkdtlyQ4Q7kNvwFJ-KSR&amp;_nc_oc=AdrVpDaBImRZQVG-UU3xIZs_-MM0BGuTGBc3V-FYt_ONq23oCBSSWjz0RYtQRrKhOegEaLWxlaFgds2RQt2hKkzi&amp;_nc_zt=23&amp;_nc_ht=scontent-man2-1.cdninstagram.com&amp;edm=AM6HXa8EAAAA&amp;_nc_gid=enF5mRqYjHYqNhL5qdhohg&amp;oh=00_AQIt7h5u3Y73cL_6lFWy4Zc7QfKe_Onfmm-TxW1prx4esA&amp;oe=6A9DF0B9&quot;}\">\n\t\t\t<span class=\"sbi-screenreader\">Uma casa desenhada a partir do lugar, onde arquite<\/span>\n\t\t\t<svg class=\"svg-inline--fa fa-clone fa-w-16 sbi_lightbox_carousel_icon\" aria-hidden=\"true\" aria-label=\"Clone\" data-fa-pro\u0192cessed=\"\" data-prefix=\"far\" data-icon=\"clone\" role=\"img\" xmlns=\"http:\/\/www.w3.org\/2000\/svg\" viewBox=\"0 0 512 512\">\n                    <path fill=\"currentColor\" d=\"M464 0H144c-26.51 0-48 21.49-48 48v48H48c-26.51 0-48 21.49-48 48v320c0 26.51 21.49 48 48 48h320c26.51 0 48-21.49 48-48v-48h48c26.51 0 48-21.49 48-48V48c0-26.51-21.49-48-48-48zM362 464H54a6 6 0 0 1-6-6V150a6 6 0 0 1 6-6h42v224c0 26.51 21.49 48 48 48h224v42a6 6 0 0 1-6 6zm96-96H150a6 6 0 0 1-6-6V54a6 6 0 0 1 6-6h308a6 6 0 0 1 6 6v308a6 6 0 0 1-6 6z\"><\/path>\n                <\/svg>\t\t\t\t\t\t<img decoding=\"async\" src=\"https:\/\/mjarc.com\/wp-content\/plugins\/instagram-feed\/img\/placeholder.png\" alt=\"Uma casa desenhada a partir do lugar, onde arquitetura, paisagem e habitar se tornam indissoci\u00e1veis.\n\nEm Miramar, a implanta\u00e7\u00e3o da moradia nasce de uma leitura cuidada do terreno, procurando a melhor exposi\u00e7\u00e3o solar e uma rela\u00e7\u00e3o cont\u00ednua com o jardim e a paisagem, sem abdicar da privacidade.\n\nA estrutura come\u00e7a a revelar a identidade da casa: uma geometria fluida, marcada pela continuidade dos espa\u00e7os e por uma rela\u00e7\u00e3o constante com o exterior.\n\nAinda em obra, mas j\u00e1 \u00e9 poss\u00edvel antecipar a forma como luz, mat\u00e9ria e paisagem ir\u00e3o definir a experi\u00eancia de habitar. Mais em breve.\n\n#mjarcarquitectos #architecture #miramar #contemporaryhouse #residentialarchitecture\" aria-hidden=\"true\">\n\t\t<\/a>\n\t<\/div>\n<\/div><div class=\"sbi_item sbi_type_carousel sbi_new sbi_transition\"\n\tid=\"sbi_18010784441748586\" data-date=\"1787340601\">\n\t<div class=\"sbi_photo_wrap\">\n\t\t<a class=\"sbi_photo\" href=\"https:\/\/www.instagram.com\/p\/DcUF5bHDN9i\/\" target=\"_blank\" rel=\"noopener nofollow\"\n\t\t\tdata-full-res=\"https:\/\/scontent-man2-1.cdninstagram.com\/v\/t51.82787-15\/775973179_18451344922138141_6033954647474252724_n.jpg?stp=dst-jpg_e35_tt6&#038;_nc_cat=108&#038;ccb=7-5&#038;_nc_sid=18de74&#038;efg=eyJlZmdfdGFnIjoiQ0FST1VTRUxfSVRFTS5iZXN0X2ltYWdlX3VybGdlbi5DMyJ9&#038;_nc_ohc=0ZKNFNF5iV0Q7kNvwEJyHvz&#038;_nc_oc=AdrDb8tMJUCAWU60M5yN09eAwoAryXtqpQjy9Jds9-nLDqEp3FBSl-HOhF4Iuvtnf51LqnowumpJZaS8V5p_vwKo&#038;_nc_zt=23&#038;_nc_ht=scontent-man2-1.cdninstagram.com&#038;edm=AM6HXa8EAAAA&#038;_nc_gid=enF5mRqYjHYqNhL5qdhohg&#038;oh=00_AQIAfnRC7Zx2CaotEQ3s49Vpt8LQ4UGpP2P5VeFO8fxLHw&#038;oe=6A9DDF56\"\n\t\t\tdata-img-src-set=\"{&quot;d&quot;:&quot;https:\\\/\\\/scontent-man2-1.cdninstagram.com\\\/v\\\/t51.82787-15\\\/775973179_18451344922138141_6033954647474252724_n.jpg?stp=dst-jpg_e35_tt6&amp;_nc_cat=108&amp;ccb=7-5&amp;_nc_sid=18de74&amp;efg=eyJlZmdfdGFnIjoiQ0FST1VTRUxfSVRFTS5iZXN0X2ltYWdlX3VybGdlbi5DMyJ9&amp;_nc_ohc=0ZKNFNF5iV0Q7kNvwEJyHvz&amp;_nc_oc=AdrDb8tMJUCAWU60M5yN09eAwoAryXtqpQjy9Jds9-nLDqEp3FBSl-HOhF4Iuvtnf51LqnowumpJZaS8V5p_vwKo&amp;_nc_zt=23&amp;_nc_ht=scontent-man2-1.cdninstagram.com&amp;edm=AM6HXa8EAAAA&amp;_nc_gid=enF5mRqYjHYqNhL5qdhohg&amp;oh=00_AQIAfnRC7Zx2CaotEQ3s49Vpt8LQ4UGpP2P5VeFO8fxLHw&amp;oe=6A9DDF56&quot;,&quot;150&quot;:&quot;https:\\\/\\\/scontent-man2-1.cdninstagram.com\\\/v\\\/t51.82787-15\\\/775973179_18451344922138141_6033954647474252724_n.jpg?stp=dst-jpg_e35_tt6&amp;_nc_cat=108&amp;ccb=7-5&amp;_nc_sid=18de74&amp;efg=eyJlZmdfdGFnIjoiQ0FST1VTRUxfSVRFTS5iZXN0X2ltYWdlX3VybGdlbi5DMyJ9&amp;_nc_ohc=0ZKNFNF5iV0Q7kNvwEJyHvz&amp;_nc_oc=AdrDb8tMJUCAWU60M5yN09eAwoAryXtqpQjy9Jds9-nLDqEp3FBSl-HOhF4Iuvtnf51LqnowumpJZaS8V5p_vwKo&amp;_nc_zt=23&amp;_nc_ht=scontent-man2-1.cdninstagram.com&amp;edm=AM6HXa8EAAAA&amp;_nc_gid=enF5mRqYjHYqNhL5qdhohg&amp;oh=00_AQIAfnRC7Zx2CaotEQ3s49Vpt8LQ4UGpP2P5VeFO8fxLHw&amp;oe=6A9DDF56&quot;,&quot;320&quot;:&quot;https:\\\/\\\/scontent-man2-1.cdninstagram.com\\\/v\\\/t51.82787-15\\\/775973179_18451344922138141_6033954647474252724_n.jpg?stp=dst-jpg_e35_tt6&amp;_nc_cat=108&amp;ccb=7-5&amp;_nc_sid=18de74&amp;efg=eyJlZmdfdGFnIjoiQ0FST1VTRUxfSVRFTS5iZXN0X2ltYWdlX3VybGdlbi5DMyJ9&amp;_nc_ohc=0ZKNFNF5iV0Q7kNvwEJyHvz&amp;_nc_oc=AdrDb8tMJUCAWU60M5yN09eAwoAryXtqpQjy9Jds9-nLDqEp3FBSl-HOhF4Iuvtnf51LqnowumpJZaS8V5p_vwKo&amp;_nc_zt=23&amp;_nc_ht=scontent-man2-1.cdninstagram.com&amp;edm=AM6HXa8EAAAA&amp;_nc_gid=enF5mRqYjHYqNhL5qdhohg&amp;oh=00_AQIAfnRC7Zx2CaotEQ3s49Vpt8LQ4UGpP2P5VeFO8fxLHw&amp;oe=6A9DDF56&quot;,&quot;640&quot;:&quot;https:\\\/\\\/scontent-man2-1.cdninstagram.com\\\/v\\\/t51.82787-15\\\/775973179_18451344922138141_6033954647474252724_n.jpg?stp=dst-jpg_e35_tt6&amp;_nc_cat=108&amp;ccb=7-5&amp;_nc_sid=18de74&amp;efg=eyJlZmdfdGFnIjoiQ0FST1VTRUxfSVRFTS5iZXN0X2ltYWdlX3VybGdlbi5DMyJ9&amp;_nc_ohc=0ZKNFNF5iV0Q7kNvwEJyHvz&amp;_nc_oc=AdrDb8tMJUCAWU60M5yN09eAwoAryXtqpQjy9Jds9-nLDqEp3FBSl-HOhF4Iuvtnf51LqnowumpJZaS8V5p_vwKo&amp;_nc_zt=23&amp;_nc_ht=scontent-man2-1.cdninstagram.com&amp;edm=AM6HXa8EAAAA&amp;_nc_gid=enF5mRqYjHYqNhL5qdhohg&amp;oh=00_AQIAfnRC7Zx2CaotEQ3s49Vpt8LQ4UGpP2P5VeFO8fxLHw&amp;oe=6A9DDF56&quot;}\">\n\t\t\t<span class=\"sbi-screenreader\">Imersa num bosque, a Casa de Ribeira Quebrada acom<\/span>\n\t\t\t<svg class=\"svg-inline--fa fa-clone fa-w-16 sbi_lightbox_carousel_icon\" aria-hidden=\"true\" aria-label=\"Clone\" data-fa-pro\u0192cessed=\"\" data-prefix=\"far\" data-icon=\"clone\" role=\"img\" xmlns=\"http:\/\/www.w3.org\/2000\/svg\" viewBox=\"0 0 512 512\">\n                    <path fill=\"currentColor\" d=\"M464 0H144c-26.51 0-48 21.49-48 48v48H48c-26.51 0-48 21.49-48 48v320c0 26.51 21.49 48 48 48h320c26.51 0 48-21.49 48-48v-48h48c26.51 0 48-21.49 48-48V48c0-26.51-21.49-48-48-48zM362 464H54a6 6 0 0 1-6-6V150a6 6 0 0 1 6-6h42v224c0 26.51 21.49 48 48 48h224v42a6 6 0 0 1-6 6zm96-96H150a6 6 0 0 1-6-6V54a6 6 0 0 1 6-6h308a6 6 0 0 1 6 6v308a6 6 0 0 1-6 6z\"><\/path>\n                <\/svg>\t\t\t\t\t\t<img decoding=\"async\" src=\"https:\/\/mjarc.com\/wp-content\/plugins\/instagram-feed\/img\/placeholder.png\" alt=\"Imersa num bosque, a Casa de Ribeira Quebrada acompanha a topografia da montanha atrav\u00e9s de uma geometria irregular, pensada para se adaptar ao terreno e oferecer, a partir de cada espa\u00e7o, uma rela\u00e7\u00e3o distinta com a paisagem.\n\nA arquitetura constr\u00f3i-se tamb\u00e9m atrav\u00e9s da luz. As aberturas, os recuos e a pr\u00f3pria configura\u00e7\u00e3o dos volumes criam um jogo cont\u00ednuo de luz e sombra no interior, alterando a perce\u00e7\u00e3o dos espa\u00e7os ao longo do dia e tornando a viv\u00eancia da casa mais sensorial e din\u00e2mica.\n\nA paisagem n\u00e3o surge apenas como pano de fundo: entra na casa atrav\u00e9s dos enquadramentos, da luz filtrada pela vegeta\u00e7\u00e3o e das diferentes perspetivas que acompanham o percurso. Interior e exterior aproximam-se, refor\u00e7ando uma experi\u00eancia de habitar profundamente ligada ao lugar.\n\nEstas imagens registam uma fase anterior da obra. Hoje, o projeto aproxima-se da conclus\u00e3o \u2014 e em breve teremos mais para revelar sobre este projeto\u2028\u2028#ArquiteturaContempor\u00e2nea #ArchitectureInNature #ArquiteturaResidencial #mjarc\" aria-hidden=\"true\">\n\t\t<\/a>\n\t<\/div>\n<\/div><div class=\"sbi_item sbi_type_carousel sbi_new sbi_transition\"\n\tid=\"sbi_18236840596315232\" data-date=\"1787079602\">\n\t<div class=\"sbi_photo_wrap\">\n\t\t<a class=\"sbi_photo\" href=\"https:\/\/www.instagram.com\/p\/DcMUHefDLJv\/\" target=\"_blank\" rel=\"noopener nofollow\"\n\t\t\tdata-full-res=\"https:\/\/scontent-man2-1.cdninstagram.com\/v\/t51.82787-15\/774157254_18451346767138141_5984200631002966954_n.jpg?stp=dst-jpg_e35_tt6&#038;_nc_cat=106&#038;ccb=7-5&#038;_nc_sid=18de74&#038;efg=eyJlZmdfdGFnIjoiQ0FST1VTRUxfSVRFTS5iZXN0X2ltYWdlX3VybGdlbi5DMyJ9&#038;_nc_ohc=CztXf_zo6bsQ7kNvwGXAUGA&#038;_nc_oc=AdosaTTERu3Sga5eU0jP66hsJkXAhKbJ69ismrdVYXPC2M3M_hLC3nw9uKtJlbS2IZqC3D3vZy63_o2tdvxgBgPE&#038;_nc_zt=23&#038;_nc_ht=scontent-man2-1.cdninstagram.com&#038;edm=AM6HXa8EAAAA&#038;_nc_gid=enF5mRqYjHYqNhL5qdhohg&#038;oh=00_AQIXho41et6kWzJRz3BXerw3GriQq_kfZ1IvkIIQhBFugA&#038;oe=6A9DEF23\"\n\t\t\tdata-img-src-set=\"{&quot;d&quot;:&quot;https:\\\/\\\/scontent-man2-1.cdninstagram.com\\\/v\\\/t51.82787-15\\\/774157254_18451346767138141_5984200631002966954_n.jpg?stp=dst-jpg_e35_tt6&amp;_nc_cat=106&amp;ccb=7-5&amp;_nc_sid=18de74&amp;efg=eyJlZmdfdGFnIjoiQ0FST1VTRUxfSVRFTS5iZXN0X2ltYWdlX3VybGdlbi5DMyJ9&amp;_nc_ohc=CztXf_zo6bsQ7kNvwGXAUGA&amp;_nc_oc=AdosaTTERu3Sga5eU0jP66hsJkXAhKbJ69ismrdVYXPC2M3M_hLC3nw9uKtJlbS2IZqC3D3vZy63_o2tdvxgBgPE&amp;_nc_zt=23&amp;_nc_ht=scontent-man2-1.cdninstagram.com&amp;edm=AM6HXa8EAAAA&amp;_nc_gid=enF5mRqYjHYqNhL5qdhohg&amp;oh=00_AQIXho41et6kWzJRz3BXerw3GriQq_kfZ1IvkIIQhBFugA&amp;oe=6A9DEF23&quot;,&quot;150&quot;:&quot;https:\\\/\\\/scontent-man2-1.cdninstagram.com\\\/v\\\/t51.82787-15\\\/774157254_18451346767138141_5984200631002966954_n.jpg?stp=dst-jpg_e35_tt6&amp;_nc_cat=106&amp;ccb=7-5&amp;_nc_sid=18de74&amp;efg=eyJlZmdfdGFnIjoiQ0FST1VTRUxfSVRFTS5iZXN0X2ltYWdlX3VybGdlbi5DMyJ9&amp;_nc_ohc=CztXf_zo6bsQ7kNvwGXAUGA&amp;_nc_oc=AdosaTTERu3Sga5eU0jP66hsJkXAhKbJ69ismrdVYXPC2M3M_hLC3nw9uKtJlbS2IZqC3D3vZy63_o2tdvxgBgPE&amp;_nc_zt=23&amp;_nc_ht=scontent-man2-1.cdninstagram.com&amp;edm=AM6HXa8EAAAA&amp;_nc_gid=enF5mRqYjHYqNhL5qdhohg&amp;oh=00_AQIXho41et6kWzJRz3BXerw3GriQq_kfZ1IvkIIQhBFugA&amp;oe=6A9DEF23&quot;,&quot;320&quot;:&quot;https:\\\/\\\/scontent-man2-1.cdninstagram.com\\\/v\\\/t51.82787-15\\\/774157254_18451346767138141_5984200631002966954_n.jpg?stp=dst-jpg_e35_tt6&amp;_nc_cat=106&amp;ccb=7-5&amp;_nc_sid=18de74&amp;efg=eyJlZmdfdGFnIjoiQ0FST1VTRUxfSVRFTS5iZXN0X2ltYWdlX3VybGdlbi5DMyJ9&amp;_nc_ohc=CztXf_zo6bsQ7kNvwGXAUGA&amp;_nc_oc=AdosaTTERu3Sga5eU0jP66hsJkXAhKbJ69ismrdVYXPC2M3M_hLC3nw9uKtJlbS2IZqC3D3vZy63_o2tdvxgBgPE&amp;_nc_zt=23&amp;_nc_ht=scontent-man2-1.cdninstagram.com&amp;edm=AM6HXa8EAAAA&amp;_nc_gid=enF5mRqYjHYqNhL5qdhohg&amp;oh=00_AQIXho41et6kWzJRz3BXerw3GriQq_kfZ1IvkIIQhBFugA&amp;oe=6A9DEF23&quot;,&quot;640&quot;:&quot;https:\\\/\\\/scontent-man2-1.cdninstagram.com\\\/v\\\/t51.82787-15\\\/774157254_18451346767138141_5984200631002966954_n.jpg?stp=dst-jpg_e35_tt6&amp;_nc_cat=106&amp;ccb=7-5&amp;_nc_sid=18de74&amp;efg=eyJlZmdfdGFnIjoiQ0FST1VTRUxfSVRFTS5iZXN0X2ltYWdlX3VybGdlbi5DMyJ9&amp;_nc_ohc=CztXf_zo6bsQ7kNvwGXAUGA&amp;_nc_oc=AdosaTTERu3Sga5eU0jP66hsJkXAhKbJ69ismrdVYXPC2M3M_hLC3nw9uKtJlbS2IZqC3D3vZy63_o2tdvxgBgPE&amp;_nc_zt=23&amp;_nc_ht=scontent-man2-1.cdninstagram.com&amp;edm=AM6HXa8EAAAA&amp;_nc_gid=enF5mRqYjHYqNhL5qdhohg&amp;oh=00_AQIXho41et6kWzJRz3BXerw3GriQq_kfZ1IvkIIQhBFugA&amp;oe=6A9DEF23&quot;}\">\n\t\t\t<span class=\"sbi-screenreader\">Casa de Fontes Habita\u00e7\u00e3o pr\u00f3pria | Reabilita\u00e7\u00e3o |<\/span>\n\t\t\t<svg class=\"svg-inline--fa fa-clone fa-w-16 sbi_lightbox_carousel_icon\" aria-hidden=\"true\" aria-label=\"Clone\" data-fa-pro\u0192cessed=\"\" data-prefix=\"far\" data-icon=\"clone\" role=\"img\" xmlns=\"http:\/\/www.w3.org\/2000\/svg\" viewBox=\"0 0 512 512\">\n                    <path fill=\"currentColor\" d=\"M464 0H144c-26.51 0-48 21.49-48 48v48H48c-26.51 0-48 21.49-48 48v320c0 26.51 21.49 48 48 48h320c26.51 0 48-21.49 48-48v-48h48c26.51 0 48-21.49 48-48V48c0-26.51-21.49-48-48-48zM362 464H54a6 6 0 0 1-6-6V150a6 6 0 0 1 6-6h42v224c0 26.51 21.49 48 48 48h224v42a6 6 0 0 1-6 6zm96-96H150a6 6 0 0 1-6-6V54a6 6 0 0 1 6-6h308a6 6 0 0 1 6 6v308a6 6 0 0 1-6 6z\"><\/path>\n                <\/svg>\t\t\t\t\t\t<img decoding=\"async\" src=\"https:\/\/mjarc.com\/wp-content\/plugins\/instagram-feed\/img\/placeholder.png\" alt=\"Casa de Fontes\nHabita\u00e7\u00e3o pr\u00f3pria | Reabilita\u00e7\u00e3o | Arquitetura residencial\n\nNa Casa de Fontes, a reabilita\u00e7\u00e3o revela-se na passagem entre o que a casa foi e aquilo que agora se tornou.\n\nEntre estrutura existente, luz natural e novos gestos de projeto, esta habita\u00e7\u00e3o ganhou uma nova vida.\n\nA ideia geral foi dotar a casa do conforto exigido ao n\u00edvel t\u00e9rmico e ac\u00fastico sem perder a mem\u00f3ria e identidade da casa.\n\n#arquitetura #modernhousedesign #mjarc\" aria-hidden=\"true\">\n\t\t<\/a>\n\t<\/div>\n<\/div><div class=\"sbi_item sbi_type_image sbi_new sbi_transition\"\n\tid=\"sbi_18439369960123586\" data-date=\"1786728604\">\n\t<div class=\"sbi_photo_wrap\">\n\t\t<a class=\"sbi_photo\" href=\"https:\/\/www.instagram.com\/p\/DcBhr7dx_Y8\/\" target=\"_blank\" rel=\"noopener nofollow\"\n\t\t\tdata-full-res=\"https:\/\/scontent-man2-1.cdninstagram.com\/v\/t51.82787-15\/776222655_18451347931138141_1485610562200525650_n.jpg?stp=dst-jpg_e35_tt6&#038;_nc_cat=105&#038;ccb=7-5&#038;_nc_sid=18de74&#038;efg=eyJlZmdfdGFnIjoiRkVFRC5iZXN0X2ltYWdlX3VybGdlbi5DMyJ9&#038;_nc_ohc=F9It6MYaZrEQ7kNvwH3AvyM&#038;_nc_oc=AdpSbfxWESzjzTq7hKTAnuLc7iVJ3HHew-0ujGz1u3G6iu75LNe25uibBSovfF0DZoEvZUJBvximJ-_llz8NfNfU&#038;_nc_zt=23&#038;_nc_ht=scontent-man2-1.cdninstagram.com&#038;edm=AM6HXa8EAAAA&#038;_nc_gid=enF5mRqYjHYqNhL5qdhohg&#038;oh=00_AQIeuQKUWRmhboFIGau9GDyTPt-HxgcRX02bp8k6hyzv5Q&#038;oe=6A9E003B\"\n\t\t\tdata-img-src-set=\"{&quot;d&quot;:&quot;https:\\\/\\\/scontent-man2-1.cdninstagram.com\\\/v\\\/t51.82787-15\\\/776222655_18451347931138141_1485610562200525650_n.jpg?stp=dst-jpg_e35_tt6&amp;_nc_cat=105&amp;ccb=7-5&amp;_nc_sid=18de74&amp;efg=eyJlZmdfdGFnIjoiRkVFRC5iZXN0X2ltYWdlX3VybGdlbi5DMyJ9&amp;_nc_ohc=F9It6MYaZrEQ7kNvwH3AvyM&amp;_nc_oc=AdpSbfxWESzjzTq7hKTAnuLc7iVJ3HHew-0ujGz1u3G6iu75LNe25uibBSovfF0DZoEvZUJBvximJ-_llz8NfNfU&amp;_nc_zt=23&amp;_nc_ht=scontent-man2-1.cdninstagram.com&amp;edm=AM6HXa8EAAAA&amp;_nc_gid=enF5mRqYjHYqNhL5qdhohg&amp;oh=00_AQIeuQKUWRmhboFIGau9GDyTPt-HxgcRX02bp8k6hyzv5Q&amp;oe=6A9E003B&quot;,&quot;150&quot;:&quot;https:\\\/\\\/scontent-man2-1.cdninstagram.com\\\/v\\\/t51.82787-15\\\/776222655_18451347931138141_1485610562200525650_n.jpg?stp=dst-jpg_e35_tt6&amp;_nc_cat=105&amp;ccb=7-5&amp;_nc_sid=18de74&amp;efg=eyJlZmdfdGFnIjoiRkVFRC5iZXN0X2ltYWdlX3VybGdlbi5DMyJ9&amp;_nc_ohc=F9It6MYaZrEQ7kNvwH3AvyM&amp;_nc_oc=AdpSbfxWESzjzTq7hKTAnuLc7iVJ3HHew-0ujGz1u3G6iu75LNe25uibBSovfF0DZoEvZUJBvximJ-_llz8NfNfU&amp;_nc_zt=23&amp;_nc_ht=scontent-man2-1.cdninstagram.com&amp;edm=AM6HXa8EAAAA&amp;_nc_gid=enF5mRqYjHYqNhL5qdhohg&amp;oh=00_AQIeuQKUWRmhboFIGau9GDyTPt-HxgcRX02bp8k6hyzv5Q&amp;oe=6A9E003B&quot;,&quot;320&quot;:&quot;https:\\\/\\\/scontent-man2-1.cdninstagram.com\\\/v\\\/t51.82787-15\\\/776222655_18451347931138141_1485610562200525650_n.jpg?stp=dst-jpg_e35_tt6&amp;_nc_cat=105&amp;ccb=7-5&amp;_nc_sid=18de74&amp;efg=eyJlZmdfdGFnIjoiRkVFRC5iZXN0X2ltYWdlX3VybGdlbi5DMyJ9&amp;_nc_ohc=F9It6MYaZrEQ7kNvwH3AvyM&amp;_nc_oc=AdpSbfxWESzjzTq7hKTAnuLc7iVJ3HHew-0ujGz1u3G6iu75LNe25uibBSovfF0DZoEvZUJBvximJ-_llz8NfNfU&amp;_nc_zt=23&amp;_nc_ht=scontent-man2-1.cdninstagram.com&amp;edm=AM6HXa8EAAAA&amp;_nc_gid=enF5mRqYjHYqNhL5qdhohg&amp;oh=00_AQIeuQKUWRmhboFIGau9GDyTPt-HxgcRX02bp8k6hyzv5Q&amp;oe=6A9E003B&quot;,&quot;640&quot;:&quot;https:\\\/\\\/scontent-man2-1.cdninstagram.com\\\/v\\\/t51.82787-15\\\/776222655_18451347931138141_1485610562200525650_n.jpg?stp=dst-jpg_e35_tt6&amp;_nc_cat=105&amp;ccb=7-5&amp;_nc_sid=18de74&amp;efg=eyJlZmdfdGFnIjoiRkVFRC5iZXN0X2ltYWdlX3VybGdlbi5DMyJ9&amp;_nc_ohc=F9It6MYaZrEQ7kNvwH3AvyM&amp;_nc_oc=AdpSbfxWESzjzTq7hKTAnuLc7iVJ3HHew-0ujGz1u3G6iu75LNe25uibBSovfF0DZoEvZUJBvximJ-_llz8NfNfU&amp;_nc_zt=23&amp;_nc_ht=scontent-man2-1.cdninstagram.com&amp;edm=AM6HXa8EAAAA&amp;_nc_gid=enF5mRqYjHYqNhL5qdhohg&amp;oh=00_AQIeuQKUWRmhboFIGau9GDyTPt-HxgcRX02bp8k6hyzv5Q&amp;oe=6A9E003B&quot;}\">\n\t\t\t<span class=\"sbi-screenreader\">Chegou a nossa habitual pausa de ver\u00e3o.  Entre 17<\/span>\n\t\t\t\t\t\t\t\t\t<img decoding=\"async\" src=\"https:\/\/mjarc.com\/wp-content\/plugins\/instagram-feed\/img\/placeholder.png\" alt=\"Chegou a nossa habitual pausa de ver\u00e3o.\n\nEntre 17 de agosto e 1 de setembro, o atelier abranda o ritmo para alguns dias de descanso, antes de regressarmos aos projetos, \u00e0s obras e a tudo o que ainda est\u00e1 por revelar com o mesmo olhar atento sobre os lugares que habitamos.\n\nVoltamos dia 2 de setembro, com as energias renovadas.\n\n#mjarc\" aria-hidden=\"true\">\n\t\t<\/a>\n\t<\/div>\n<\/div>\t<\/div>\n\n\t<div id=\"sbi_load\" >\n\n\t\n\t\n<\/div>\n\t\t<span class=\"sbi_resized_image_data\" data-feed-id=\"*1\"\n\t\t  data-resized=\"{&quot;18439369960123586&quot;:{&quot;id&quot;:&quot;776222655_18451347931138141_1485610562200525650_n&quot;,&quot;ratio&quot;:&quot;1.50&quot;,&quot;sizes&quot;:{&quot;full&quot;:640,&quot;low&quot;:320,&quot;thumb&quot;:150},&quot;extension&quot;:&quot;.webp&quot;},&quot;18236840596315232&quot;:{&quot;id&quot;:&quot;774157254_18451346767138141_5984200631002966954_n&quot;,&quot;ratio&quot;:&quot;0.80&quot;,&quot;sizes&quot;:{&quot;full&quot;:640,&quot;low&quot;:320,&quot;thumb&quot;:150},&quot;extension&quot;:&quot;.webp&quot;},&quot;18010784441748586&quot;:{&quot;id&quot;:&quot;775973179_18451344922138141_6033954647474252724_n&quot;,&quot;ratio&quot;:&quot;0.80&quot;,&quot;sizes&quot;:{&quot;full&quot;:640,&quot;low&quot;:320,&quot;thumb&quot;:150},&quot;extension&quot;:&quot;.webp&quot;},&quot;18221186785334778&quot;:{&quot;id&quot;:&quot;774744788_18451351774138141_447238121592790887_n&quot;,&quot;ratio&quot;:&quot;0.80&quot;,&quot;sizes&quot;:{&quot;full&quot;:640,&quot;low&quot;:320,&quot;thumb&quot;:150},&quot;extension&quot;:&quot;.webp&quot;},&quot;18408852721158899&quot;:{&quot;id&quot;:&quot;774266100_18451368553138141_1269606107911580581_n&quot;,&quot;ratio&quot;:&quot;0.80&quot;,&quot;sizes&quot;:{&quot;full&quot;:640,&quot;low&quot;:320,&quot;thumb&quot;:150},&quot;extension&quot;:&quot;.webp&quot;},&quot;18017518355873051&quot;:{&quot;id&quot;:&quot;775834655_18451350598138141_8285814029999771694_n&quot;,&quot;ratio&quot;:&quot;0.75&quot;,&quot;sizes&quot;:{&quot;full&quot;:640,&quot;low&quot;:320,&quot;thumb&quot;:150},&quot;extension&quot;:&quot;.webp&quot;}}\">\n\t<\/span>\n\t<\/div>\n\n[\/vc_column_text][\/vc_column][\/vc_row]<\/p>\n","protected":false},"excerpt":{"rendered":"<p>[vc_row el_class=\u00a0\u00bbnewpress\u00a0\u00bb][vc_column][vc_column_text] [\/vc_column_text][\/vc_column][\/vc_row][vc_row full_width=\u00a0\u00bbstretch_row\u00a0\u00bb el_class=\u00a0\u00bbinstafeed\u00a0\u00bb][vc_column][vc_column_text][\/vc_column_text][\/vc_column][\/vc_row]<\/p>\n","protected":false},"author":1,"featured_media":0,"parent":0,"menu_order":0,"comment_status":"closed","ping_status":"closed","template":"","meta":{"_monsterinsights_skip_tracking":false,"footnotes":""},"class_list":["post-15265","page","type-page","status-publish","hentry"],"yoast_head":"<!-- This site is optimized with the Yoast SEO plugin v28.2 - https:\/\/yoast.com\/product\/yoast-seo-wordpress\/ -->\n<title>Prix d\u2019Architecture - MJARC Architectes<\/title>\n<meta name=\"description\" content=\"D\u00e9couvrez les prix internationaux d\u2019architecture remport\u00e9s par MJARC, t\u00e9moignant de l\u2019excellence, de l\u2019innovation et de la qualit\u00e9 de ses projets architecturaux.\" \/>\n<meta name=\"robots\" content=\"index, follow, max-snippet:-1, max-image-preview:large, max-video-preview:-1\" \/>\n<link rel=\"canonical\" href=\"https:\/\/mjarc.com\/fr\/recompenses\/\" \/>\n<meta property=\"og:locale\" content=\"fr_FR\" \/>\n<meta property=\"og:type\" content=\"article\" \/>\n<meta property=\"og:title\" content=\"Prix d\u2019Architecture - MJARC Architectes\" \/>\n<meta property=\"og:description\" content=\"D\u00e9couvrez les prix internationaux d\u2019architecture remport\u00e9s par MJARC, t\u00e9moignant de l\u2019excellence, de l\u2019innovation et de la qualit\u00e9 de ses projets architecturaux.\" \/>\n<meta property=\"og:url\" content=\"https:\/\/mjarc.com\/fr\/recompenses\/\" \/>\n<meta property=\"og:site_name\" content=\"Mjarc\" \/>\n<meta property=\"article:publisher\" content=\"https:\/\/www.facebook.com\/mjarc.arquitectos\/\" \/>\n<meta property=\"article:modified_time\" content=\"2026-01-14T13:04:35+00:00\" \/>\n<meta name=\"twitter:card\" content=\"summary_large_image\" \/>\n<meta name=\"twitter:label1\" content=\"Dur\u00e9e de lecture estim\u00e9e\" \/>\n\t<meta name=\"twitter:data1\" content=\"1 minute\" \/>\n<script type=\"application\/ld+json\" class=\"yoast-schema-graph\">{\"@context\":\"https:\\\/\\\/schema.org\",\"@graph\":[{\"@type\":\"WebPage\",\"@id\":\"https:\\\/\\\/mjarc.com\\\/fr\\\/recompenses\\\/\",\"url\":\"https:\\\/\\\/mjarc.com\\\/fr\\\/recompenses\\\/\",\"name\":\"Prix d\u2019Architecture - MJARC Architectes\",\"isPartOf\":{\"@id\":\"https:\\\/\\\/mjarc.com\\\/fr\\\/#website\"},\"datePublished\":\"2025-09-30T07:37:45+00:00\",\"dateModified\":\"2026-01-14T13:04:35+00:00\",\"description\":\"D\u00e9couvrez les prix internationaux d\u2019architecture remport\u00e9s par MJARC, t\u00e9moignant de l\u2019excellence, de l\u2019innovation et de la qualit\u00e9 de ses projets architecturaux.\",\"breadcrumb\":{\"@id\":\"https:\\\/\\\/mjarc.com\\\/fr\\\/recompenses\\\/#breadcrumb\"},\"inLanguage\":\"fr-FR\",\"potentialAction\":[{\"@type\":\"ReadAction\",\"target\":[\"https:\\\/\\\/mjarc.com\\\/fr\\\/recompenses\\\/\"]}]},{\"@type\":\"BreadcrumbList\",\"@id\":\"https:\\\/\\\/mjarc.com\\\/fr\\\/recompenses\\\/#breadcrumb\",\"itemListElement\":[{\"@type\":\"ListItem\",\"position\":1,\"name\":\"In\u00edcio\",\"item\":\"https:\\\/\\\/mjarc.com\\\/fr\\\/\"},{\"@type\":\"ListItem\",\"position\":2,\"name\":\"Prix d\u2019Architecture\"}]},{\"@type\":\"WebSite\",\"@id\":\"https:\\\/\\\/mjarc.com\\\/fr\\\/#website\",\"url\":\"https:\\\/\\\/mjarc.com\\\/fr\\\/\",\"name\":\"Mjarc\",\"description\":\"\",\"publisher\":{\"@id\":\"https:\\\/\\\/mjarc.com\\\/fr\\\/#organization\"},\"potentialAction\":[{\"@type\":\"SearchAction\",\"target\":{\"@type\":\"EntryPoint\",\"urlTemplate\":\"https:\\\/\\\/mjarc.com\\\/fr\\\/?s={search_term_string}\"},\"query-input\":{\"@type\":\"PropertyValueSpecification\",\"valueRequired\":true,\"valueName\":\"search_term_string\"}}],\"inLanguage\":\"fr-FR\"},{\"@type\":\"Organization\",\"@id\":\"https:\\\/\\\/mjarc.com\\\/fr\\\/#organization\",\"name\":\"Mjarc\",\"url\":\"https:\\\/\\\/mjarc.com\\\/fr\\\/\",\"logo\":{\"@type\":\"ImageObject\",\"inLanguage\":\"fr-FR\",\"@id\":\"https:\\\/\\\/mjarc.com\\\/fr\\\/#\\\/schema\\\/logo\\\/image\\\/\",\"url\":\"https:\\\/\\\/mjarc.com\\\/wp-content\\\/uploads\\\/2023\\\/08\\\/logo_black_1.png\",\"contentUrl\":\"https:\\\/\\\/mjarc.com\\\/wp-content\\\/uploads\\\/2023\\\/08\\\/logo_black_1.png\",\"width\":130,\"height\":130,\"caption\":\"Mjarc\"},\"image\":{\"@id\":\"https:\\\/\\\/mjarc.com\\\/fr\\\/#\\\/schema\\\/logo\\\/image\\\/\"},\"sameAs\":[\"https:\\\/\\\/www.facebook.com\\\/mjarc.arquitectos\\\/\",\"https:\\\/\\\/www.instagram.com\\\/mjarc.arq\\\/\"]}]}<\/script>\n<!-- \/ Yoast SEO plugin. -->","yoast_head_json":{"title":"Prix d\u2019Architecture - MJARC Architectes","description":"D\u00e9couvrez les prix internationaux d\u2019architecture remport\u00e9s par MJARC, t\u00e9moignant de l\u2019excellence, de l\u2019innovation et de la qualit\u00e9 de ses projets architecturaux.","robots":{"index":"index","follow":"follow","max-snippet":"max-snippet:-1","max-image-preview":"max-image-preview:large","max-video-preview":"max-video-preview:-1"},"canonical":"https:\/\/mjarc.com\/fr\/recompenses\/","og_locale":"fr_FR","og_type":"article","og_title":"Prix d\u2019Architecture - MJARC Architectes","og_description":"D\u00e9couvrez les prix internationaux d\u2019architecture remport\u00e9s par MJARC, t\u00e9moignant de l\u2019excellence, de l\u2019innovation et de la qualit\u00e9 de ses projets architecturaux.","og_url":"https:\/\/mjarc.com\/fr\/recompenses\/","og_site_name":"Mjarc","article_publisher":"https:\/\/www.facebook.com\/mjarc.arquitectos\/","article_modified_time":"2026-01-14T13:04:35+00:00","twitter_card":"summary_large_image","twitter_misc":{"Dur\u00e9e de lecture estim\u00e9e":"1 minute"},"schema":{"@context":"https:\/\/schema.org","@graph":[{"@type":"WebPage","@id":"https:\/\/mjarc.com\/fr\/recompenses\/","url":"https:\/\/mjarc.com\/fr\/recompenses\/","name":"Prix d\u2019Architecture - MJARC Architectes","isPartOf":{"@id":"https:\/\/mjarc.com\/fr\/#website"},"datePublished":"2025-09-30T07:37:45+00:00","dateModified":"2026-01-14T13:04:35+00:00","description":"D\u00e9couvrez les prix internationaux d\u2019architecture remport\u00e9s par MJARC, t\u00e9moignant de l\u2019excellence, de l\u2019innovation et de la qualit\u00e9 de ses projets architecturaux.","breadcrumb":{"@id":"https:\/\/mjarc.com\/fr\/recompenses\/#breadcrumb"},"inLanguage":"fr-FR","potentialAction":[{"@type":"ReadAction","target":["https:\/\/mjarc.com\/fr\/recompenses\/"]}]},{"@type":"BreadcrumbList","@id":"https:\/\/mjarc.com\/fr\/recompenses\/#breadcrumb","itemListElement":[{"@type":"ListItem","position":1,"name":"In\u00edcio","item":"https:\/\/mjarc.com\/fr\/"},{"@type":"ListItem","position":2,"name":"Prix d\u2019Architecture"}]},{"@type":"WebSite","@id":"https:\/\/mjarc.com\/fr\/#website","url":"https:\/\/mjarc.com\/fr\/","name":"Mjarc","description":"","publisher":{"@id":"https:\/\/mjarc.com\/fr\/#organization"},"potentialAction":[{"@type":"SearchAction","target":{"@type":"EntryPoint","urlTemplate":"https:\/\/mjarc.com\/fr\/?s={search_term_string}"},"query-input":{"@type":"PropertyValueSpecification","valueRequired":true,"valueName":"search_term_string"}}],"inLanguage":"fr-FR"},{"@type":"Organization","@id":"https:\/\/mjarc.com\/fr\/#organization","name":"Mjarc","url":"https:\/\/mjarc.com\/fr\/","logo":{"@type":"ImageObject","inLanguage":"fr-FR","@id":"https:\/\/mjarc.com\/fr\/#\/schema\/logo\/image\/","url":"https:\/\/mjarc.com\/wp-content\/uploads\/2023\/08\/logo_black_1.png","contentUrl":"https:\/\/mjarc.com\/wp-content\/uploads\/2023\/08\/logo_black_1.png","width":130,"height":130,"caption":"Mjarc"},"image":{"@id":"https:\/\/mjarc.com\/fr\/#\/schema\/logo\/image\/"},"sameAs":["https:\/\/www.facebook.com\/mjarc.arquitectos\/","https:\/\/www.instagram.com\/mjarc.arq\/"]}]}},"_links":{"self":[{"href":"https:\/\/mjarc.com\/fr\/wp-json\/wp\/v2\/pages\/15265","targetHints":{"allow":["GET"]}}],"collection":[{"href":"https:\/\/mjarc.com\/fr\/wp-json\/wp\/v2\/pages"}],"about":[{"href":"https:\/\/mjarc.com\/fr\/wp-json\/wp\/v2\/types\/page"}],"author":[{"embeddable":true,"href":"https:\/\/mjarc.com\/fr\/wp-json\/wp\/v2\/users\/1"}],"replies":[{"embeddable":true,"href":"https:\/\/mjarc.com\/fr\/wp-json\/wp\/v2\/comments?post=15265"}],"version-history":[{"count":3,"href":"https:\/\/mjarc.com\/fr\/wp-json\/wp\/v2\/pages\/15265\/revisions"}],"predecessor-version":[{"id":17011,"href":"https:\/\/mjarc.com\/fr\/wp-json\/wp\/v2\/pages\/15265\/revisions\/17011"}],"wp:attachment":[{"href":"https:\/\/mjarc.com\/fr\/wp-json\/wp\/v2\/media?parent=15265"}],"curies":[{"name":"wp","href":"https:\/\/api.w.org\/{rel}","templated":true}]}}