{"id":5464,"date":"2023-09-04T08:33:09","date_gmt":"2023-09-04T08:33:09","guid":{"rendered":"http:\/\/mjarc.com\/servicos\/"},"modified":"2025-09-26T10:14:53","modified_gmt":"2025-09-26T10:14:53","slug":"services","status":"publish","type":"page","link":"https:\/\/mjarc.com\/fr\/services\/","title":{"rendered":"SERVICES"},"content":{"rendered":"<p>[vc_row][vc_column][vc_column_text el_class=\u00a0\u00bbservi-titulo\u00a0\u00bb]<\/p>\n<h2>Services<\/h2>\n<p>[\/vc_column_text][\/vc_column][\/vc_row][vc_row el_class=\u00a0\u00bbcontactos-esp\u00a0\u00bb][vc_column][vc_tta_accordion active_section=\u00a0\u00bb-1&Prime; no_fill=\u00a0\u00bbtrue\u00a0\u00bb collapsible_all=\u00a0\u00bbtrue\u00a0\u00bb][vc_tta_section title=\u00a0\u00bbURBANISME\u00a0\u00bb tab_id=\u00a0\u00bb1693817398194-b2793998-ac50&Prime; el_class=\u00a0\u00bbclass-extra-accor\u00a0\u00bb][vc_column_text]Nous cr\u00e9ons des projets urbains qui transforment l\u2019espace public. Chez MJARC, nous associons esth\u00e9tique, optimisation de l\u2019espace et qualit\u00e9 de vie afin de concevoir des infrastructures adapt\u00e9es aux besoins r\u00e9els des communaut\u00e9s. De la planification au dessin urbain, nous proposons des solutions qui rendent l\u2019espace public vivant et durable.[\/vc_column_text][\/vc_tta_section][vc_tta_section title=\u00a0\u00bbLOTISSEMENTS\u00a0\u00bb tab_id=\u00a0\u00bb1693816327212-0532c3b3-7183&Prime; el_class=\u00a0\u00bbclass-extra-accor\u00a0\u00bb][vc_column_text]Nous transformons des terrains en projets int\u00e9gr\u00e9s, dans le respect des r\u00e8glements d\u2019urbanisme, en garantissant coh\u00e9rence et fonctionnalit\u00e9. Chaque lotissement est pens\u00e9 en fonction du contexte local, avec des acc\u00e8s, infrastructures et am\u00e9nagements paysagers con\u00e7us pour valoriser le terrain et assurer la durabilit\u00e9 du projet.[\/vc_column_text][\/vc_tta_section][vc_tta_section title=\u00a0\u00bbPLANS D\u00c9TAILL\u00c9S\u00a0\u00bb tab_id=\u00a0\u00bb1693816450596-2848678d-5309&Prime; el_class=\u00a0\u00bbclass-extra-accor\u00a0\u00bb][vc_column_text]Nous \u00e9laborons des Plans de D\u00e9tail d\u00e9finissant clairement toutes les zones d\u2019intervention architecturale et urbaine. Nous concevons fa\u00e7ades, usages du sol, infrastructures et espaces verts afin d\u2019assurer l\u2019harmonie et la coh\u00e9rence de l\u2019image urbaine et de son int\u00e9gration dans l\u2019environnement.[\/vc_column_text][\/vc_tta_section][vc_tta_section title=\u00a0\u00bbARCHITECTURE ET ING\u00c9NIERIE\u00a0\u00bb tab_id=\u00a0\u00bb1693816619287-bd9a25be-856f\u00a0\u00bb el_class=\u00a0\u00bbclass-extra-accor\u00a0\u00bb][vc_column_text]<\/p>\n<p data-start=\"4508\" data-end=\"4592\">Nous r\u00e9alisons des projets complets et personnalis\u00e9s dans diff\u00e9rentes typologies :<\/p>\n<p style=\"padding-left: 40px;\" data-start=\"4595\" data-end=\"4640\">Maisons individuelles, jumel\u00e9es ou en bande<\/p>\n<p style=\"padding-left: 40px;\" data-start=\"4643\" data-end=\"4708\">Immeubles r\u00e9sidentiels, copropri\u00e9t\u00e9s et b\u00e2timents \u00e0 usage mixte<\/p>\n<p style=\"padding-left: 40px;\" data-start=\"4711\" data-end=\"4758\">Bureaux, commerces et espaces de restauration<\/p>\n<p style=\"padding-left: 40px;\" data-start=\"4761\" data-end=\"4845\">Projets touristiques, h\u00f4teliers, villages de vacances, maisons rurales et domaines<\/p>\n<p style=\"padding-left: 40px;\" data-start=\"4848\" data-end=\"4904\">Pavilions industriels, halls d\u2019\u00e9v\u00e9nements et entrep\u00f4ts<\/p>\n<p style=\"padding-left: 40px;\" data-start=\"4907\" data-end=\"4966\">B\u00e2timents publics, h\u00f4pitaux et restauration du patrimoine<\/p>\n<p data-start=\"4968\" data-end=\"5120\">Nous allions rigueur technique et sensibilit\u00e9 esth\u00e9tique afin que chaque projet refl\u00e8te vos besoins, votre mode de vie ou votre identit\u00e9 d\u2019entreprise.<\/p>\n<p>[\/vc_column_text][\/vc_tta_section][vc_tta_section title=\u00a0\u00bbDESIGN D&rsquo;INT\u00c9RIEUR\u00a0\u00bb tab_id=\u00a0\u00bb1693817110158-72db87e8-371f\u00a0\u00bb el_class=\u00a0\u00bbclass-extra-accor\u00a0\u00bb][vc_column_text]Nous sublimons les int\u00e9rieurs gr\u00e2ce \u00e0 des solutions cr\u00e9atives en mati\u00e8re de mobilier, d\u2019\u00e9clairage, de d\u00e9coration et de technologies int\u00e9gr\u00e9es. Nous mettons en \u0153uvre des syst\u00e8mes domotiques et des automatismes qui conjuguent confort, fonctionnalit\u00e9 et \u00e9l\u00e9gance, en adaptant chaque espace \u00e0 son usage et \u00e0 la personnalit\u00e9 du client.[\/vc_column_text][\/vc_tta_section][vc_tta_section title=\u00a0\u00bbLA S\u00c9CURIT\u00c9 INCENDIE\u00a0\u00bb tab_id=\u00a0\u00bb1693817400867-192c1fd0-efe2&Prime; el_class=\u00a0\u00bbclass-extra-accor\u00a0\u00bb][vc_column_text]La s\u00e9curit\u00e9 n\u2019est pas une option \u2014 c\u2019est un engagement. Nous \u00e9laborons des plans de s\u00e9curit\u00e9 incendie et des mesures d\u2019autoprotection adapt\u00e9s aux b\u00e2timents, espaces publics et commerces. Nous garantissons la conformit\u00e9 r\u00e9glementaire et la protection maximale des personnes, des biens et des activit\u00e9s.[\/vc_column_text][\/vc_tta_section][vc_tta_section title=\u00a0\u00bbASSISTANCE ET SUPERVISION DES TRAVAUX\u00a0\u00bb tab_id=\u00a0\u00bb1691601924523-fef5fee7-98ca\u00a0\u00bb el_class=\u00a0\u00bbclass-extra-accor\u00a0\u00bb][vc_column_text]<\/p>\n<p data-start=\"5850\" data-end=\"5994\">Nous accompagnons chaque \u00e9tape de la construction afin d\u2019assurer qualit\u00e9, respect des d\u00e9lais et ma\u00eetrise des co\u00fbts. Nos prestations incluent :<\/p>\n<p style=\"padding-left: 40px;\" data-start=\"5997\" data-end=\"6034\">Plans de s\u00e9curit\u00e9 de chantier (HST)<\/p>\n<p style=\"padding-left: 40px;\" data-start=\"6037\" data-end=\"6080\">Relev\u00e9s, m\u00e9tr\u00e9s et estimations d\u00e9taill\u00e9es<\/p>\n<p style=\"padding-left: 40px;\" data-start=\"6083\" data-end=\"6125\">Direction et suivi technique de chantier<\/p>\n<p style=\"padding-left: 40px;\" data-start=\"6128\" data-end=\"6215\">Contr\u00f4le approfondi garantissant la conformit\u00e9 technique, esth\u00e9tique et r\u00e9glementaire<\/p>\n<p>[\/vc_column_text][\/vc_tta_section][vc_tta_section title=\u00a0\u00bbCONSTRUCTION \u00c9CO-DURABLE\u00a0\u00bb tab_id=\u00a0\u00bb1693817409007-9f0f68f2-2ace\u00a0\u00bb el_class=\u00a0\u00bbclass-extra-accor\u00a0\u00bb][vc_column_text]Nous croyons en une architecture responsable qui r\u00e9duit l\u2019impact environnemental. Nous concevons des b\u00e2timents avec des syst\u00e8mes d\u2019\u00e9nergie renouvelable, des mat\u00e9riaux durables et des solutions efficaces de gestion des ressources. Notre objectif : cr\u00e9er des espaces sains, performants et respectueux de l\u2019environnement.[\/vc_column_text][\/vc_tta_section][vc_tta_section title=\u00a0\u00bbTOPOGRAPHIC SURVEYS\u00a0\u00bb tab_id=\u00a0\u00bb1695392618415-f6812b69-2c79&Prime; el_class=\u00a0\u00bbclass-extra-accor\u00a0\u00bb][vc_column_text]Nous r\u00e9alisons des relev\u00e9s topographiques pr\u00e9cis et d\u00e9taill\u00e9s pour appuyer les projets d\u2019urbanisme, d\u2019architecture et d\u2019ing\u00e9nierie. Gr\u00e2ce \u00e0 des technologies modernes et \u00e0 une expertise rigoureuse, nous fournissons cartes, mod\u00e8les num\u00e9riques et rapports topographiques indispensables \u00e0 une planification et une ex\u00e9cution fiables.[\/vc_column_text][\/vc_tta_section][\/vc_tta_accordion][\/vc_column][\/vc_row][vc_row][vc_column][vc_column_text el_class=\u00a0\u00bbtextopedir\u00a0\u00bb]<\/p>\n<p style=\"text-align: center;\"><a href=\"https:\/\/mjarc.com\/fr\/contacts\/\">Demandez votre devis ici<\/a><\/p>\n<p>[\/vc_column_text][\/vc_column][\/vc_row][vc_row full_width=\u00a0\u00bbstretch_row\u00a0\u00bb el_class=\u00a0\u00bbinstafeed\u00a0\u00bb][vc_column][vc_column_text]\n<div id=\"sb_instagram\"  class=\"sbi sbi_mob_col_1 sbi_tab_col_2 sbi_col_6 sbi_width_resp sbi_palette_light\" style=\"padding-bottom: 10px;\"\t data-feedid=\"*1\"  data-res=\"auto\" data-cols=\"6\" data-colsmobile=\"1\" data-colstablet=\"2\" data-num=\"6\" data-nummobile=\"6\" data-item-padding=\"5\"\t data-shortcode-atts=\"{&quot;feed&quot;:&quot;1&quot;}\"  data-postid=\"5464\" data-locatornonce=\"e134631fc9\" data-imageaspectratio=\"1:1\" data-sbi-flags=\"favorLocal\">\n\t\n\t<div id=\"sbi_images\"  style=\"gap: 10px;\">\n\t\t<div class=\"sbi_item sbi_type_image sbi_new sbi_transition\"\n\tid=\"sbi_17956463805119937\" data-date=\"1776362466\">\n\t<div class=\"sbi_photo_wrap\">\n\t\t<a class=\"sbi_photo\" href=\"https:\/\/www.instagram.com\/p\/DXM6wjzDeot\/\" target=\"_blank\" rel=\"noopener nofollow\"\n\t\t\tdata-full-res=\"https:\/\/scontent-lhr8-2.cdninstagram.com\/v\/t39.30808-6\/672081210_1556693699791430_7499982944882298758_n.jpg?stp=dst-jpg_e35_tt6&#038;_nc_cat=103&#038;ccb=7-5&#038;_nc_sid=18de74&#038;efg=eyJlZmdfdGFnIjoiRkVFRC5iZXN0X2ltYWdlX3VybGdlbi5DMyJ9&#038;_nc_ohc=_6Af6hVeISoQ7kNvwFTYFxm&#038;_nc_oc=AdrpCDrceYkQYIY8m-y4EcHF6cuzh1s37ztHYSLZad4TMh5ptFxuWZKkXt5ehegwWXtN3JNQ6bKLjb0plEoBJ7BE&#038;_nc_zt=23&#038;_nc_ht=scontent-lhr8-2.cdninstagram.com&#038;edm=AM6HXa8EAAAA&#038;_nc_gid=VmRme7jaQEQWco6mlFMWmw&#038;oh=00_Af0DV7u_IF-rYhTZypYruxYtpoULsLyMw6pVYk4QZOeNPg&#038;oe=69F48E75\"\n\t\t\tdata-img-src-set=\"{&quot;d&quot;:&quot;https:\\\/\\\/scontent-lhr8-2.cdninstagram.com\\\/v\\\/t39.30808-6\\\/672081210_1556693699791430_7499982944882298758_n.jpg?stp=dst-jpg_e35_tt6&amp;_nc_cat=103&amp;ccb=7-5&amp;_nc_sid=18de74&amp;efg=eyJlZmdfdGFnIjoiRkVFRC5iZXN0X2ltYWdlX3VybGdlbi5DMyJ9&amp;_nc_ohc=_6Af6hVeISoQ7kNvwFTYFxm&amp;_nc_oc=AdrpCDrceYkQYIY8m-y4EcHF6cuzh1s37ztHYSLZad4TMh5ptFxuWZKkXt5ehegwWXtN3JNQ6bKLjb0plEoBJ7BE&amp;_nc_zt=23&amp;_nc_ht=scontent-lhr8-2.cdninstagram.com&amp;edm=AM6HXa8EAAAA&amp;_nc_gid=VmRme7jaQEQWco6mlFMWmw&amp;oh=00_Af0DV7u_IF-rYhTZypYruxYtpoULsLyMw6pVYk4QZOeNPg&amp;oe=69F48E75&quot;,&quot;150&quot;:&quot;https:\\\/\\\/scontent-lhr8-2.cdninstagram.com\\\/v\\\/t39.30808-6\\\/672081210_1556693699791430_7499982944882298758_n.jpg?stp=dst-jpg_e35_tt6&amp;_nc_cat=103&amp;ccb=7-5&amp;_nc_sid=18de74&amp;efg=eyJlZmdfdGFnIjoiRkVFRC5iZXN0X2ltYWdlX3VybGdlbi5DMyJ9&amp;_nc_ohc=_6Af6hVeISoQ7kNvwFTYFxm&amp;_nc_oc=AdrpCDrceYkQYIY8m-y4EcHF6cuzh1s37ztHYSLZad4TMh5ptFxuWZKkXt5ehegwWXtN3JNQ6bKLjb0plEoBJ7BE&amp;_nc_zt=23&amp;_nc_ht=scontent-lhr8-2.cdninstagram.com&amp;edm=AM6HXa8EAAAA&amp;_nc_gid=VmRme7jaQEQWco6mlFMWmw&amp;oh=00_Af0DV7u_IF-rYhTZypYruxYtpoULsLyMw6pVYk4QZOeNPg&amp;oe=69F48E75&quot;,&quot;320&quot;:&quot;https:\\\/\\\/scontent-lhr8-2.cdninstagram.com\\\/v\\\/t39.30808-6\\\/672081210_1556693699791430_7499982944882298758_n.jpg?stp=dst-jpg_e35_tt6&amp;_nc_cat=103&amp;ccb=7-5&amp;_nc_sid=18de74&amp;efg=eyJlZmdfdGFnIjoiRkVFRC5iZXN0X2ltYWdlX3VybGdlbi5DMyJ9&amp;_nc_ohc=_6Af6hVeISoQ7kNvwFTYFxm&amp;_nc_oc=AdrpCDrceYkQYIY8m-y4EcHF6cuzh1s37ztHYSLZad4TMh5ptFxuWZKkXt5ehegwWXtN3JNQ6bKLjb0plEoBJ7BE&amp;_nc_zt=23&amp;_nc_ht=scontent-lhr8-2.cdninstagram.com&amp;edm=AM6HXa8EAAAA&amp;_nc_gid=VmRme7jaQEQWco6mlFMWmw&amp;oh=00_Af0DV7u_IF-rYhTZypYruxYtpoULsLyMw6pVYk4QZOeNPg&amp;oe=69F48E75&quot;,&quot;640&quot;:&quot;https:\\\/\\\/scontent-lhr8-2.cdninstagram.com\\\/v\\\/t39.30808-6\\\/672081210_1556693699791430_7499982944882298758_n.jpg?stp=dst-jpg_e35_tt6&amp;_nc_cat=103&amp;ccb=7-5&amp;_nc_sid=18de74&amp;efg=eyJlZmdfdGFnIjoiRkVFRC5iZXN0X2ltYWdlX3VybGdlbi5DMyJ9&amp;_nc_ohc=_6Af6hVeISoQ7kNvwFTYFxm&amp;_nc_oc=AdrpCDrceYkQYIY8m-y4EcHF6cuzh1s37ztHYSLZad4TMh5ptFxuWZKkXt5ehegwWXtN3JNQ6bKLjb0plEoBJ7BE&amp;_nc_zt=23&amp;_nc_ht=scontent-lhr8-2.cdninstagram.com&amp;edm=AM6HXa8EAAAA&amp;_nc_gid=VmRme7jaQEQWco6mlFMWmw&amp;oh=00_Af0DV7u_IF-rYhTZypYruxYtpoULsLyMw6pVYk4QZOeNPg&amp;oe=69F48E75&quot;}\">\n\t\t\t<span class=\"sbi-screenreader\">Cada projeto dita uma nova abordagem.\n\n\u00c9 exatament<\/span>\n\t\t\t\t\t\t\t\t\t<img decoding=\"async\" src=\"https:\/\/mjarc.com\/wp-content\/plugins\/instagram-feed\/img\/placeholder.png\" alt=\"Cada projeto dita uma nova abordagem.\n\n\u00c9 exatamente nessa capacidade de escutar cada contexto, sem f\u00f3rmulas pr\u00e9-definidas, que encontramos a inova\u00e7\u00e3o que verdadeiramente nos interessa.\n\nN\u00e3o procuramos a novidade como um fim em si mesma. Ela surge como consequ\u00eancia natural de um processo atento e rigoroso, onde o lugar, as pessoas e a forma como vivem o espa\u00e7o orientam cada decis\u00e3o.\n\nFoi sobre estas e outras reflex\u00f5es que convers\u00e1mos com a @architecturelab, partilhando o que nos inspira e o que orienta o nosso trabalho.\n\nObrigada \u00e0 Architecture Lab pela oportunidade.\n\n\u2022\u2022\n\nEach project dictates a new approach.\n\nIt is precisely in this ability to listen to every context, without pre-defined formulas, that we find the innovation that truly interests us.\n\nWe do not seek novelty as an end in itself. Instead, it emerges as a natural consequence of an attentive and rigorous process, where the site, the people, and the way they experience the space guide every decision.\n\nThese were some of the reflections we shared with @architecturelab, discussing what inspires us and what guides our work.\n\nThank you to Architecture Lab for the opportunity.\n\n#mjarcarquitetos #architecturelab #neuroarchitecture #architectureandwellbeing #architecture\" aria-hidden=\"true\">\n\t\t<\/a>\n\t<\/div>\n<\/div><div class=\"sbi_item sbi_type_video sbi_new sbi_transition\"\n\tid=\"sbi_18086262176339877\" data-date=\"1776110548\">\n\t<div class=\"sbi_photo_wrap\">\n\t\t<a class=\"sbi_photo\" href=\"https:\/\/www.instagram.com\/reel\/DXFaBBPjIWp\/\" target=\"_blank\" rel=\"noopener nofollow\"\n\t\t\tdata-full-res=\"https:\/\/scontent-lhr8-2.cdninstagram.com\/v\/t51.71878-15\/669896642_808253048564434_6415682593908450366_n.jpg?stp=dst-jpg_e35_tt6&#038;_nc_cat=103&#038;ccb=7-5&#038;_nc_sid=18de74&#038;efg=eyJlZmdfdGFnIjoiQ0xJUFMuYmVzdF9pbWFnZV91cmxnZW4uQzMifQ%3D%3D&#038;_nc_ohc=d0J8wZIbmK8Q7kNvwErF0FZ&#038;_nc_oc=AdrmPgJkZ828P1yYBNfu5JCsFiIR61vlmGuszNOFsD0yK1O7cb-VcvE_sYqMQyHFR0rhL2Ted7U3CzsGCH09bAi0&#038;_nc_zt=23&#038;_nc_ht=scontent-lhr8-2.cdninstagram.com&#038;edm=AM6HXa8EAAAA&#038;_nc_gid=VmRme7jaQEQWco6mlFMWmw&#038;_nc_tpa=Q5bMBQEG2cRqGzuWEYQ31nJA72beIJ1wwVoOrEru6407oWYPPqAC5UEBdBzYpmDGuPkqGILu9uByknRt&#038;oh=00_Af2I6b4qXwC2bJ3xGB5lNknwRosGrnldJLJMjwHzgtd77g&#038;oe=69F46E55\"\n\t\t\tdata-img-src-set=\"{&quot;d&quot;:&quot;https:\\\/\\\/scontent-lhr8-2.cdninstagram.com\\\/v\\\/t51.71878-15\\\/669896642_808253048564434_6415682593908450366_n.jpg?stp=dst-jpg_e35_tt6&amp;_nc_cat=103&amp;ccb=7-5&amp;_nc_sid=18de74&amp;efg=eyJlZmdfdGFnIjoiQ0xJUFMuYmVzdF9pbWFnZV91cmxnZW4uQzMifQ%3D%3D&amp;_nc_ohc=d0J8wZIbmK8Q7kNvwErF0FZ&amp;_nc_oc=AdrmPgJkZ828P1yYBNfu5JCsFiIR61vlmGuszNOFsD0yK1O7cb-VcvE_sYqMQyHFR0rhL2Ted7U3CzsGCH09bAi0&amp;_nc_zt=23&amp;_nc_ht=scontent-lhr8-2.cdninstagram.com&amp;edm=AM6HXa8EAAAA&amp;_nc_gid=VmRme7jaQEQWco6mlFMWmw&amp;_nc_tpa=Q5bMBQEG2cRqGzuWEYQ31nJA72beIJ1wwVoOrEru6407oWYPPqAC5UEBdBzYpmDGuPkqGILu9uByknRt&amp;oh=00_Af2I6b4qXwC2bJ3xGB5lNknwRosGrnldJLJMjwHzgtd77g&amp;oe=69F46E55&quot;,&quot;150&quot;:&quot;https:\\\/\\\/scontent-lhr8-2.cdninstagram.com\\\/v\\\/t51.71878-15\\\/669896642_808253048564434_6415682593908450366_n.jpg?stp=dst-jpg_e35_tt6&amp;_nc_cat=103&amp;ccb=7-5&amp;_nc_sid=18de74&amp;efg=eyJlZmdfdGFnIjoiQ0xJUFMuYmVzdF9pbWFnZV91cmxnZW4uQzMifQ%3D%3D&amp;_nc_ohc=d0J8wZIbmK8Q7kNvwErF0FZ&amp;_nc_oc=AdrmPgJkZ828P1yYBNfu5JCsFiIR61vlmGuszNOFsD0yK1O7cb-VcvE_sYqMQyHFR0rhL2Ted7U3CzsGCH09bAi0&amp;_nc_zt=23&amp;_nc_ht=scontent-lhr8-2.cdninstagram.com&amp;edm=AM6HXa8EAAAA&amp;_nc_gid=VmRme7jaQEQWco6mlFMWmw&amp;_nc_tpa=Q5bMBQEG2cRqGzuWEYQ31nJA72beIJ1wwVoOrEru6407oWYPPqAC5UEBdBzYpmDGuPkqGILu9uByknRt&amp;oh=00_Af2I6b4qXwC2bJ3xGB5lNknwRosGrnldJLJMjwHzgtd77g&amp;oe=69F46E55&quot;,&quot;320&quot;:&quot;https:\\\/\\\/scontent-lhr8-2.cdninstagram.com\\\/v\\\/t51.71878-15\\\/669896642_808253048564434_6415682593908450366_n.jpg?stp=dst-jpg_e35_tt6&amp;_nc_cat=103&amp;ccb=7-5&amp;_nc_sid=18de74&amp;efg=eyJlZmdfdGFnIjoiQ0xJUFMuYmVzdF9pbWFnZV91cmxnZW4uQzMifQ%3D%3D&amp;_nc_ohc=d0J8wZIbmK8Q7kNvwErF0FZ&amp;_nc_oc=AdrmPgJkZ828P1yYBNfu5JCsFiIR61vlmGuszNOFsD0yK1O7cb-VcvE_sYqMQyHFR0rhL2Ted7U3CzsGCH09bAi0&amp;_nc_zt=23&amp;_nc_ht=scontent-lhr8-2.cdninstagram.com&amp;edm=AM6HXa8EAAAA&amp;_nc_gid=VmRme7jaQEQWco6mlFMWmw&amp;_nc_tpa=Q5bMBQEG2cRqGzuWEYQ31nJA72beIJ1wwVoOrEru6407oWYPPqAC5UEBdBzYpmDGuPkqGILu9uByknRt&amp;oh=00_Af2I6b4qXwC2bJ3xGB5lNknwRosGrnldJLJMjwHzgtd77g&amp;oe=69F46E55&quot;,&quot;640&quot;:&quot;https:\\\/\\\/scontent-lhr8-2.cdninstagram.com\\\/v\\\/t51.71878-15\\\/669896642_808253048564434_6415682593908450366_n.jpg?stp=dst-jpg_e35_tt6&amp;_nc_cat=103&amp;ccb=7-5&amp;_nc_sid=18de74&amp;efg=eyJlZmdfdGFnIjoiQ0xJUFMuYmVzdF9pbWFnZV91cmxnZW4uQzMifQ%3D%3D&amp;_nc_ohc=d0J8wZIbmK8Q7kNvwErF0FZ&amp;_nc_oc=AdrmPgJkZ828P1yYBNfu5JCsFiIR61vlmGuszNOFsD0yK1O7cb-VcvE_sYqMQyHFR0rhL2Ted7U3CzsGCH09bAi0&amp;_nc_zt=23&amp;_nc_ht=scontent-lhr8-2.cdninstagram.com&amp;edm=AM6HXa8EAAAA&amp;_nc_gid=VmRme7jaQEQWco6mlFMWmw&amp;_nc_tpa=Q5bMBQEG2cRqGzuWEYQ31nJA72beIJ1wwVoOrEru6407oWYPPqAC5UEBdBzYpmDGuPkqGILu9uByknRt&amp;oh=00_Af2I6b4qXwC2bJ3xGB5lNknwRosGrnldJLJMjwHzgtd77g&amp;oe=69F46E55&quot;}\">\n\t\t\t<span class=\"sbi-screenreader\">A Casa Saramagayo \u00e9, atualmente, um organismo em c<\/span>\n\t\t\t\t\t\t<svg style=\"color: rgba(255,255,255,1)\" class=\"svg-inline--fa fa-play fa-w-14 sbi_playbtn\" aria-label=\"Play\" aria-hidden=\"true\" data-fa-processed=\"\" data-prefix=\"fa\" data-icon=\"play\" role=\"presentation\" xmlns=\"http:\/\/www.w3.org\/2000\/svg\" viewBox=\"0 0 448 512\"><path fill=\"currentColor\" d=\"M424.4 214.7L72.4 6.6C43.8-10.3 0 6.1 0 47.9V464c0 37.5 40.7 60.1 72.4 41.3l352-208c31.4-18.5 31.5-64.1 0-82.6z\"><\/path><\/svg>\t\t\t<img decoding=\"async\" src=\"https:\/\/mjarc.com\/wp-content\/plugins\/instagram-feed\/img\/placeholder.png\" alt=\"A Casa Saramagayo \u00e9, atualmente, um organismo em crescimento. \n\nCada funda\u00e7\u00e3o, cada pilar e cada abertura foram pensados para que a arquitetura n\u00e3o surja como um objeto estranho, mas como uma extens\u00e3o natural da paisagem, moldada por ela e em sintonia com o seu ritmo.\n\nA cobertura, revestida com esp\u00e9cies aut\u00f3ctones, as paredes  em pedra local e a madeira, no seu conjunto, transmitem uma linguagem de respeito pelos recursos e de adapta\u00e7\u00e3o ao lugar. Aqui, a palavra de ordem n\u00e3o \u00e9 dominar a natureza, mas coexistir com ela.\n\nO rigor da execu\u00e7\u00e3o e do acompanhamento de obra \u00e9 o que permite que a vis\u00e3o contempor\u00e2nea do projeto se funda, de forma harmoniosa, com a heran\u00e7a do Douro.\n\n\u2022\u2022\n\nCasa Saramagayo is currently a living, breathing structure. \n\nEvery foundation, every pillar, and every opening has been meticulously designed so that the architecture does not emerge as a foreign object, but as a natural extension of the landscape\u2014shaped by its contours and in sync with its rhythm.\n\nThe roof, blanketed with indigenous flora, paired with walls of local stone and timber, speaks a language of deep respect for resources and site adaptation. Here, the guiding principle is not to dominate nature, but to coexist with it.\n\nThe precision of the execution and the rigorous on-site supervision are what allow the contemporary vision of the project to merge seamlessly with the heritage of the Douro.\n\n#MJARC #Douro #Architecture #ArquiteturaPortuguesa ArquiteturaBiomim\u00e9tica\" aria-hidden=\"true\">\n\t\t<\/a>\n\t<\/div>\n<\/div><div class=\"sbi_item sbi_type_video sbi_new sbi_transition\"\n\tid=\"sbi_18116352277655002\" data-date=\"1775325608\">\n\t<div class=\"sbi_photo_wrap\">\n\t\t<a class=\"sbi_photo\" href=\"https:\/\/www.instagram.com\/reel\/DWuBMV3tPIY\/\" target=\"_blank\" rel=\"noopener nofollow\"\n\t\t\tdata-full-res=\"https:\/\/scontent-lhr8-2.cdninstagram.com\/v\/t51.71878-15\/658102528_1604335244190192_713673024781685041_n.jpg?stp=dst-jpg_e35_tt6&#038;_nc_cat=103&#038;ccb=7-5&#038;_nc_sid=18de74&#038;efg=eyJlZmdfdGFnIjoiQ0xJUFMuYmVzdF9pbWFnZV91cmxnZW4uQzMifQ%3D%3D&#038;_nc_ohc=Bd-lAAmUK2kQ7kNvwH9DZ9Q&#038;_nc_oc=Adp5qpmkNm6R_F1W-jdRlauwtpLI6HeSdAgkNzRyK7g9wCzIHDF7xYC4CFczBBVrbKdxRqj0z_iVxsTFHZIMXKzO&#038;_nc_zt=23&#038;_nc_ht=scontent-lhr8-2.cdninstagram.com&#038;edm=AM6HXa8EAAAA&#038;_nc_gid=VmRme7jaQEQWco6mlFMWmw&#038;_nc_tpa=Q5bMBQE0F-qD8BEZpe3RzUfZsB-UH-NS1ivmeS8uGDbtf_TN-J13fOveBBQ9HNrkLKyUlnhUYsr983Ka&#038;oh=00_Af1Q_8O1RNOAaYwUhgRuqMlob7j9t_vRAFK1HZGDc1bA9A&#038;oe=69F47BA0\"\n\t\t\tdata-img-src-set=\"{&quot;d&quot;:&quot;https:\\\/\\\/scontent-lhr8-2.cdninstagram.com\\\/v\\\/t51.71878-15\\\/658102528_1604335244190192_713673024781685041_n.jpg?stp=dst-jpg_e35_tt6&amp;_nc_cat=103&amp;ccb=7-5&amp;_nc_sid=18de74&amp;efg=eyJlZmdfdGFnIjoiQ0xJUFMuYmVzdF9pbWFnZV91cmxnZW4uQzMifQ%3D%3D&amp;_nc_ohc=Bd-lAAmUK2kQ7kNvwH9DZ9Q&amp;_nc_oc=Adp5qpmkNm6R_F1W-jdRlauwtpLI6HeSdAgkNzRyK7g9wCzIHDF7xYC4CFczBBVrbKdxRqj0z_iVxsTFHZIMXKzO&amp;_nc_zt=23&amp;_nc_ht=scontent-lhr8-2.cdninstagram.com&amp;edm=AM6HXa8EAAAA&amp;_nc_gid=VmRme7jaQEQWco6mlFMWmw&amp;_nc_tpa=Q5bMBQE0F-qD8BEZpe3RzUfZsB-UH-NS1ivmeS8uGDbtf_TN-J13fOveBBQ9HNrkLKyUlnhUYsr983Ka&amp;oh=00_Af1Q_8O1RNOAaYwUhgRuqMlob7j9t_vRAFK1HZGDc1bA9A&amp;oe=69F47BA0&quot;,&quot;150&quot;:&quot;https:\\\/\\\/scontent-lhr8-2.cdninstagram.com\\\/v\\\/t51.71878-15\\\/658102528_1604335244190192_713673024781685041_n.jpg?stp=dst-jpg_e35_tt6&amp;_nc_cat=103&amp;ccb=7-5&amp;_nc_sid=18de74&amp;efg=eyJlZmdfdGFnIjoiQ0xJUFMuYmVzdF9pbWFnZV91cmxnZW4uQzMifQ%3D%3D&amp;_nc_ohc=Bd-lAAmUK2kQ7kNvwH9DZ9Q&amp;_nc_oc=Adp5qpmkNm6R_F1W-jdRlauwtpLI6HeSdAgkNzRyK7g9wCzIHDF7xYC4CFczBBVrbKdxRqj0z_iVxsTFHZIMXKzO&amp;_nc_zt=23&amp;_nc_ht=scontent-lhr8-2.cdninstagram.com&amp;edm=AM6HXa8EAAAA&amp;_nc_gid=VmRme7jaQEQWco6mlFMWmw&amp;_nc_tpa=Q5bMBQE0F-qD8BEZpe3RzUfZsB-UH-NS1ivmeS8uGDbtf_TN-J13fOveBBQ9HNrkLKyUlnhUYsr983Ka&amp;oh=00_Af1Q_8O1RNOAaYwUhgRuqMlob7j9t_vRAFK1HZGDc1bA9A&amp;oe=69F47BA0&quot;,&quot;320&quot;:&quot;https:\\\/\\\/scontent-lhr8-2.cdninstagram.com\\\/v\\\/t51.71878-15\\\/658102528_1604335244190192_713673024781685041_n.jpg?stp=dst-jpg_e35_tt6&amp;_nc_cat=103&amp;ccb=7-5&amp;_nc_sid=18de74&amp;efg=eyJlZmdfdGFnIjoiQ0xJUFMuYmVzdF9pbWFnZV91cmxnZW4uQzMifQ%3D%3D&amp;_nc_ohc=Bd-lAAmUK2kQ7kNvwH9DZ9Q&amp;_nc_oc=Adp5qpmkNm6R_F1W-jdRlauwtpLI6HeSdAgkNzRyK7g9wCzIHDF7xYC4CFczBBVrbKdxRqj0z_iVxsTFHZIMXKzO&amp;_nc_zt=23&amp;_nc_ht=scontent-lhr8-2.cdninstagram.com&amp;edm=AM6HXa8EAAAA&amp;_nc_gid=VmRme7jaQEQWco6mlFMWmw&amp;_nc_tpa=Q5bMBQE0F-qD8BEZpe3RzUfZsB-UH-NS1ivmeS8uGDbtf_TN-J13fOveBBQ9HNrkLKyUlnhUYsr983Ka&amp;oh=00_Af1Q_8O1RNOAaYwUhgRuqMlob7j9t_vRAFK1HZGDc1bA9A&amp;oe=69F47BA0&quot;,&quot;640&quot;:&quot;https:\\\/\\\/scontent-lhr8-2.cdninstagram.com\\\/v\\\/t51.71878-15\\\/658102528_1604335244190192_713673024781685041_n.jpg?stp=dst-jpg_e35_tt6&amp;_nc_cat=103&amp;ccb=7-5&amp;_nc_sid=18de74&amp;efg=eyJlZmdfdGFnIjoiQ0xJUFMuYmVzdF9pbWFnZV91cmxnZW4uQzMifQ%3D%3D&amp;_nc_ohc=Bd-lAAmUK2kQ7kNvwH9DZ9Q&amp;_nc_oc=Adp5qpmkNm6R_F1W-jdRlauwtpLI6HeSdAgkNzRyK7g9wCzIHDF7xYC4CFczBBVrbKdxRqj0z_iVxsTFHZIMXKzO&amp;_nc_zt=23&amp;_nc_ht=scontent-lhr8-2.cdninstagram.com&amp;edm=AM6HXa8EAAAA&amp;_nc_gid=VmRme7jaQEQWco6mlFMWmw&amp;_nc_tpa=Q5bMBQE0F-qD8BEZpe3RzUfZsB-UH-NS1ivmeS8uGDbtf_TN-J13fOveBBQ9HNrkLKyUlnhUYsr983Ka&amp;oh=00_Af1Q_8O1RNOAaYwUhgRuqMlob7j9t_vRAFK1HZGDc1bA9A&amp;oe=69F47BA0&quot;}\">\n\t\t\t<span class=\"sbi-screenreader\">O resultado de um gesto de equil\u00edbrio entre o huma<\/span>\n\t\t\t\t\t\t<svg style=\"color: rgba(255,255,255,1)\" class=\"svg-inline--fa fa-play fa-w-14 sbi_playbtn\" aria-label=\"Play\" aria-hidden=\"true\" data-fa-processed=\"\" data-prefix=\"fa\" data-icon=\"play\" role=\"presentation\" xmlns=\"http:\/\/www.w3.org\/2000\/svg\" viewBox=\"0 0 448 512\"><path fill=\"currentColor\" d=\"M424.4 214.7L72.4 6.6C43.8-10.3 0 6.1 0 47.9V464c0 37.5 40.7 60.1 72.4 41.3l352-208c31.4-18.5 31.5-64.1 0-82.6z\"><\/path><\/svg>\t\t\t<img decoding=\"async\" src=\"https:\/\/mjarc.com\/wp-content\/plugins\/instagram-feed\/img\/placeholder.png\" alt=\"O resultado de um gesto de equil\u00edbrio entre o humano e a natureza onde o essencial ganha forma e significado. \n\nA Douro Wood House est\u00e1 nomeada para Obra do Ano 2026 pela @archdailybr . \n\nAs vota\u00e7\u00f5es est\u00e3o abertas at\u00e9 dia 7 de abril. \nApoia este projeto atrav\u00e9s do link na bio! \n\n\u2022\u2022\n\nThe result of a gesture of balance between human and nature, where the essential takes shape and meaning. \n\nDouro Wood House is nominated for Building of the Year 2026 by ArchDaily Brasil. \n\nVoting is open until April 7. \nSupport this project through the link in bio!\n\n#mjarcarquitetos #arquitetura #architecture #archdaily #greenarchitecture\" aria-hidden=\"true\">\n\t\t<\/a>\n\t<\/div>\n<\/div><div class=\"sbi_item sbi_type_video sbi_new sbi_transition\"\n\tid=\"sbi_18178800310387754\" data-date=\"1775163029\">\n\t<div class=\"sbi_photo_wrap\">\n\t\t<a class=\"sbi_photo\" href=\"https:\/\/www.instagram.com\/reel\/DWpK9rpjEGu\/\" target=\"_blank\" rel=\"noopener nofollow\"\n\t\t\tdata-full-res=\"https:\/\/scontent-lhr8-1.cdninstagram.com\/v\/t51.82787-15\/658208484_18428447728138141_8262457331140144885_n.jpg?stp=dst-jpg_e35_tt6&#038;_nc_cat=107&#038;ccb=7-5&#038;_nc_sid=18de74&#038;efg=eyJlZmdfdGFnIjoiQ0xJUFMuYmVzdF9pbWFnZV91cmxnZW4uQzMifQ%3D%3D&#038;_nc_ohc=DLl1OpDKbb0Q7kNvwG9hEQZ&#038;_nc_oc=Adroo8xgrklHQqZN1rWG7uko0exTH0QEjIBe_QgM0QKmka6UlNxOlkqyrs8oNNXaCYJBzU1VVtUe-XCtbQmS8gnN&#038;_nc_zt=23&#038;_nc_ht=scontent-lhr8-1.cdninstagram.com&#038;edm=AM6HXa8EAAAA&#038;_nc_gid=VmRme7jaQEQWco6mlFMWmw&#038;_nc_tpa=Q5bMBQFaQNZAxIKYNkuD0hS7lFH-0LNbQJZU4RVj4Ui7Hf9PZan--5y1T2-VewPzb_UKkpMH7xf9AhuI&#038;oh=00_Af3oKsAEaXxT6r-HoBIyviRIgQssgRavfzcZJ-5PIYDLwA&#038;oe=69F48EC0\"\n\t\t\tdata-img-src-set=\"{&quot;d&quot;:&quot;https:\\\/\\\/scontent-lhr8-1.cdninstagram.com\\\/v\\\/t51.82787-15\\\/658208484_18428447728138141_8262457331140144885_n.jpg?stp=dst-jpg_e35_tt6&amp;_nc_cat=107&amp;ccb=7-5&amp;_nc_sid=18de74&amp;efg=eyJlZmdfdGFnIjoiQ0xJUFMuYmVzdF9pbWFnZV91cmxnZW4uQzMifQ%3D%3D&amp;_nc_ohc=DLl1OpDKbb0Q7kNvwG9hEQZ&amp;_nc_oc=Adroo8xgrklHQqZN1rWG7uko0exTH0QEjIBe_QgM0QKmka6UlNxOlkqyrs8oNNXaCYJBzU1VVtUe-XCtbQmS8gnN&amp;_nc_zt=23&amp;_nc_ht=scontent-lhr8-1.cdninstagram.com&amp;edm=AM6HXa8EAAAA&amp;_nc_gid=VmRme7jaQEQWco6mlFMWmw&amp;_nc_tpa=Q5bMBQFaQNZAxIKYNkuD0hS7lFH-0LNbQJZU4RVj4Ui7Hf9PZan--5y1T2-VewPzb_UKkpMH7xf9AhuI&amp;oh=00_Af3oKsAEaXxT6r-HoBIyviRIgQssgRavfzcZJ-5PIYDLwA&amp;oe=69F48EC0&quot;,&quot;150&quot;:&quot;https:\\\/\\\/scontent-lhr8-1.cdninstagram.com\\\/v\\\/t51.82787-15\\\/658208484_18428447728138141_8262457331140144885_n.jpg?stp=dst-jpg_e35_tt6&amp;_nc_cat=107&amp;ccb=7-5&amp;_nc_sid=18de74&amp;efg=eyJlZmdfdGFnIjoiQ0xJUFMuYmVzdF9pbWFnZV91cmxnZW4uQzMifQ%3D%3D&amp;_nc_ohc=DLl1OpDKbb0Q7kNvwG9hEQZ&amp;_nc_oc=Adroo8xgrklHQqZN1rWG7uko0exTH0QEjIBe_QgM0QKmka6UlNxOlkqyrs8oNNXaCYJBzU1VVtUe-XCtbQmS8gnN&amp;_nc_zt=23&amp;_nc_ht=scontent-lhr8-1.cdninstagram.com&amp;edm=AM6HXa8EAAAA&amp;_nc_gid=VmRme7jaQEQWco6mlFMWmw&amp;_nc_tpa=Q5bMBQFaQNZAxIKYNkuD0hS7lFH-0LNbQJZU4RVj4Ui7Hf9PZan--5y1T2-VewPzb_UKkpMH7xf9AhuI&amp;oh=00_Af3oKsAEaXxT6r-HoBIyviRIgQssgRavfzcZJ-5PIYDLwA&amp;oe=69F48EC0&quot;,&quot;320&quot;:&quot;https:\\\/\\\/scontent-lhr8-1.cdninstagram.com\\\/v\\\/t51.82787-15\\\/658208484_18428447728138141_8262457331140144885_n.jpg?stp=dst-jpg_e35_tt6&amp;_nc_cat=107&amp;ccb=7-5&amp;_nc_sid=18de74&amp;efg=eyJlZmdfdGFnIjoiQ0xJUFMuYmVzdF9pbWFnZV91cmxnZW4uQzMifQ%3D%3D&amp;_nc_ohc=DLl1OpDKbb0Q7kNvwG9hEQZ&amp;_nc_oc=Adroo8xgrklHQqZN1rWG7uko0exTH0QEjIBe_QgM0QKmka6UlNxOlkqyrs8oNNXaCYJBzU1VVtUe-XCtbQmS8gnN&amp;_nc_zt=23&amp;_nc_ht=scontent-lhr8-1.cdninstagram.com&amp;edm=AM6HXa8EAAAA&amp;_nc_gid=VmRme7jaQEQWco6mlFMWmw&amp;_nc_tpa=Q5bMBQFaQNZAxIKYNkuD0hS7lFH-0LNbQJZU4RVj4Ui7Hf9PZan--5y1T2-VewPzb_UKkpMH7xf9AhuI&amp;oh=00_Af3oKsAEaXxT6r-HoBIyviRIgQssgRavfzcZJ-5PIYDLwA&amp;oe=69F48EC0&quot;,&quot;640&quot;:&quot;https:\\\/\\\/scontent-lhr8-1.cdninstagram.com\\\/v\\\/t51.82787-15\\\/658208484_18428447728138141_8262457331140144885_n.jpg?stp=dst-jpg_e35_tt6&amp;_nc_cat=107&amp;ccb=7-5&amp;_nc_sid=18de74&amp;efg=eyJlZmdfdGFnIjoiQ0xJUFMuYmVzdF9pbWFnZV91cmxnZW4uQzMifQ%3D%3D&amp;_nc_ohc=DLl1OpDKbb0Q7kNvwG9hEQZ&amp;_nc_oc=Adroo8xgrklHQqZN1rWG7uko0exTH0QEjIBe_QgM0QKmka6UlNxOlkqyrs8oNNXaCYJBzU1VVtUe-XCtbQmS8gnN&amp;_nc_zt=23&amp;_nc_ht=scontent-lhr8-1.cdninstagram.com&amp;edm=AM6HXa8EAAAA&amp;_nc_gid=VmRme7jaQEQWco6mlFMWmw&amp;_nc_tpa=Q5bMBQFaQNZAxIKYNkuD0hS7lFH-0LNbQJZU4RVj4Ui7Hf9PZan--5y1T2-VewPzb_UKkpMH7xf9AhuI&amp;oh=00_Af3oKsAEaXxT6r-HoBIyviRIgQssgRavfzcZJ-5PIYDLwA&amp;oe=69F48EC0&quot;}\">\n\t\t\t<span class=\"sbi-screenreader\">No Cicioso Boutique Hotel, o presente e o passado <\/span>\n\t\t\t\t\t\t<svg style=\"color: rgba(255,255,255,1)\" class=\"svg-inline--fa fa-play fa-w-14 sbi_playbtn\" aria-label=\"Play\" aria-hidden=\"true\" data-fa-processed=\"\" data-prefix=\"fa\" data-icon=\"play\" role=\"presentation\" xmlns=\"http:\/\/www.w3.org\/2000\/svg\" viewBox=\"0 0 448 512\"><path fill=\"currentColor\" d=\"M424.4 214.7L72.4 6.6C43.8-10.3 0 6.1 0 47.9V464c0 37.5 40.7 60.1 72.4 41.3l352-208c31.4-18.5 31.5-64.1 0-82.6z\"><\/path><\/svg>\t\t\t<img decoding=\"async\" src=\"https:\/\/mjarc.com\/wp-content\/plugins\/instagram-feed\/img\/placeholder.png\" alt=\"No Cicioso Boutique Hotel, o presente e o passado encontram-se numa rela\u00e7\u00e3o dial\u00e9tica cont\u00ednua. \n\nEntre a mem\u00f3ria herdada e o gesto contempor\u00e2neo, revela-se a abordagem progressiva da MJARC: desenhar conex\u00f5es, aproximar tempos, dar forma ao sil\u00eancio. Cada espa\u00e7o \u00e9 a express\u00e3o de um processo formal que atravessa o tempo simultaneamente ef\u00e9mero e permanente. \n\nUma arquitetura feita por homens e para os homens, onde a mat\u00e9ria, a luz e a p\u00e1tina contam a hist\u00f3ria de uma nova perman\u00eancia. \n\n\u00b7\u00b7 \n\nAt Cicioso Boutique Hotel, present and past meet in a continuous dialectical relationship. \n\nBetween inherited memory and the contemporary gesture, MJARC\u2019s progressive approach is revealed: drawing connections, bringing eras closer, giving shape to silence. Each space is the expression of a formal process that traverses time, simultaneously ephemeral and permanent. \n\nAn architecture made by men and for men, where matter, light, and patina tell the story of a new permanence.\n \n#MJARC #architecture #sustainablearchitecture #arquitetura\" aria-hidden=\"true\">\n\t\t<\/a>\n\t<\/div>\n<\/div><div class=\"sbi_item sbi_type_carousel sbi_new sbi_transition\"\n\tid=\"sbi_17939816079195541\" data-date=\"1774893602\">\n\t<div class=\"sbi_photo_wrap\">\n\t\t<a class=\"sbi_photo\" href=\"https:\/\/www.instagram.com\/p\/DWhJJOHjMnz\/\" target=\"_blank\" rel=\"noopener nofollow\"\n\t\t\tdata-full-res=\"https:\/\/scontent-lhr8-2.cdninstagram.com\/v\/t51.82787-15\/657290659_18427932961138141_4853513629720201249_n.jpg?stp=dst-jpg_e35_tt6&#038;_nc_cat=103&#038;ccb=7-5&#038;_nc_sid=18de74&#038;efg=eyJlZmdfdGFnIjoiQ0FST1VTRUxfSVRFTS5iZXN0X2ltYWdlX3VybGdlbi5DMyJ9&#038;_nc_ohc=0uYj4XELnKIQ7kNvwEYaufy&#038;_nc_oc=AdrDGRT3B2G4lny1s_-9NT7TbL3oUfI2ssywdZvDFEfK-h9z0mmrYr3urNh49Sa4wWAIDPz-ITVedFic1Yq_KVKT&#038;_nc_zt=23&#038;_nc_ht=scontent-lhr8-2.cdninstagram.com&#038;edm=AM6HXa8EAAAA&#038;_nc_gid=VmRme7jaQEQWco6mlFMWmw&#038;oh=00_Af1fYAIYN6wZZiUEKKH8eej8fqtW2nLP6hr-RxHEMrVwbg&#038;oe=69F47B89\"\n\t\t\tdata-img-src-set=\"{&quot;d&quot;:&quot;https:\\\/\\\/scontent-lhr8-2.cdninstagram.com\\\/v\\\/t51.82787-15\\\/657290659_18427932961138141_4853513629720201249_n.jpg?stp=dst-jpg_e35_tt6&amp;_nc_cat=103&amp;ccb=7-5&amp;_nc_sid=18de74&amp;efg=eyJlZmdfdGFnIjoiQ0FST1VTRUxfSVRFTS5iZXN0X2ltYWdlX3VybGdlbi5DMyJ9&amp;_nc_ohc=0uYj4XELnKIQ7kNvwEYaufy&amp;_nc_oc=AdrDGRT3B2G4lny1s_-9NT7TbL3oUfI2ssywdZvDFEfK-h9z0mmrYr3urNh49Sa4wWAIDPz-ITVedFic1Yq_KVKT&amp;_nc_zt=23&amp;_nc_ht=scontent-lhr8-2.cdninstagram.com&amp;edm=AM6HXa8EAAAA&amp;_nc_gid=VmRme7jaQEQWco6mlFMWmw&amp;oh=00_Af1fYAIYN6wZZiUEKKH8eej8fqtW2nLP6hr-RxHEMrVwbg&amp;oe=69F47B89&quot;,&quot;150&quot;:&quot;https:\\\/\\\/scontent-lhr8-2.cdninstagram.com\\\/v\\\/t51.82787-15\\\/657290659_18427932961138141_4853513629720201249_n.jpg?stp=dst-jpg_e35_tt6&amp;_nc_cat=103&amp;ccb=7-5&amp;_nc_sid=18de74&amp;efg=eyJlZmdfdGFnIjoiQ0FST1VTRUxfSVRFTS5iZXN0X2ltYWdlX3VybGdlbi5DMyJ9&amp;_nc_ohc=0uYj4XELnKIQ7kNvwEYaufy&amp;_nc_oc=AdrDGRT3B2G4lny1s_-9NT7TbL3oUfI2ssywdZvDFEfK-h9z0mmrYr3urNh49Sa4wWAIDPz-ITVedFic1Yq_KVKT&amp;_nc_zt=23&amp;_nc_ht=scontent-lhr8-2.cdninstagram.com&amp;edm=AM6HXa8EAAAA&amp;_nc_gid=VmRme7jaQEQWco6mlFMWmw&amp;oh=00_Af1fYAIYN6wZZiUEKKH8eej8fqtW2nLP6hr-RxHEMrVwbg&amp;oe=69F47B89&quot;,&quot;320&quot;:&quot;https:\\\/\\\/scontent-lhr8-2.cdninstagram.com\\\/v\\\/t51.82787-15\\\/657290659_18427932961138141_4853513629720201249_n.jpg?stp=dst-jpg_e35_tt6&amp;_nc_cat=103&amp;ccb=7-5&amp;_nc_sid=18de74&amp;efg=eyJlZmdfdGFnIjoiQ0FST1VTRUxfSVRFTS5iZXN0X2ltYWdlX3VybGdlbi5DMyJ9&amp;_nc_ohc=0uYj4XELnKIQ7kNvwEYaufy&amp;_nc_oc=AdrDGRT3B2G4lny1s_-9NT7TbL3oUfI2ssywdZvDFEfK-h9z0mmrYr3urNh49Sa4wWAIDPz-ITVedFic1Yq_KVKT&amp;_nc_zt=23&amp;_nc_ht=scontent-lhr8-2.cdninstagram.com&amp;edm=AM6HXa8EAAAA&amp;_nc_gid=VmRme7jaQEQWco6mlFMWmw&amp;oh=00_Af1fYAIYN6wZZiUEKKH8eej8fqtW2nLP6hr-RxHEMrVwbg&amp;oe=69F47B89&quot;,&quot;640&quot;:&quot;https:\\\/\\\/scontent-lhr8-2.cdninstagram.com\\\/v\\\/t51.82787-15\\\/657290659_18427932961138141_4853513629720201249_n.jpg?stp=dst-jpg_e35_tt6&amp;_nc_cat=103&amp;ccb=7-5&amp;_nc_sid=18de74&amp;efg=eyJlZmdfdGFnIjoiQ0FST1VTRUxfSVRFTS5iZXN0X2ltYWdlX3VybGdlbi5DMyJ9&amp;_nc_ohc=0uYj4XELnKIQ7kNvwEYaufy&amp;_nc_oc=AdrDGRT3B2G4lny1s_-9NT7TbL3oUfI2ssywdZvDFEfK-h9z0mmrYr3urNh49Sa4wWAIDPz-ITVedFic1Yq_KVKT&amp;_nc_zt=23&amp;_nc_ht=scontent-lhr8-2.cdninstagram.com&amp;edm=AM6HXa8EAAAA&amp;_nc_gid=VmRme7jaQEQWco6mlFMWmw&amp;oh=00_Af1fYAIYN6wZZiUEKKH8eej8fqtW2nLP6hr-RxHEMrVwbg&amp;oe=69F47B89&quot;}\">\n\t\t\t<span class=\"sbi-screenreader\">A Douro Wood House foi nomeada para Obra do Ano 20<\/span>\n\t\t\t<svg class=\"svg-inline--fa fa-clone fa-w-16 sbi_lightbox_carousel_icon\" aria-hidden=\"true\" aria-label=\"Clone\" data-fa-pro\u0192cessed=\"\" data-prefix=\"far\" data-icon=\"clone\" role=\"img\" xmlns=\"http:\/\/www.w3.org\/2000\/svg\" viewBox=\"0 0 512 512\">\n                    <path fill=\"currentColor\" d=\"M464 0H144c-26.51 0-48 21.49-48 48v48H48c-26.51 0-48 21.49-48 48v320c0 26.51 21.49 48 48 48h320c26.51 0 48-21.49 48-48v-48h48c26.51 0 48-21.49 48-48V48c0-26.51-21.49-48-48-48zM362 464H54a6 6 0 0 1-6-6V150a6 6 0 0 1 6-6h42v224c0 26.51 21.49 48 48 48h224v42a6 6 0 0 1-6 6zm96-96H150a6 6 0 0 1-6-6V54a6 6 0 0 1 6-6h308a6 6 0 0 1 6 6v308a6 6 0 0 1-6 6z\"><\/path>\n                <\/svg>\t\t\t\t\t\t<img decoding=\"async\" src=\"https:\/\/mjarc.com\/wp-content\/plugins\/instagram-feed\/img\/placeholder.png\" alt=\"A Douro Wood House foi nomeada para Obra do Ano 2026 pela @archdailybr \n\nMais do que uma nomea\u00e7\u00e3o, este \u00e9 um reconhecimento da arquitetura portuguesa que sabe ouvir o sil\u00eancio e respeitar a mat\u00e9ria.\n\nEsta n\u00e3o \u00e9 apenas uma casa \u00e9 um manifesto de harmonia entre o ser humano e a natureza, onde cada detalhe em madeira e cada abertura na cobertura celebram a vida que j\u00e1 habitava o lugar.\n\nContamos com o vosso apoio. As vota\u00e7\u00f5es terminam dia 7 de abril.\n\nVota atrav\u00e9s do link na bio.\n\nDouro Wood House has been nominated for Building of the Year 2026 by @archdailybr\n\nBeyond a nomination, this is a recognition of Portuguese architecture that knows how to listen to the silence and respect the material.\n\nThis is not just a house; it is a manifesto of harmony between humans and nature, where every timber detail and every roof opening celebrates the life that already inhabited the site.\n\nWe count on your support. Voting ends on April 7th.\n\nVote through the link in our bio.\n\n#archdaily #architecture\" aria-hidden=\"true\">\n\t\t<\/a>\n\t<\/div>\n<\/div><div class=\"sbi_item sbi_type_video sbi_new sbi_transition\"\n\tid=\"sbi_18161383240425090\" data-date=\"1774724409\">\n\t<div class=\"sbi_photo_wrap\">\n\t\t<a class=\"sbi_photo\" href=\"https:\/\/www.instagram.com\/reel\/DWcGfkPNPGi\/\" target=\"_blank\" rel=\"noopener nofollow\"\n\t\t\tdata-full-res=\"https:\/\/scontent-lhr8-2.cdninstagram.com\/v\/t51.82787-15\/657246686_18427455274138141_2362971268642563825_n.jpg?stp=dst-jpg_e35_tt6&#038;_nc_cat=103&#038;ccb=7-5&#038;_nc_sid=18de74&#038;efg=eyJlZmdfdGFnIjoiQ0xJUFMuYmVzdF9pbWFnZV91cmxnZW4uQzMifQ%3D%3D&#038;_nc_ohc=iuBjxhB4ir8Q7kNvwHf_3rR&#038;_nc_oc=AdoxrqjleG9Svp_0yELlFw_2lC-BboddnN8m19Og9XZMMno1aj4yaXkOK89Dnjf4uJJ0_a3tAX5Pqi5hr28w4qAm&#038;_nc_zt=23&#038;_nc_ht=scontent-lhr8-2.cdninstagram.com&#038;edm=AM6HXa8EAAAA&#038;_nc_gid=VmRme7jaQEQWco6mlFMWmw&#038;_nc_tpa=Q5bMBQHrOTWAPRDJyum6Lz2B8cVUta7SX7mQbHiTC0hiUsEHW0NfOeBl2e3AOuBHaO1indzMt645jq9M&#038;oh=00_Af0LFyulzC8bnhPJhDHWlLukq2ltmVPffgEJ3-VlO1sJkA&#038;oe=69F48F32\"\n\t\t\tdata-img-src-set=\"{&quot;d&quot;:&quot;https:\\\/\\\/scontent-lhr8-2.cdninstagram.com\\\/v\\\/t51.82787-15\\\/657246686_18427455274138141_2362971268642563825_n.jpg?stp=dst-jpg_e35_tt6&amp;_nc_cat=103&amp;ccb=7-5&amp;_nc_sid=18de74&amp;efg=eyJlZmdfdGFnIjoiQ0xJUFMuYmVzdF9pbWFnZV91cmxnZW4uQzMifQ%3D%3D&amp;_nc_ohc=iuBjxhB4ir8Q7kNvwHf_3rR&amp;_nc_oc=AdoxrqjleG9Svp_0yELlFw_2lC-BboddnN8m19Og9XZMMno1aj4yaXkOK89Dnjf4uJJ0_a3tAX5Pqi5hr28w4qAm&amp;_nc_zt=23&amp;_nc_ht=scontent-lhr8-2.cdninstagram.com&amp;edm=AM6HXa8EAAAA&amp;_nc_gid=VmRme7jaQEQWco6mlFMWmw&amp;_nc_tpa=Q5bMBQHrOTWAPRDJyum6Lz2B8cVUta7SX7mQbHiTC0hiUsEHW0NfOeBl2e3AOuBHaO1indzMt645jq9M&amp;oh=00_Af0LFyulzC8bnhPJhDHWlLukq2ltmVPffgEJ3-VlO1sJkA&amp;oe=69F48F32&quot;,&quot;150&quot;:&quot;https:\\\/\\\/scontent-lhr8-2.cdninstagram.com\\\/v\\\/t51.82787-15\\\/657246686_18427455274138141_2362971268642563825_n.jpg?stp=dst-jpg_e35_tt6&amp;_nc_cat=103&amp;ccb=7-5&amp;_nc_sid=18de74&amp;efg=eyJlZmdfdGFnIjoiQ0xJUFMuYmVzdF9pbWFnZV91cmxnZW4uQzMifQ%3D%3D&amp;_nc_ohc=iuBjxhB4ir8Q7kNvwHf_3rR&amp;_nc_oc=AdoxrqjleG9Svp_0yELlFw_2lC-BboddnN8m19Og9XZMMno1aj4yaXkOK89Dnjf4uJJ0_a3tAX5Pqi5hr28w4qAm&amp;_nc_zt=23&amp;_nc_ht=scontent-lhr8-2.cdninstagram.com&amp;edm=AM6HXa8EAAAA&amp;_nc_gid=VmRme7jaQEQWco6mlFMWmw&amp;_nc_tpa=Q5bMBQHrOTWAPRDJyum6Lz2B8cVUta7SX7mQbHiTC0hiUsEHW0NfOeBl2e3AOuBHaO1indzMt645jq9M&amp;oh=00_Af0LFyulzC8bnhPJhDHWlLukq2ltmVPffgEJ3-VlO1sJkA&amp;oe=69F48F32&quot;,&quot;320&quot;:&quot;https:\\\/\\\/scontent-lhr8-2.cdninstagram.com\\\/v\\\/t51.82787-15\\\/657246686_18427455274138141_2362971268642563825_n.jpg?stp=dst-jpg_e35_tt6&amp;_nc_cat=103&amp;ccb=7-5&amp;_nc_sid=18de74&amp;efg=eyJlZmdfdGFnIjoiQ0xJUFMuYmVzdF9pbWFnZV91cmxnZW4uQzMifQ%3D%3D&amp;_nc_ohc=iuBjxhB4ir8Q7kNvwHf_3rR&amp;_nc_oc=AdoxrqjleG9Svp_0yELlFw_2lC-BboddnN8m19Og9XZMMno1aj4yaXkOK89Dnjf4uJJ0_a3tAX5Pqi5hr28w4qAm&amp;_nc_zt=23&amp;_nc_ht=scontent-lhr8-2.cdninstagram.com&amp;edm=AM6HXa8EAAAA&amp;_nc_gid=VmRme7jaQEQWco6mlFMWmw&amp;_nc_tpa=Q5bMBQHrOTWAPRDJyum6Lz2B8cVUta7SX7mQbHiTC0hiUsEHW0NfOeBl2e3AOuBHaO1indzMt645jq9M&amp;oh=00_Af0LFyulzC8bnhPJhDHWlLukq2ltmVPffgEJ3-VlO1sJkA&amp;oe=69F48F32&quot;,&quot;640&quot;:&quot;https:\\\/\\\/scontent-lhr8-2.cdninstagram.com\\\/v\\\/t51.82787-15\\\/657246686_18427455274138141_2362971268642563825_n.jpg?stp=dst-jpg_e35_tt6&amp;_nc_cat=103&amp;ccb=7-5&amp;_nc_sid=18de74&amp;efg=eyJlZmdfdGFnIjoiQ0xJUFMuYmVzdF9pbWFnZV91cmxnZW4uQzMifQ%3D%3D&amp;_nc_ohc=iuBjxhB4ir8Q7kNvwHf_3rR&amp;_nc_oc=AdoxrqjleG9Svp_0yELlFw_2lC-BboddnN8m19Og9XZMMno1aj4yaXkOK89Dnjf4uJJ0_a3tAX5Pqi5hr28w4qAm&amp;_nc_zt=23&amp;_nc_ht=scontent-lhr8-2.cdninstagram.com&amp;edm=AM6HXa8EAAAA&amp;_nc_gid=VmRme7jaQEQWco6mlFMWmw&amp;_nc_tpa=Q5bMBQHrOTWAPRDJyum6Lz2B8cVUta7SX7mQbHiTC0hiUsEHW0NfOeBl2e3AOuBHaO1indzMt645jq9M&amp;oh=00_Af0LFyulzC8bnhPJhDHWlLukq2ltmVPffgEJ3-VlO1sJkA&amp;oe=69F48F32&quot;}\">\n\t\t\t<span class=\"sbi-screenreader\">No papel, o projeto \u00e9 perfeito, mas na obra, a mat<\/span>\n\t\t\t\t\t\t<svg style=\"color: rgba(255,255,255,1)\" class=\"svg-inline--fa fa-play fa-w-14 sbi_playbtn\" aria-label=\"Play\" aria-hidden=\"true\" data-fa-processed=\"\" data-prefix=\"fa\" data-icon=\"play\" role=\"presentation\" xmlns=\"http:\/\/www.w3.org\/2000\/svg\" viewBox=\"0 0 448 512\"><path fill=\"currentColor\" d=\"M424.4 214.7L72.4 6.6C43.8-10.3 0 6.1 0 47.9V464c0 37.5 40.7 60.1 72.4 41.3l352-208c31.4-18.5 31.5-64.1 0-82.6z\"><\/path><\/svg>\t\t\t<img decoding=\"async\" src=\"https:\/\/mjarc.com\/wp-content\/plugins\/instagram-feed\/img\/placeholder.png\" alt=\"No papel, o projeto \u00e9 perfeito, mas na obra, a mat\u00e9ria imp\u00f5e os seus pr\u00f3prios desafios.\n\nAcompanhar a evolu\u00e7\u00e3o de um projeto com frequ\u00eancia n\u00e3o \u00e9 apenas uma quest\u00e3o de fiscaliza\u00e7\u00e3o t\u00e9cnica, \u00e9 um exerc\u00edcio de orienta\u00e7\u00e3o constante. Entre o desenho original e a execu\u00e7\u00e3o final, surgem imprevistos topogr\u00e1ficos, nuances de luz e di\u00e1logos entre materiais que exigem uma resposta imediata e sens\u00edvel.\n\nEstar presente \u00e9 garantir que o que plane\u00e1mos se concretiza com rigor.\n\nOn paper, a project is seamless, but on-site, the material imposes its own challenges.\n\nFrequent presence during a project\u2019s evolution is more than technical oversight; it is an exercise in constant guidance. Between the original drawing and the final execution, topographic unpredictability, nuances of light, and dialogues between materials emerge, demanding an immediate and sensitive response.\n\nBeing present is the only way to ensure that what we envisioned is realized with rigor.\n\n#MJARC #SustainableDesign #ArquiteturaPortuguesa #Architecture\" aria-hidden=\"true\">\n\t\t<\/a>\n\t<\/div>\n<\/div>\t<\/div>\n\n\t<div id=\"sbi_load\" >\n\n\t\n\t\n<\/div>\n\t\t<span class=\"sbi_resized_image_data\" data-feed-id=\"*1\"\n\t\t  data-resized=\"{&quot;18116352277655002&quot;:{&quot;id&quot;:&quot;658102528_1604335244190192_713673024781685041_n&quot;,&quot;ratio&quot;:&quot;0.56&quot;,&quot;sizes&quot;:{&quot;full&quot;:640,&quot;low&quot;:320,&quot;thumb&quot;:150},&quot;extension&quot;:&quot;.webp&quot;},&quot;18178800310387754&quot;:{&quot;id&quot;:&quot;658208484_18428447728138141_8262457331140144885_n&quot;,&quot;ratio&quot;:&quot;0.56&quot;,&quot;sizes&quot;:{&quot;full&quot;:640,&quot;low&quot;:320,&quot;thumb&quot;:150},&quot;extension&quot;:&quot;.webp&quot;},&quot;17939816079195541&quot;:{&quot;id&quot;:&quot;657290659_18427932961138141_4853513629720201249_n&quot;,&quot;ratio&quot;:&quot;0.80&quot;,&quot;sizes&quot;:{&quot;full&quot;:640,&quot;low&quot;:320,&quot;thumb&quot;:150},&quot;extension&quot;:&quot;.webp&quot;},&quot;18161383240425090&quot;:{&quot;id&quot;:&quot;657246686_18427455274138141_2362971268642563825_n&quot;,&quot;ratio&quot;:&quot;0.56&quot;,&quot;sizes&quot;:{&quot;full&quot;:640,&quot;low&quot;:320,&quot;thumb&quot;:150},&quot;extension&quot;:&quot;.webp&quot;},&quot;18086262176339877&quot;:{&quot;id&quot;:&quot;669896642_808253048564434_6415682593908450366_n&quot;,&quot;ratio&quot;:&quot;0.56&quot;,&quot;sizes&quot;:{&quot;full&quot;:640,&quot;low&quot;:320,&quot;thumb&quot;:150},&quot;extension&quot;:&quot;.webp&quot;},&quot;17956463805119937&quot;:{&quot;id&quot;:&quot;672081210_1556693699791430_7499982944882298758_n&quot;,&quot;ratio&quot;:&quot;0.80&quot;,&quot;sizes&quot;:{&quot;full&quot;:640,&quot;low&quot;:320,&quot;thumb&quot;:150},&quot;extension&quot;:&quot;.webp&quot;}}\">\n\t<\/span>\n\t<\/div>\n\n[\/vc_column_text][\/vc_column][\/vc_row]<\/p>\n","protected":false},"excerpt":{"rendered":"<p>[vc_row][vc_column][vc_column_text el_class=\u00a0\u00bbservi-titulo\u00a0\u00bb] Services [\/vc_column_text][\/vc_column][\/vc_row][vc_row el_class=\u00a0\u00bbcontactos-esp\u00a0\u00bb][vc_column][vc_tta_accordion active_section=\u00a0\u00bb-1&Prime; no_fill=\u00a0\u00bbtrue\u00a0\u00bb collapsible_all=\u00a0\u00bbtrue\u00a0\u00bb][vc_tta_section title=\u00a0\u00bbURBANISME\u00a0\u00bb tab_id=\u00a0\u00bb1693817398194-b2793998-ac50&Prime; el_class=\u00a0\u00bbclass-extra-accor\u00a0\u00bb][vc_column_text]Nous cr\u00e9ons des projets urbains qui transforment l\u2019espace public. Chez MJARC, nous associons esth\u00e9tique, optimisation de l\u2019espace et qualit\u00e9 de vie afin de concevoir des infrastructures adapt\u00e9es aux besoins r\u00e9els des communaut\u00e9s. De la planification au dessin urbain, nous proposons des solutions qui rendent l\u2019espace [&hellip;]<\/p>\n<p class=\"read-more\"><a class=\"button\" href=\"https:\/\/mjarc.com\/fr\/services\/\">Lire la suite<\/a><\/p>\n","protected":false},"author":1,"featured_media":0,"parent":0,"menu_order":0,"comment_status":"closed","ping_status":"closed","template":"","meta":{"_monsterinsights_skip_tracking":false,"_monsterinsights_sitenote_active":false,"_monsterinsights_sitenote_note":"","_monsterinsights_sitenote_category":0,"footnotes":""},"class_list":["post-5464","page","type-page","status-publish","hentry"],"yoast_head":"<!-- This site is optimized with the Yoast SEO plugin v27.3 - https:\/\/yoast.com\/product\/yoast-seo-wordpress\/ -->\n<title>Bureau d&#039;architecture - Services d&#039;architecture et d&#039;urbanisme<\/title>\n<meta name=\"description\" content=\"Le bureau d&#039;architecture du Mjarc est pr\u00e9sent dans une gamme de services : architecture, urbanisme, architecture d&#039;int\u00e9rieur et contr\u00f4le de construction.\" \/>\n<meta name=\"robots\" content=\"index, follow, max-snippet:-1, max-image-preview:large, max-video-preview:-1\" \/>\n<link rel=\"canonical\" href=\"https:\/\/mjarc.com\/fr\/services\/\" \/>\n<meta property=\"og:locale\" content=\"fr_FR\" \/>\n<meta property=\"og:type\" content=\"article\" \/>\n<meta property=\"og:title\" content=\"Bureau d&#039;architecture - Services d&#039;architecture et d&#039;urbanisme\" \/>\n<meta property=\"og:description\" content=\"Le bureau d&#039;architecture du Mjarc est pr\u00e9sent dans une gamme de services : architecture, urbanisme, architecture d&#039;int\u00e9rieur et contr\u00f4le de construction.\" \/>\n<meta property=\"og:url\" content=\"https:\/\/mjarc.com\/fr\/services\/\" \/>\n<meta property=\"og:site_name\" content=\"Mjarc\" \/>\n<meta property=\"article:publisher\" content=\"https:\/\/www.facebook.com\/mjarc.arquitectos\/\" \/>\n<meta property=\"article:modified_time\" content=\"2025-09-26T10:14:53+00:00\" \/>\n<meta name=\"twitter:card\" content=\"summary_large_image\" \/>\n<meta name=\"twitter:label1\" content=\"Dur\u00e9e de lecture estim\u00e9e\" \/>\n\t<meta name=\"twitter:data1\" content=\"3 minutes\" \/>\n<script type=\"application\/ld+json\" class=\"yoast-schema-graph\">{\"@context\":\"https:\\\/\\\/schema.org\",\"@graph\":[{\"@type\":\"WebPage\",\"@id\":\"https:\\\/\\\/mjarc.com\\\/fr\\\/services\\\/\",\"url\":\"https:\\\/\\\/mjarc.com\\\/fr\\\/services\\\/\",\"name\":\"Bureau d'architecture - Services d'architecture et d'urbanisme\",\"isPartOf\":{\"@id\":\"https:\\\/\\\/mjarc.com\\\/fr\\\/#website\"},\"datePublished\":\"2023-09-04T08:33:09+00:00\",\"dateModified\":\"2025-09-26T10:14:53+00:00\",\"description\":\"Le bureau d'architecture du Mjarc est pr\u00e9sent dans une gamme de services : architecture, urbanisme, architecture d'int\u00e9rieur et contr\u00f4le de construction.\",\"breadcrumb\":{\"@id\":\"https:\\\/\\\/mjarc.com\\\/fr\\\/services\\\/#breadcrumb\"},\"inLanguage\":\"fr-FR\",\"potentialAction\":[{\"@type\":\"ReadAction\",\"target\":[\"https:\\\/\\\/mjarc.com\\\/fr\\\/services\\\/\"]}]},{\"@type\":\"BreadcrumbList\",\"@id\":\"https:\\\/\\\/mjarc.com\\\/fr\\\/services\\\/#breadcrumb\",\"itemListElement\":[{\"@type\":\"ListItem\",\"position\":1,\"name\":\"In\u00edcio\",\"item\":\"https:\\\/\\\/mjarc.com\\\/fr\\\/\"},{\"@type\":\"ListItem\",\"position\":2,\"name\":\"SERVICES\"}]},{\"@type\":\"WebSite\",\"@id\":\"https:\\\/\\\/mjarc.com\\\/fr\\\/#website\",\"url\":\"https:\\\/\\\/mjarc.com\\\/fr\\\/\",\"name\":\"Mjarc\",\"description\":\"\",\"publisher\":{\"@id\":\"https:\\\/\\\/mjarc.com\\\/fr\\\/#organization\"},\"potentialAction\":[{\"@type\":\"SearchAction\",\"target\":{\"@type\":\"EntryPoint\",\"urlTemplate\":\"https:\\\/\\\/mjarc.com\\\/fr\\\/?s={search_term_string}\"},\"query-input\":{\"@type\":\"PropertyValueSpecification\",\"valueRequired\":true,\"valueName\":\"search_term_string\"}}],\"inLanguage\":\"fr-FR\"},{\"@type\":\"Organization\",\"@id\":\"https:\\\/\\\/mjarc.com\\\/fr\\\/#organization\",\"name\":\"Mjarc\",\"url\":\"https:\\\/\\\/mjarc.com\\\/fr\\\/\",\"logo\":{\"@type\":\"ImageObject\",\"inLanguage\":\"fr-FR\",\"@id\":\"https:\\\/\\\/mjarc.com\\\/fr\\\/#\\\/schema\\\/logo\\\/image\\\/\",\"url\":\"https:\\\/\\\/mjarc.com\\\/wp-content\\\/uploads\\\/2023\\\/08\\\/logo_black_1.png\",\"contentUrl\":\"https:\\\/\\\/mjarc.com\\\/wp-content\\\/uploads\\\/2023\\\/08\\\/logo_black_1.png\",\"width\":130,\"height\":130,\"caption\":\"Mjarc\"},\"image\":{\"@id\":\"https:\\\/\\\/mjarc.com\\\/fr\\\/#\\\/schema\\\/logo\\\/image\\\/\"},\"sameAs\":[\"https:\\\/\\\/www.facebook.com\\\/mjarc.arquitectos\\\/\",\"https:\\\/\\\/www.instagram.com\\\/mjarc.arq\\\/\"]}]}<\/script>\n<!-- \/ Yoast SEO plugin. -->","yoast_head_json":{"title":"Bureau d'architecture - Services d'architecture et d'urbanisme","description":"Le bureau d'architecture du Mjarc est pr\u00e9sent dans une gamme de services : architecture, urbanisme, architecture d'int\u00e9rieur et contr\u00f4le de construction.","robots":{"index":"index","follow":"follow","max-snippet":"max-snippet:-1","max-image-preview":"max-image-preview:large","max-video-preview":"max-video-preview:-1"},"canonical":"https:\/\/mjarc.com\/fr\/services\/","og_locale":"fr_FR","og_type":"article","og_title":"Bureau d'architecture - Services d'architecture et d'urbanisme","og_description":"Le bureau d'architecture du Mjarc est pr\u00e9sent dans une gamme de services : architecture, urbanisme, architecture d'int\u00e9rieur et contr\u00f4le de construction.","og_url":"https:\/\/mjarc.com\/fr\/services\/","og_site_name":"Mjarc","article_publisher":"https:\/\/www.facebook.com\/mjarc.arquitectos\/","article_modified_time":"2025-09-26T10:14:53+00:00","twitter_card":"summary_large_image","twitter_misc":{"Dur\u00e9e de lecture estim\u00e9e":"3 minutes"},"schema":{"@context":"https:\/\/schema.org","@graph":[{"@type":"WebPage","@id":"https:\/\/mjarc.com\/fr\/services\/","url":"https:\/\/mjarc.com\/fr\/services\/","name":"Bureau d'architecture - Services d'architecture et d'urbanisme","isPartOf":{"@id":"https:\/\/mjarc.com\/fr\/#website"},"datePublished":"2023-09-04T08:33:09+00:00","dateModified":"2025-09-26T10:14:53+00:00","description":"Le bureau d'architecture du Mjarc est pr\u00e9sent dans une gamme de services : architecture, urbanisme, architecture d'int\u00e9rieur et contr\u00f4le de construction.","breadcrumb":{"@id":"https:\/\/mjarc.com\/fr\/services\/#breadcrumb"},"inLanguage":"fr-FR","potentialAction":[{"@type":"ReadAction","target":["https:\/\/mjarc.com\/fr\/services\/"]}]},{"@type":"BreadcrumbList","@id":"https:\/\/mjarc.com\/fr\/services\/#breadcrumb","itemListElement":[{"@type":"ListItem","position":1,"name":"In\u00edcio","item":"https:\/\/mjarc.com\/fr\/"},{"@type":"ListItem","position":2,"name":"SERVICES"}]},{"@type":"WebSite","@id":"https:\/\/mjarc.com\/fr\/#website","url":"https:\/\/mjarc.com\/fr\/","name":"Mjarc","description":"","publisher":{"@id":"https:\/\/mjarc.com\/fr\/#organization"},"potentialAction":[{"@type":"SearchAction","target":{"@type":"EntryPoint","urlTemplate":"https:\/\/mjarc.com\/fr\/?s={search_term_string}"},"query-input":{"@type":"PropertyValueSpecification","valueRequired":true,"valueName":"search_term_string"}}],"inLanguage":"fr-FR"},{"@type":"Organization","@id":"https:\/\/mjarc.com\/fr\/#organization","name":"Mjarc","url":"https:\/\/mjarc.com\/fr\/","logo":{"@type":"ImageObject","inLanguage":"fr-FR","@id":"https:\/\/mjarc.com\/fr\/#\/schema\/logo\/image\/","url":"https:\/\/mjarc.com\/wp-content\/uploads\/2023\/08\/logo_black_1.png","contentUrl":"https:\/\/mjarc.com\/wp-content\/uploads\/2023\/08\/logo_black_1.png","width":130,"height":130,"caption":"Mjarc"},"image":{"@id":"https:\/\/mjarc.com\/fr\/#\/schema\/logo\/image\/"},"sameAs":["https:\/\/www.facebook.com\/mjarc.arquitectos\/","https:\/\/www.instagram.com\/mjarc.arq\/"]}]}},"_links":{"self":[{"href":"https:\/\/mjarc.com\/fr\/wp-json\/wp\/v2\/pages\/5464","targetHints":{"allow":["GET"]}}],"collection":[{"href":"https:\/\/mjarc.com\/fr\/wp-json\/wp\/v2\/pages"}],"about":[{"href":"https:\/\/mjarc.com\/fr\/wp-json\/wp\/v2\/types\/page"}],"author":[{"embeddable":true,"href":"https:\/\/mjarc.com\/fr\/wp-json\/wp\/v2\/users\/1"}],"replies":[{"embeddable":true,"href":"https:\/\/mjarc.com\/fr\/wp-json\/wp\/v2\/comments?post=5464"}],"version-history":[{"count":10,"href":"https:\/\/mjarc.com\/fr\/wp-json\/wp\/v2\/pages\/5464\/revisions"}],"predecessor-version":[{"id":14842,"href":"https:\/\/mjarc.com\/fr\/wp-json\/wp\/v2\/pages\/5464\/revisions\/14842"}],"wp:attachment":[{"href":"https:\/\/mjarc.com\/fr\/wp-json\/wp\/v2\/media?parent=5464"}],"curies":[{"name":"wp","href":"https:\/\/api.w.org\/{rel}","templated":true}]}}