{"id":5464,"date":"2023-09-04T08:33:09","date_gmt":"2023-09-04T08:33:09","guid":{"rendered":"http:\/\/mjarc.com\/servicos\/"},"modified":"2025-09-26T10:14:53","modified_gmt":"2025-09-26T10:14:53","slug":"services","status":"publish","type":"page","link":"https:\/\/mjarc.com\/fr\/services\/","title":{"rendered":"SERVICES"},"content":{"rendered":"<p>[vc_row][vc_column][vc_column_text el_class=\u00a0\u00bbservi-titulo\u00a0\u00bb]<\/p>\n<h2>Services<\/h2>\n<p>[\/vc_column_text][\/vc_column][\/vc_row][vc_row el_class=\u00a0\u00bbcontactos-esp\u00a0\u00bb][vc_column][vc_tta_accordion active_section=\u00a0\u00bb-1&Prime; no_fill=\u00a0\u00bbtrue\u00a0\u00bb collapsible_all=\u00a0\u00bbtrue\u00a0\u00bb][vc_tta_section title=\u00a0\u00bbURBANISME\u00a0\u00bb tab_id=\u00a0\u00bb1693817398194-b2793998-ac50&Prime; el_class=\u00a0\u00bbclass-extra-accor\u00a0\u00bb][vc_column_text]Nous cr\u00e9ons des projets urbains qui transforment l\u2019espace public. Chez MJARC, nous associons esth\u00e9tique, optimisation de l\u2019espace et qualit\u00e9 de vie afin de concevoir des infrastructures adapt\u00e9es aux besoins r\u00e9els des communaut\u00e9s. De la planification au dessin urbain, nous proposons des solutions qui rendent l\u2019espace public vivant et durable.[\/vc_column_text][\/vc_tta_section][vc_tta_section title=\u00a0\u00bbLOTISSEMENTS\u00a0\u00bb tab_id=\u00a0\u00bb1693816327212-0532c3b3-7183&Prime; el_class=\u00a0\u00bbclass-extra-accor\u00a0\u00bb][vc_column_text]Nous transformons des terrains en projets int\u00e9gr\u00e9s, dans le respect des r\u00e8glements d\u2019urbanisme, en garantissant coh\u00e9rence et fonctionnalit\u00e9. Chaque lotissement est pens\u00e9 en fonction du contexte local, avec des acc\u00e8s, infrastructures et am\u00e9nagements paysagers con\u00e7us pour valoriser le terrain et assurer la durabilit\u00e9 du projet.[\/vc_column_text][\/vc_tta_section][vc_tta_section title=\u00a0\u00bbPLANS D\u00c9TAILL\u00c9S\u00a0\u00bb tab_id=\u00a0\u00bb1693816450596-2848678d-5309&Prime; el_class=\u00a0\u00bbclass-extra-accor\u00a0\u00bb][vc_column_text]Nous \u00e9laborons des Plans de D\u00e9tail d\u00e9finissant clairement toutes les zones d\u2019intervention architecturale et urbaine. Nous concevons fa\u00e7ades, usages du sol, infrastructures et espaces verts afin d\u2019assurer l\u2019harmonie et la coh\u00e9rence de l\u2019image urbaine et de son int\u00e9gration dans l\u2019environnement.[\/vc_column_text][\/vc_tta_section][vc_tta_section title=\u00a0\u00bbARCHITECTURE ET ING\u00c9NIERIE\u00a0\u00bb tab_id=\u00a0\u00bb1693816619287-bd9a25be-856f\u00a0\u00bb el_class=\u00a0\u00bbclass-extra-accor\u00a0\u00bb][vc_column_text]<\/p>\n<p data-start=\"4508\" data-end=\"4592\">Nous r\u00e9alisons des projets complets et personnalis\u00e9s dans diff\u00e9rentes typologies :<\/p>\n<p style=\"padding-left: 40px;\" data-start=\"4595\" data-end=\"4640\">Maisons individuelles, jumel\u00e9es ou en bande<\/p>\n<p style=\"padding-left: 40px;\" data-start=\"4643\" data-end=\"4708\">Immeubles r\u00e9sidentiels, copropri\u00e9t\u00e9s et b\u00e2timents \u00e0 usage mixte<\/p>\n<p style=\"padding-left: 40px;\" data-start=\"4711\" data-end=\"4758\">Bureaux, commerces et espaces de restauration<\/p>\n<p style=\"padding-left: 40px;\" data-start=\"4761\" data-end=\"4845\">Projets touristiques, h\u00f4teliers, villages de vacances, maisons rurales et domaines<\/p>\n<p style=\"padding-left: 40px;\" data-start=\"4848\" data-end=\"4904\">Pavilions industriels, halls d\u2019\u00e9v\u00e9nements et entrep\u00f4ts<\/p>\n<p style=\"padding-left: 40px;\" data-start=\"4907\" data-end=\"4966\">B\u00e2timents publics, h\u00f4pitaux et restauration du patrimoine<\/p>\n<p data-start=\"4968\" data-end=\"5120\">Nous allions rigueur technique et sensibilit\u00e9 esth\u00e9tique afin que chaque projet refl\u00e8te vos besoins, votre mode de vie ou votre identit\u00e9 d\u2019entreprise.<\/p>\n<p>[\/vc_column_text][\/vc_tta_section][vc_tta_section title=\u00a0\u00bbDESIGN D&rsquo;INT\u00c9RIEUR\u00a0\u00bb tab_id=\u00a0\u00bb1693817110158-72db87e8-371f\u00a0\u00bb el_class=\u00a0\u00bbclass-extra-accor\u00a0\u00bb][vc_column_text]Nous sublimons les int\u00e9rieurs gr\u00e2ce \u00e0 des solutions cr\u00e9atives en mati\u00e8re de mobilier, d\u2019\u00e9clairage, de d\u00e9coration et de technologies int\u00e9gr\u00e9es. Nous mettons en \u0153uvre des syst\u00e8mes domotiques et des automatismes qui conjuguent confort, fonctionnalit\u00e9 et \u00e9l\u00e9gance, en adaptant chaque espace \u00e0 son usage et \u00e0 la personnalit\u00e9 du client.[\/vc_column_text][\/vc_tta_section][vc_tta_section title=\u00a0\u00bbLA S\u00c9CURIT\u00c9 INCENDIE\u00a0\u00bb tab_id=\u00a0\u00bb1693817400867-192c1fd0-efe2&Prime; el_class=\u00a0\u00bbclass-extra-accor\u00a0\u00bb][vc_column_text]La s\u00e9curit\u00e9 n\u2019est pas une option \u2014 c\u2019est un engagement. Nous \u00e9laborons des plans de s\u00e9curit\u00e9 incendie et des mesures d\u2019autoprotection adapt\u00e9s aux b\u00e2timents, espaces publics et commerces. Nous garantissons la conformit\u00e9 r\u00e9glementaire et la protection maximale des personnes, des biens et des activit\u00e9s.[\/vc_column_text][\/vc_tta_section][vc_tta_section title=\u00a0\u00bbASSISTANCE ET SUPERVISION DES TRAVAUX\u00a0\u00bb tab_id=\u00a0\u00bb1691601924523-fef5fee7-98ca\u00a0\u00bb el_class=\u00a0\u00bbclass-extra-accor\u00a0\u00bb][vc_column_text]<\/p>\n<p data-start=\"5850\" data-end=\"5994\">Nous accompagnons chaque \u00e9tape de la construction afin d\u2019assurer qualit\u00e9, respect des d\u00e9lais et ma\u00eetrise des co\u00fbts. Nos prestations incluent :<\/p>\n<p style=\"padding-left: 40px;\" data-start=\"5997\" data-end=\"6034\">Plans de s\u00e9curit\u00e9 de chantier (HST)<\/p>\n<p style=\"padding-left: 40px;\" data-start=\"6037\" data-end=\"6080\">Relev\u00e9s, m\u00e9tr\u00e9s et estimations d\u00e9taill\u00e9es<\/p>\n<p style=\"padding-left: 40px;\" data-start=\"6083\" data-end=\"6125\">Direction et suivi technique de chantier<\/p>\n<p style=\"padding-left: 40px;\" data-start=\"6128\" data-end=\"6215\">Contr\u00f4le approfondi garantissant la conformit\u00e9 technique, esth\u00e9tique et r\u00e9glementaire<\/p>\n<p>[\/vc_column_text][\/vc_tta_section][vc_tta_section title=\u00a0\u00bbCONSTRUCTION \u00c9CO-DURABLE\u00a0\u00bb tab_id=\u00a0\u00bb1693817409007-9f0f68f2-2ace\u00a0\u00bb el_class=\u00a0\u00bbclass-extra-accor\u00a0\u00bb][vc_column_text]Nous croyons en une architecture responsable qui r\u00e9duit l\u2019impact environnemental. Nous concevons des b\u00e2timents avec des syst\u00e8mes d\u2019\u00e9nergie renouvelable, des mat\u00e9riaux durables et des solutions efficaces de gestion des ressources. Notre objectif : cr\u00e9er des espaces sains, performants et respectueux de l\u2019environnement.[\/vc_column_text][\/vc_tta_section][vc_tta_section title=\u00a0\u00bbTOPOGRAPHIC SURVEYS\u00a0\u00bb tab_id=\u00a0\u00bb1695392618415-f6812b69-2c79&Prime; el_class=\u00a0\u00bbclass-extra-accor\u00a0\u00bb][vc_column_text]Nous r\u00e9alisons des relev\u00e9s topographiques pr\u00e9cis et d\u00e9taill\u00e9s pour appuyer les projets d\u2019urbanisme, d\u2019architecture et d\u2019ing\u00e9nierie. Gr\u00e2ce \u00e0 des technologies modernes et \u00e0 une expertise rigoureuse, nous fournissons cartes, mod\u00e8les num\u00e9riques et rapports topographiques indispensables \u00e0 une planification et une ex\u00e9cution fiables.[\/vc_column_text][\/vc_tta_section][\/vc_tta_accordion][\/vc_column][\/vc_row][vc_row][vc_column][vc_column_text el_class=\u00a0\u00bbtextopedir\u00a0\u00bb]<\/p>\n<p style=\"text-align: center;\"><a href=\"https:\/\/mjarc.com\/fr\/contacts\/\">Demandez votre devis ici<\/a><\/p>\n<p>[\/vc_column_text][\/vc_column][\/vc_row][vc_row full_width=\u00a0\u00bbstretch_row\u00a0\u00bb el_class=\u00a0\u00bbinstafeed\u00a0\u00bb][vc_column][vc_column_text]\n<div id=\"sb_instagram\"  class=\"sbi sbi_mob_col_1 sbi_tab_col_2 sbi_col_6 sbi_width_resp sbi_palette_light\" style=\"padding-bottom: 10px;\"\t data-feedid=\"*1\"  data-res=\"auto\" data-cols=\"6\" data-colsmobile=\"1\" data-colstablet=\"2\" data-num=\"6\" data-nummobile=\"6\" data-item-padding=\"5\"\t data-shortcode-atts=\"{&quot;feed&quot;:&quot;1&quot;}\"  data-postid=\"5464\" data-locatornonce=\"bb3250c8bf\" data-imageaspectratio=\"1:1\" data-sbi-flags=\"favorLocal\">\n\t\n\t<div id=\"sbi_images\"  style=\"gap: 10px;\">\n\t\t<div class=\"sbi_item sbi_type_carousel sbi_new sbi_transition\"\n\tid=\"sbi_18408852721158899\" data-date=\"1787944802\">\n\t<div class=\"sbi_photo_wrap\">\n\t\t<a class=\"sbi_photo\" href=\"https:\/\/www.instagram.com\/p\/DcmGXQEjHIy\/\" target=\"_blank\" rel=\"noopener nofollow\"\n\t\t\tdata-full-res=\"https:\/\/scontent-man2-1.cdninstagram.com\/v\/t51.82787-15\/774266100_18451368553138141_1269606107911580581_n.jpg?stp=dst-jpg_e35_tt6&#038;_nc_cat=102&#038;ccb=7-5&#038;_nc_sid=18de74&#038;efg=eyJlZmdfdGFnIjoiQ0FST1VTRUxfSVRFTS5iZXN0X2ltYWdlX3VybGdlbi5DMyJ9&#038;_nc_ohc=86h6YCXVKywQ7kNvwGSnuqg&#038;_nc_oc=AdrOjpBvjKxI9FxJGq1Z8TqTc8W84EWW1X3wi_h-5DBUtq59pczKuhXpqAyQnVNKcBWp09UKI0pIdNB9p0qBuo2L&#038;_nc_zt=23&#038;_nc_ht=scontent-man2-1.cdninstagram.com&#038;edm=AM6HXa8EAAAA&#038;_nc_gid=XO1GOXz7EbBr0IDOgyNe0Q&#038;oh=00_AQLAZSrHjNDnv72EWXNgMbRnhAAIYib6Crt6iKWkV2wILQ&#038;oe=6A9A9C99\"\n\t\t\tdata-img-src-set=\"{&quot;d&quot;:&quot;https:\\\/\\\/scontent-man2-1.cdninstagram.com\\\/v\\\/t51.82787-15\\\/774266100_18451368553138141_1269606107911580581_n.jpg?stp=dst-jpg_e35_tt6&amp;_nc_cat=102&amp;ccb=7-5&amp;_nc_sid=18de74&amp;efg=eyJlZmdfdGFnIjoiQ0FST1VTRUxfSVRFTS5iZXN0X2ltYWdlX3VybGdlbi5DMyJ9&amp;_nc_ohc=86h6YCXVKywQ7kNvwGSnuqg&amp;_nc_oc=AdrOjpBvjKxI9FxJGq1Z8TqTc8W84EWW1X3wi_h-5DBUtq59pczKuhXpqAyQnVNKcBWp09UKI0pIdNB9p0qBuo2L&amp;_nc_zt=23&amp;_nc_ht=scontent-man2-1.cdninstagram.com&amp;edm=AM6HXa8EAAAA&amp;_nc_gid=XO1GOXz7EbBr0IDOgyNe0Q&amp;oh=00_AQLAZSrHjNDnv72EWXNgMbRnhAAIYib6Crt6iKWkV2wILQ&amp;oe=6A9A9C99&quot;,&quot;150&quot;:&quot;https:\\\/\\\/scontent-man2-1.cdninstagram.com\\\/v\\\/t51.82787-15\\\/774266100_18451368553138141_1269606107911580581_n.jpg?stp=dst-jpg_e35_tt6&amp;_nc_cat=102&amp;ccb=7-5&amp;_nc_sid=18de74&amp;efg=eyJlZmdfdGFnIjoiQ0FST1VTRUxfSVRFTS5iZXN0X2ltYWdlX3VybGdlbi5DMyJ9&amp;_nc_ohc=86h6YCXVKywQ7kNvwGSnuqg&amp;_nc_oc=AdrOjpBvjKxI9FxJGq1Z8TqTc8W84EWW1X3wi_h-5DBUtq59pczKuhXpqAyQnVNKcBWp09UKI0pIdNB9p0qBuo2L&amp;_nc_zt=23&amp;_nc_ht=scontent-man2-1.cdninstagram.com&amp;edm=AM6HXa8EAAAA&amp;_nc_gid=XO1GOXz7EbBr0IDOgyNe0Q&amp;oh=00_AQLAZSrHjNDnv72EWXNgMbRnhAAIYib6Crt6iKWkV2wILQ&amp;oe=6A9A9C99&quot;,&quot;320&quot;:&quot;https:\\\/\\\/scontent-man2-1.cdninstagram.com\\\/v\\\/t51.82787-15\\\/774266100_18451368553138141_1269606107911580581_n.jpg?stp=dst-jpg_e35_tt6&amp;_nc_cat=102&amp;ccb=7-5&amp;_nc_sid=18de74&amp;efg=eyJlZmdfdGFnIjoiQ0FST1VTRUxfSVRFTS5iZXN0X2ltYWdlX3VybGdlbi5DMyJ9&amp;_nc_ohc=86h6YCXVKywQ7kNvwGSnuqg&amp;_nc_oc=AdrOjpBvjKxI9FxJGq1Z8TqTc8W84EWW1X3wi_h-5DBUtq59pczKuhXpqAyQnVNKcBWp09UKI0pIdNB9p0qBuo2L&amp;_nc_zt=23&amp;_nc_ht=scontent-man2-1.cdninstagram.com&amp;edm=AM6HXa8EAAAA&amp;_nc_gid=XO1GOXz7EbBr0IDOgyNe0Q&amp;oh=00_AQLAZSrHjNDnv72EWXNgMbRnhAAIYib6Crt6iKWkV2wILQ&amp;oe=6A9A9C99&quot;,&quot;640&quot;:&quot;https:\\\/\\\/scontent-man2-1.cdninstagram.com\\\/v\\\/t51.82787-15\\\/774266100_18451368553138141_1269606107911580581_n.jpg?stp=dst-jpg_e35_tt6&amp;_nc_cat=102&amp;ccb=7-5&amp;_nc_sid=18de74&amp;efg=eyJlZmdfdGFnIjoiQ0FST1VTRUxfSVRFTS5iZXN0X2ltYWdlX3VybGdlbi5DMyJ9&amp;_nc_ohc=86h6YCXVKywQ7kNvwGSnuqg&amp;_nc_oc=AdrOjpBvjKxI9FxJGq1Z8TqTc8W84EWW1X3wi_h-5DBUtq59pczKuhXpqAyQnVNKcBWp09UKI0pIdNB9p0qBuo2L&amp;_nc_zt=23&amp;_nc_ht=scontent-man2-1.cdninstagram.com&amp;edm=AM6HXa8EAAAA&amp;_nc_gid=XO1GOXz7EbBr0IDOgyNe0Q&amp;oh=00_AQLAZSrHjNDnv72EWXNgMbRnhAAIYib6Crt6iKWkV2wILQ&amp;oe=6A9A9C99&quot;}\">\n\t\t\t<span class=\"sbi-screenreader\">Casa em Fontes | MJARC Arquitetos  Na Casa em Font<\/span>\n\t\t\t<svg class=\"svg-inline--fa fa-clone fa-w-16 sbi_lightbox_carousel_icon\" aria-hidden=\"true\" aria-label=\"Clone\" data-fa-pro\u0192cessed=\"\" data-prefix=\"far\" data-icon=\"clone\" role=\"img\" xmlns=\"http:\/\/www.w3.org\/2000\/svg\" viewBox=\"0 0 512 512\">\n                    <path fill=\"currentColor\" d=\"M464 0H144c-26.51 0-48 21.49-48 48v48H48c-26.51 0-48 21.49-48 48v320c0 26.51 21.49 48 48 48h320c26.51 0 48-21.49 48-48v-48h48c26.51 0 48-21.49 48-48V48c0-26.51-21.49-48-48-48zM362 464H54a6 6 0 0 1-6-6V150a6 6 0 0 1 6-6h42v224c0 26.51 21.49 48 48 48h224v42a6 6 0 0 1-6 6zm96-96H150a6 6 0 0 1-6-6V54a6 6 0 0 1 6-6h308a6 6 0 0 1 6 6v308a6 6 0 0 1-6 6z\"><\/path>\n                <\/svg>\t\t\t\t\t\t<img decoding=\"async\" src=\"https:\/\/mjarc.com\/wp-content\/plugins\/instagram-feed\/img\/placeholder.png\" alt=\"Casa em Fontes | MJARC Arquitetos\n\nNa Casa em Fontes, a materialidade constr\u00f3i grande parte da identidade do projeto.\n\nPedra natural, granito, superf\u00edcies cer\u00e2micas e mosaicos hidr\u00e1ulicos convivem em diferentes escalas, texturas e ritmos \u2014 entre o rigor das superf\u00edcies mais regulares e a express\u00e3o mais crua da mat\u00e9ria. \u00c9 nesse contraste que cada detalhe ganha profundidade e car\u00e1ter.\n\nUma composi\u00e7\u00e3o onde textura, luz e mat\u00e9ria se complementam, aproximando a arquitetura do lugar e tornando a experi\u00eancia da casa mais sensorial e t\u00e1til.\n\n#MJARCarquitetos #Arquitetura #CasaEmFontes #Materialidade #ArquiteturaPortuguesa #Design #Interiores\" aria-hidden=\"true\">\n\t\t<\/a>\n\t<\/div>\n<\/div><div class=\"sbi_item sbi_type_carousel sbi_new sbi_transition\"\n\tid=\"sbi_18221186785334778\" data-date=\"1787685302\">\n\t<div class=\"sbi_photo_wrap\">\n\t\t<a class=\"sbi_photo\" href=\"https:\/\/www.instagram.com\/p\/DceXceKjHzG\/\" target=\"_blank\" rel=\"noopener nofollow\"\n\t\t\tdata-full-res=\"https:\/\/scontent-man2-1.cdninstagram.com\/v\/t51.82787-15\/774744788_18451351774138141_447238121592790887_n.jpg?stp=dst-jpg_e35_tt6&#038;_nc_cat=108&#038;ccb=7-5&#038;_nc_sid=18de74&#038;efg=eyJlZmdfdGFnIjoiQ0FST1VTRUxfSVRFTS5iZXN0X2ltYWdlX3VybGdlbi5DMyJ9&#038;_nc_ohc=OiO5o6S_m6AQ7kNvwFgS_RX&#038;_nc_oc=AdpiGNZlpdUfaHVNq-2at0CIi434cVz9Tgawa-5DQHPSbw2Qy4n6N1VX2ZpOuVIMQwIHkkN8DhvSOGDEd0OM1uYC&#038;_nc_zt=23&#038;_nc_ht=scontent-man2-1.cdninstagram.com&#038;edm=AM6HXa8EAAAA&#038;_nc_gid=XO1GOXz7EbBr0IDOgyNe0Q&#038;oh=00_AQICIrFFs4W37th0D9g8Jg3NgOK9Q34TrV3WxdYXfkENvA&#038;oe=6A9AA4F9\"\n\t\t\tdata-img-src-set=\"{&quot;d&quot;:&quot;https:\\\/\\\/scontent-man2-1.cdninstagram.com\\\/v\\\/t51.82787-15\\\/774744788_18451351774138141_447238121592790887_n.jpg?stp=dst-jpg_e35_tt6&amp;_nc_cat=108&amp;ccb=7-5&amp;_nc_sid=18de74&amp;efg=eyJlZmdfdGFnIjoiQ0FST1VTRUxfSVRFTS5iZXN0X2ltYWdlX3VybGdlbi5DMyJ9&amp;_nc_ohc=OiO5o6S_m6AQ7kNvwFgS_RX&amp;_nc_oc=AdpiGNZlpdUfaHVNq-2at0CIi434cVz9Tgawa-5DQHPSbw2Qy4n6N1VX2ZpOuVIMQwIHkkN8DhvSOGDEd0OM1uYC&amp;_nc_zt=23&amp;_nc_ht=scontent-man2-1.cdninstagram.com&amp;edm=AM6HXa8EAAAA&amp;_nc_gid=XO1GOXz7EbBr0IDOgyNe0Q&amp;oh=00_AQICIrFFs4W37th0D9g8Jg3NgOK9Q34TrV3WxdYXfkENvA&amp;oe=6A9AA4F9&quot;,&quot;150&quot;:&quot;https:\\\/\\\/scontent-man2-1.cdninstagram.com\\\/v\\\/t51.82787-15\\\/774744788_18451351774138141_447238121592790887_n.jpg?stp=dst-jpg_e35_tt6&amp;_nc_cat=108&amp;ccb=7-5&amp;_nc_sid=18de74&amp;efg=eyJlZmdfdGFnIjoiQ0FST1VTRUxfSVRFTS5iZXN0X2ltYWdlX3VybGdlbi5DMyJ9&amp;_nc_ohc=OiO5o6S_m6AQ7kNvwFgS_RX&amp;_nc_oc=AdpiGNZlpdUfaHVNq-2at0CIi434cVz9Tgawa-5DQHPSbw2Qy4n6N1VX2ZpOuVIMQwIHkkN8DhvSOGDEd0OM1uYC&amp;_nc_zt=23&amp;_nc_ht=scontent-man2-1.cdninstagram.com&amp;edm=AM6HXa8EAAAA&amp;_nc_gid=XO1GOXz7EbBr0IDOgyNe0Q&amp;oh=00_AQICIrFFs4W37th0D9g8Jg3NgOK9Q34TrV3WxdYXfkENvA&amp;oe=6A9AA4F9&quot;,&quot;320&quot;:&quot;https:\\\/\\\/scontent-man2-1.cdninstagram.com\\\/v\\\/t51.82787-15\\\/774744788_18451351774138141_447238121592790887_n.jpg?stp=dst-jpg_e35_tt6&amp;_nc_cat=108&amp;ccb=7-5&amp;_nc_sid=18de74&amp;efg=eyJlZmdfdGFnIjoiQ0FST1VTRUxfSVRFTS5iZXN0X2ltYWdlX3VybGdlbi5DMyJ9&amp;_nc_ohc=OiO5o6S_m6AQ7kNvwFgS_RX&amp;_nc_oc=AdpiGNZlpdUfaHVNq-2at0CIi434cVz9Tgawa-5DQHPSbw2Qy4n6N1VX2ZpOuVIMQwIHkkN8DhvSOGDEd0OM1uYC&amp;_nc_zt=23&amp;_nc_ht=scontent-man2-1.cdninstagram.com&amp;edm=AM6HXa8EAAAA&amp;_nc_gid=XO1GOXz7EbBr0IDOgyNe0Q&amp;oh=00_AQICIrFFs4W37th0D9g8Jg3NgOK9Q34TrV3WxdYXfkENvA&amp;oe=6A9AA4F9&quot;,&quot;640&quot;:&quot;https:\\\/\\\/scontent-man2-1.cdninstagram.com\\\/v\\\/t51.82787-15\\\/774744788_18451351774138141_447238121592790887_n.jpg?stp=dst-jpg_e35_tt6&amp;_nc_cat=108&amp;ccb=7-5&amp;_nc_sid=18de74&amp;efg=eyJlZmdfdGFnIjoiQ0FST1VTRUxfSVRFTS5iZXN0X2ltYWdlX3VybGdlbi5DMyJ9&amp;_nc_ohc=OiO5o6S_m6AQ7kNvwFgS_RX&amp;_nc_oc=AdpiGNZlpdUfaHVNq-2at0CIi434cVz9Tgawa-5DQHPSbw2Qy4n6N1VX2ZpOuVIMQwIHkkN8DhvSOGDEd0OM1uYC&amp;_nc_zt=23&amp;_nc_ht=scontent-man2-1.cdninstagram.com&amp;edm=AM6HXa8EAAAA&amp;_nc_gid=XO1GOXz7EbBr0IDOgyNe0Q&amp;oh=00_AQICIrFFs4W37th0D9g8Jg3NgOK9Q34TrV3WxdYXfkENvA&amp;oe=6A9AA4F9&quot;}\">\n\t\t\t<span class=\"sbi-screenreader\">Uma casa desenhada a partir do lugar, onde arquite<\/span>\n\t\t\t<svg class=\"svg-inline--fa fa-clone fa-w-16 sbi_lightbox_carousel_icon\" aria-hidden=\"true\" aria-label=\"Clone\" data-fa-pro\u0192cessed=\"\" data-prefix=\"far\" data-icon=\"clone\" role=\"img\" xmlns=\"http:\/\/www.w3.org\/2000\/svg\" viewBox=\"0 0 512 512\">\n                    <path fill=\"currentColor\" d=\"M464 0H144c-26.51 0-48 21.49-48 48v48H48c-26.51 0-48 21.49-48 48v320c0 26.51 21.49 48 48 48h320c26.51 0 48-21.49 48-48v-48h48c26.51 0 48-21.49 48-48V48c0-26.51-21.49-48-48-48zM362 464H54a6 6 0 0 1-6-6V150a6 6 0 0 1 6-6h42v224c0 26.51 21.49 48 48 48h224v42a6 6 0 0 1-6 6zm96-96H150a6 6 0 0 1-6-6V54a6 6 0 0 1 6-6h308a6 6 0 0 1 6 6v308a6 6 0 0 1-6 6z\"><\/path>\n                <\/svg>\t\t\t\t\t\t<img decoding=\"async\" src=\"https:\/\/mjarc.com\/wp-content\/plugins\/instagram-feed\/img\/placeholder.png\" alt=\"Uma casa desenhada a partir do lugar, onde arquitetura, paisagem e habitar se tornam indissoci\u00e1veis.\n\nEm Miramar, a implanta\u00e7\u00e3o da moradia nasce de uma leitura cuidada do terreno, procurando a melhor exposi\u00e7\u00e3o solar e uma rela\u00e7\u00e3o cont\u00ednua com o jardim e a paisagem, sem abdicar da privacidade.\n\nA estrutura come\u00e7a a revelar a identidade da casa: uma geometria fluida, marcada pela continuidade dos espa\u00e7os e por uma rela\u00e7\u00e3o constante com o exterior.\n\nAinda em obra, mas j\u00e1 \u00e9 poss\u00edvel antecipar a forma como luz, mat\u00e9ria e paisagem ir\u00e3o definir a experi\u00eancia de habitar. Mais em breve.\n\n#mjarcarquitectos #architecture #miramar #contemporaryhouse #residentialarchitecture\" aria-hidden=\"true\">\n\t\t<\/a>\n\t<\/div>\n<\/div><div class=\"sbi_item sbi_type_carousel sbi_new sbi_transition\"\n\tid=\"sbi_18010784441748586\" data-date=\"1787340601\">\n\t<div class=\"sbi_photo_wrap\">\n\t\t<a class=\"sbi_photo\" href=\"https:\/\/www.instagram.com\/p\/DcUF5bHDN9i\/\" target=\"_blank\" rel=\"noopener nofollow\"\n\t\t\tdata-full-res=\"https:\/\/scontent-man2-1.cdninstagram.com\/v\/t51.82787-15\/775973179_18451344922138141_6033954647474252724_n.jpg?stp=dst-jpg_e35_tt6&#038;_nc_cat=108&#038;ccb=7-5&#038;_nc_sid=18de74&#038;efg=eyJlZmdfdGFnIjoiQ0FST1VTRUxfSVRFTS5iZXN0X2ltYWdlX3VybGdlbi5DMyJ9&#038;_nc_ohc=0ZKNFNF5iV0Q7kNvwEJyHvz&#038;_nc_oc=AdrDb8tMJUCAWU60M5yN09eAwoAryXtqpQjy9Jds9-nLDqEp3FBSl-HOhF4Iuvtnf51LqnowumpJZaS8V5p_vwKo&#038;_nc_zt=23&#038;_nc_ht=scontent-man2-1.cdninstagram.com&#038;edm=AM6HXa8EAAAA&#038;_nc_gid=XO1GOXz7EbBr0IDOgyNe0Q&#038;oh=00_AQJZpZJ1TrtaPf-0cTrYU1_qpFVg5yYSl8v8N6KEBUZAOg&#038;oe=6A9A9396\"\n\t\t\tdata-img-src-set=\"{&quot;d&quot;:&quot;https:\\\/\\\/scontent-man2-1.cdninstagram.com\\\/v\\\/t51.82787-15\\\/775973179_18451344922138141_6033954647474252724_n.jpg?stp=dst-jpg_e35_tt6&amp;_nc_cat=108&amp;ccb=7-5&amp;_nc_sid=18de74&amp;efg=eyJlZmdfdGFnIjoiQ0FST1VTRUxfSVRFTS5iZXN0X2ltYWdlX3VybGdlbi5DMyJ9&amp;_nc_ohc=0ZKNFNF5iV0Q7kNvwEJyHvz&amp;_nc_oc=AdrDb8tMJUCAWU60M5yN09eAwoAryXtqpQjy9Jds9-nLDqEp3FBSl-HOhF4Iuvtnf51LqnowumpJZaS8V5p_vwKo&amp;_nc_zt=23&amp;_nc_ht=scontent-man2-1.cdninstagram.com&amp;edm=AM6HXa8EAAAA&amp;_nc_gid=XO1GOXz7EbBr0IDOgyNe0Q&amp;oh=00_AQJZpZJ1TrtaPf-0cTrYU1_qpFVg5yYSl8v8N6KEBUZAOg&amp;oe=6A9A9396&quot;,&quot;150&quot;:&quot;https:\\\/\\\/scontent-man2-1.cdninstagram.com\\\/v\\\/t51.82787-15\\\/775973179_18451344922138141_6033954647474252724_n.jpg?stp=dst-jpg_e35_tt6&amp;_nc_cat=108&amp;ccb=7-5&amp;_nc_sid=18de74&amp;efg=eyJlZmdfdGFnIjoiQ0FST1VTRUxfSVRFTS5iZXN0X2ltYWdlX3VybGdlbi5DMyJ9&amp;_nc_ohc=0ZKNFNF5iV0Q7kNvwEJyHvz&amp;_nc_oc=AdrDb8tMJUCAWU60M5yN09eAwoAryXtqpQjy9Jds9-nLDqEp3FBSl-HOhF4Iuvtnf51LqnowumpJZaS8V5p_vwKo&amp;_nc_zt=23&amp;_nc_ht=scontent-man2-1.cdninstagram.com&amp;edm=AM6HXa8EAAAA&amp;_nc_gid=XO1GOXz7EbBr0IDOgyNe0Q&amp;oh=00_AQJZpZJ1TrtaPf-0cTrYU1_qpFVg5yYSl8v8N6KEBUZAOg&amp;oe=6A9A9396&quot;,&quot;320&quot;:&quot;https:\\\/\\\/scontent-man2-1.cdninstagram.com\\\/v\\\/t51.82787-15\\\/775973179_18451344922138141_6033954647474252724_n.jpg?stp=dst-jpg_e35_tt6&amp;_nc_cat=108&amp;ccb=7-5&amp;_nc_sid=18de74&amp;efg=eyJlZmdfdGFnIjoiQ0FST1VTRUxfSVRFTS5iZXN0X2ltYWdlX3VybGdlbi5DMyJ9&amp;_nc_ohc=0ZKNFNF5iV0Q7kNvwEJyHvz&amp;_nc_oc=AdrDb8tMJUCAWU60M5yN09eAwoAryXtqpQjy9Jds9-nLDqEp3FBSl-HOhF4Iuvtnf51LqnowumpJZaS8V5p_vwKo&amp;_nc_zt=23&amp;_nc_ht=scontent-man2-1.cdninstagram.com&amp;edm=AM6HXa8EAAAA&amp;_nc_gid=XO1GOXz7EbBr0IDOgyNe0Q&amp;oh=00_AQJZpZJ1TrtaPf-0cTrYU1_qpFVg5yYSl8v8N6KEBUZAOg&amp;oe=6A9A9396&quot;,&quot;640&quot;:&quot;https:\\\/\\\/scontent-man2-1.cdninstagram.com\\\/v\\\/t51.82787-15\\\/775973179_18451344922138141_6033954647474252724_n.jpg?stp=dst-jpg_e35_tt6&amp;_nc_cat=108&amp;ccb=7-5&amp;_nc_sid=18de74&amp;efg=eyJlZmdfdGFnIjoiQ0FST1VTRUxfSVRFTS5iZXN0X2ltYWdlX3VybGdlbi5DMyJ9&amp;_nc_ohc=0ZKNFNF5iV0Q7kNvwEJyHvz&amp;_nc_oc=AdrDb8tMJUCAWU60M5yN09eAwoAryXtqpQjy9Jds9-nLDqEp3FBSl-HOhF4Iuvtnf51LqnowumpJZaS8V5p_vwKo&amp;_nc_zt=23&amp;_nc_ht=scontent-man2-1.cdninstagram.com&amp;edm=AM6HXa8EAAAA&amp;_nc_gid=XO1GOXz7EbBr0IDOgyNe0Q&amp;oh=00_AQJZpZJ1TrtaPf-0cTrYU1_qpFVg5yYSl8v8N6KEBUZAOg&amp;oe=6A9A9396&quot;}\">\n\t\t\t<span class=\"sbi-screenreader\">Imersa num bosque, a Casa de Ribeira Quebrada acom<\/span>\n\t\t\t<svg class=\"svg-inline--fa fa-clone fa-w-16 sbi_lightbox_carousel_icon\" aria-hidden=\"true\" aria-label=\"Clone\" data-fa-pro\u0192cessed=\"\" data-prefix=\"far\" data-icon=\"clone\" role=\"img\" xmlns=\"http:\/\/www.w3.org\/2000\/svg\" viewBox=\"0 0 512 512\">\n                    <path fill=\"currentColor\" d=\"M464 0H144c-26.51 0-48 21.49-48 48v48H48c-26.51 0-48 21.49-48 48v320c0 26.51 21.49 48 48 48h320c26.51 0 48-21.49 48-48v-48h48c26.51 0 48-21.49 48-48V48c0-26.51-21.49-48-48-48zM362 464H54a6 6 0 0 1-6-6V150a6 6 0 0 1 6-6h42v224c0 26.51 21.49 48 48 48h224v42a6 6 0 0 1-6 6zm96-96H150a6 6 0 0 1-6-6V54a6 6 0 0 1 6-6h308a6 6 0 0 1 6 6v308a6 6 0 0 1-6 6z\"><\/path>\n                <\/svg>\t\t\t\t\t\t<img decoding=\"async\" src=\"https:\/\/mjarc.com\/wp-content\/plugins\/instagram-feed\/img\/placeholder.png\" alt=\"Imersa num bosque, a Casa de Ribeira Quebrada acompanha a topografia da montanha atrav\u00e9s de uma geometria irregular, pensada para se adaptar ao terreno e oferecer, a partir de cada espa\u00e7o, uma rela\u00e7\u00e3o distinta com a paisagem.\n\nA arquitetura constr\u00f3i-se tamb\u00e9m atrav\u00e9s da luz. As aberturas, os recuos e a pr\u00f3pria configura\u00e7\u00e3o dos volumes criam um jogo cont\u00ednuo de luz e sombra no interior, alterando a perce\u00e7\u00e3o dos espa\u00e7os ao longo do dia e tornando a viv\u00eancia da casa mais sensorial e din\u00e2mica.\n\nA paisagem n\u00e3o surge apenas como pano de fundo: entra na casa atrav\u00e9s dos enquadramentos, da luz filtrada pela vegeta\u00e7\u00e3o e das diferentes perspetivas que acompanham o percurso. Interior e exterior aproximam-se, refor\u00e7ando uma experi\u00eancia de habitar profundamente ligada ao lugar.\n\nEstas imagens registam uma fase anterior da obra. Hoje, o projeto aproxima-se da conclus\u00e3o \u2014 e em breve teremos mais para revelar sobre este projeto\u2028\u2028#ArquiteturaContempor\u00e2nea #ArchitectureInNature #ArquiteturaResidencial #mjarc\" aria-hidden=\"true\">\n\t\t<\/a>\n\t<\/div>\n<\/div><div class=\"sbi_item sbi_type_carousel sbi_new sbi_transition\"\n\tid=\"sbi_18236840596315232\" data-date=\"1787079602\">\n\t<div class=\"sbi_photo_wrap\">\n\t\t<a class=\"sbi_photo\" href=\"https:\/\/www.instagram.com\/p\/DcMUHefDLJv\/\" target=\"_blank\" rel=\"noopener nofollow\"\n\t\t\tdata-full-res=\"https:\/\/scontent-man2-1.cdninstagram.com\/v\/t51.82787-15\/774157254_18451346767138141_5984200631002966954_n.jpg?stp=dst-jpg_e35_tt6&#038;_nc_cat=106&#038;ccb=7-5&#038;_nc_sid=18de74&#038;efg=eyJlZmdfdGFnIjoiQ0FST1VTRUxfSVRFTS5iZXN0X2ltYWdlX3VybGdlbi5DMyJ9&#038;_nc_ohc=lgCH1TWfuAYQ7kNvwEs4o2N&#038;_nc_oc=Adp7dMMZL50eH2weIw0sjYKbFTlLBgc6i1lzZ5v8_UyWnhgsldEWO2tko_16_L3MbWGUWQ7NJ3q8dQaXuq85la9r&#038;_nc_zt=23&#038;_nc_ht=scontent-man2-1.cdninstagram.com&#038;edm=AM6HXa8EAAAA&#038;_nc_gid=XO1GOXz7EbBr0IDOgyNe0Q&#038;oh=00_AQIwRBNmy-FWvKCTHgf0Q0rxC0NMBYgu4icRrrJ24HgWJg&#038;oe=6A9AA363\"\n\t\t\tdata-img-src-set=\"{&quot;d&quot;:&quot;https:\\\/\\\/scontent-man2-1.cdninstagram.com\\\/v\\\/t51.82787-15\\\/774157254_18451346767138141_5984200631002966954_n.jpg?stp=dst-jpg_e35_tt6&amp;_nc_cat=106&amp;ccb=7-5&amp;_nc_sid=18de74&amp;efg=eyJlZmdfdGFnIjoiQ0FST1VTRUxfSVRFTS5iZXN0X2ltYWdlX3VybGdlbi5DMyJ9&amp;_nc_ohc=lgCH1TWfuAYQ7kNvwEs4o2N&amp;_nc_oc=Adp7dMMZL50eH2weIw0sjYKbFTlLBgc6i1lzZ5v8_UyWnhgsldEWO2tko_16_L3MbWGUWQ7NJ3q8dQaXuq85la9r&amp;_nc_zt=23&amp;_nc_ht=scontent-man2-1.cdninstagram.com&amp;edm=AM6HXa8EAAAA&amp;_nc_gid=XO1GOXz7EbBr0IDOgyNe0Q&amp;oh=00_AQIwRBNmy-FWvKCTHgf0Q0rxC0NMBYgu4icRrrJ24HgWJg&amp;oe=6A9AA363&quot;,&quot;150&quot;:&quot;https:\\\/\\\/scontent-man2-1.cdninstagram.com\\\/v\\\/t51.82787-15\\\/774157254_18451346767138141_5984200631002966954_n.jpg?stp=dst-jpg_e35_tt6&amp;_nc_cat=106&amp;ccb=7-5&amp;_nc_sid=18de74&amp;efg=eyJlZmdfdGFnIjoiQ0FST1VTRUxfSVRFTS5iZXN0X2ltYWdlX3VybGdlbi5DMyJ9&amp;_nc_ohc=lgCH1TWfuAYQ7kNvwEs4o2N&amp;_nc_oc=Adp7dMMZL50eH2weIw0sjYKbFTlLBgc6i1lzZ5v8_UyWnhgsldEWO2tko_16_L3MbWGUWQ7NJ3q8dQaXuq85la9r&amp;_nc_zt=23&amp;_nc_ht=scontent-man2-1.cdninstagram.com&amp;edm=AM6HXa8EAAAA&amp;_nc_gid=XO1GOXz7EbBr0IDOgyNe0Q&amp;oh=00_AQIwRBNmy-FWvKCTHgf0Q0rxC0NMBYgu4icRrrJ24HgWJg&amp;oe=6A9AA363&quot;,&quot;320&quot;:&quot;https:\\\/\\\/scontent-man2-1.cdninstagram.com\\\/v\\\/t51.82787-15\\\/774157254_18451346767138141_5984200631002966954_n.jpg?stp=dst-jpg_e35_tt6&amp;_nc_cat=106&amp;ccb=7-5&amp;_nc_sid=18de74&amp;efg=eyJlZmdfdGFnIjoiQ0FST1VTRUxfSVRFTS5iZXN0X2ltYWdlX3VybGdlbi5DMyJ9&amp;_nc_ohc=lgCH1TWfuAYQ7kNvwEs4o2N&amp;_nc_oc=Adp7dMMZL50eH2weIw0sjYKbFTlLBgc6i1lzZ5v8_UyWnhgsldEWO2tko_16_L3MbWGUWQ7NJ3q8dQaXuq85la9r&amp;_nc_zt=23&amp;_nc_ht=scontent-man2-1.cdninstagram.com&amp;edm=AM6HXa8EAAAA&amp;_nc_gid=XO1GOXz7EbBr0IDOgyNe0Q&amp;oh=00_AQIwRBNmy-FWvKCTHgf0Q0rxC0NMBYgu4icRrrJ24HgWJg&amp;oe=6A9AA363&quot;,&quot;640&quot;:&quot;https:\\\/\\\/scontent-man2-1.cdninstagram.com\\\/v\\\/t51.82787-15\\\/774157254_18451346767138141_5984200631002966954_n.jpg?stp=dst-jpg_e35_tt6&amp;_nc_cat=106&amp;ccb=7-5&amp;_nc_sid=18de74&amp;efg=eyJlZmdfdGFnIjoiQ0FST1VTRUxfSVRFTS5iZXN0X2ltYWdlX3VybGdlbi5DMyJ9&amp;_nc_ohc=lgCH1TWfuAYQ7kNvwEs4o2N&amp;_nc_oc=Adp7dMMZL50eH2weIw0sjYKbFTlLBgc6i1lzZ5v8_UyWnhgsldEWO2tko_16_L3MbWGUWQ7NJ3q8dQaXuq85la9r&amp;_nc_zt=23&amp;_nc_ht=scontent-man2-1.cdninstagram.com&amp;edm=AM6HXa8EAAAA&amp;_nc_gid=XO1GOXz7EbBr0IDOgyNe0Q&amp;oh=00_AQIwRBNmy-FWvKCTHgf0Q0rxC0NMBYgu4icRrrJ24HgWJg&amp;oe=6A9AA363&quot;}\">\n\t\t\t<span class=\"sbi-screenreader\">Casa de Fontes Habita\u00e7\u00e3o pr\u00f3pria | Reabilita\u00e7\u00e3o |<\/span>\n\t\t\t<svg class=\"svg-inline--fa fa-clone fa-w-16 sbi_lightbox_carousel_icon\" aria-hidden=\"true\" aria-label=\"Clone\" data-fa-pro\u0192cessed=\"\" data-prefix=\"far\" data-icon=\"clone\" role=\"img\" xmlns=\"http:\/\/www.w3.org\/2000\/svg\" viewBox=\"0 0 512 512\">\n                    <path fill=\"currentColor\" d=\"M464 0H144c-26.51 0-48 21.49-48 48v48H48c-26.51 0-48 21.49-48 48v320c0 26.51 21.49 48 48 48h320c26.51 0 48-21.49 48-48v-48h48c26.51 0 48-21.49 48-48V48c0-26.51-21.49-48-48-48zM362 464H54a6 6 0 0 1-6-6V150a6 6 0 0 1 6-6h42v224c0 26.51 21.49 48 48 48h224v42a6 6 0 0 1-6 6zm96-96H150a6 6 0 0 1-6-6V54a6 6 0 0 1 6-6h308a6 6 0 0 1 6 6v308a6 6 0 0 1-6 6z\"><\/path>\n                <\/svg>\t\t\t\t\t\t<img decoding=\"async\" src=\"https:\/\/mjarc.com\/wp-content\/plugins\/instagram-feed\/img\/placeholder.png\" alt=\"Casa de Fontes\nHabita\u00e7\u00e3o pr\u00f3pria | Reabilita\u00e7\u00e3o | Arquitetura residencial\n\nNa Casa de Fontes, a reabilita\u00e7\u00e3o revela-se na passagem entre o que a casa foi e aquilo que agora se tornou.\n\nEntre estrutura existente, luz natural e novos gestos de projeto, esta habita\u00e7\u00e3o ganhou uma nova vida.\n\nA ideia geral foi dotar a casa do conforto exigido ao n\u00edvel t\u00e9rmico e ac\u00fastico sem perder a mem\u00f3ria e identidade da casa.\n\n#arquitetura #modernhousedesign #mjarc\" aria-hidden=\"true\">\n\t\t<\/a>\n\t<\/div>\n<\/div><div class=\"sbi_item sbi_type_image sbi_new sbi_transition\"\n\tid=\"sbi_18439369960123586\" data-date=\"1786728604\">\n\t<div class=\"sbi_photo_wrap\">\n\t\t<a class=\"sbi_photo\" href=\"https:\/\/www.instagram.com\/p\/DcBhr7dx_Y8\/\" target=\"_blank\" rel=\"noopener nofollow\"\n\t\t\tdata-full-res=\"https:\/\/scontent-man2-1.cdninstagram.com\/v\/t51.82787-15\/776222655_18451347931138141_1485610562200525650_n.jpg?stp=dst-jpg_e35_tt6&#038;_nc_cat=105&#038;ccb=7-5&#038;_nc_sid=18de74&#038;efg=eyJlZmdfdGFnIjoiRkVFRC5iZXN0X2ltYWdlX3VybGdlbi5DMyJ9&#038;_nc_ohc=_5h-975Ki90Q7kNvwHLArhn&#038;_nc_oc=Adp7D8fFCH-_yAv1ss7FSo57-L4arRQ5xj1gQEn7N7z7pp6O4zSK8ywMXHa0x_7clyLCxjT5SOU62XpRj8h5Vqvi&#038;_nc_zt=23&#038;_nc_ht=scontent-man2-1.cdninstagram.com&#038;edm=AM6HXa8EAAAA&#038;_nc_gid=XO1GOXz7EbBr0IDOgyNe0Q&#038;oh=00_AQJcSwUF-xB_8cyNx60NzXeEbUmUWl9Km8QU3iXM1mIfVA&#038;oe=6A9AB47B\"\n\t\t\tdata-img-src-set=\"{&quot;d&quot;:&quot;https:\\\/\\\/scontent-man2-1.cdninstagram.com\\\/v\\\/t51.82787-15\\\/776222655_18451347931138141_1485610562200525650_n.jpg?stp=dst-jpg_e35_tt6&amp;_nc_cat=105&amp;ccb=7-5&amp;_nc_sid=18de74&amp;efg=eyJlZmdfdGFnIjoiRkVFRC5iZXN0X2ltYWdlX3VybGdlbi5DMyJ9&amp;_nc_ohc=_5h-975Ki90Q7kNvwHLArhn&amp;_nc_oc=Adp7D8fFCH-_yAv1ss7FSo57-L4arRQ5xj1gQEn7N7z7pp6O4zSK8ywMXHa0x_7clyLCxjT5SOU62XpRj8h5Vqvi&amp;_nc_zt=23&amp;_nc_ht=scontent-man2-1.cdninstagram.com&amp;edm=AM6HXa8EAAAA&amp;_nc_gid=XO1GOXz7EbBr0IDOgyNe0Q&amp;oh=00_AQJcSwUF-xB_8cyNx60NzXeEbUmUWl9Km8QU3iXM1mIfVA&amp;oe=6A9AB47B&quot;,&quot;150&quot;:&quot;https:\\\/\\\/scontent-man2-1.cdninstagram.com\\\/v\\\/t51.82787-15\\\/776222655_18451347931138141_1485610562200525650_n.jpg?stp=dst-jpg_e35_tt6&amp;_nc_cat=105&amp;ccb=7-5&amp;_nc_sid=18de74&amp;efg=eyJlZmdfdGFnIjoiRkVFRC5iZXN0X2ltYWdlX3VybGdlbi5DMyJ9&amp;_nc_ohc=_5h-975Ki90Q7kNvwHLArhn&amp;_nc_oc=Adp7D8fFCH-_yAv1ss7FSo57-L4arRQ5xj1gQEn7N7z7pp6O4zSK8ywMXHa0x_7clyLCxjT5SOU62XpRj8h5Vqvi&amp;_nc_zt=23&amp;_nc_ht=scontent-man2-1.cdninstagram.com&amp;edm=AM6HXa8EAAAA&amp;_nc_gid=XO1GOXz7EbBr0IDOgyNe0Q&amp;oh=00_AQJcSwUF-xB_8cyNx60NzXeEbUmUWl9Km8QU3iXM1mIfVA&amp;oe=6A9AB47B&quot;,&quot;320&quot;:&quot;https:\\\/\\\/scontent-man2-1.cdninstagram.com\\\/v\\\/t51.82787-15\\\/776222655_18451347931138141_1485610562200525650_n.jpg?stp=dst-jpg_e35_tt6&amp;_nc_cat=105&amp;ccb=7-5&amp;_nc_sid=18de74&amp;efg=eyJlZmdfdGFnIjoiRkVFRC5iZXN0X2ltYWdlX3VybGdlbi5DMyJ9&amp;_nc_ohc=_5h-975Ki90Q7kNvwHLArhn&amp;_nc_oc=Adp7D8fFCH-_yAv1ss7FSo57-L4arRQ5xj1gQEn7N7z7pp6O4zSK8ywMXHa0x_7clyLCxjT5SOU62XpRj8h5Vqvi&amp;_nc_zt=23&amp;_nc_ht=scontent-man2-1.cdninstagram.com&amp;edm=AM6HXa8EAAAA&amp;_nc_gid=XO1GOXz7EbBr0IDOgyNe0Q&amp;oh=00_AQJcSwUF-xB_8cyNx60NzXeEbUmUWl9Km8QU3iXM1mIfVA&amp;oe=6A9AB47B&quot;,&quot;640&quot;:&quot;https:\\\/\\\/scontent-man2-1.cdninstagram.com\\\/v\\\/t51.82787-15\\\/776222655_18451347931138141_1485610562200525650_n.jpg?stp=dst-jpg_e35_tt6&amp;_nc_cat=105&amp;ccb=7-5&amp;_nc_sid=18de74&amp;efg=eyJlZmdfdGFnIjoiRkVFRC5iZXN0X2ltYWdlX3VybGdlbi5DMyJ9&amp;_nc_ohc=_5h-975Ki90Q7kNvwHLArhn&amp;_nc_oc=Adp7D8fFCH-_yAv1ss7FSo57-L4arRQ5xj1gQEn7N7z7pp6O4zSK8ywMXHa0x_7clyLCxjT5SOU62XpRj8h5Vqvi&amp;_nc_zt=23&amp;_nc_ht=scontent-man2-1.cdninstagram.com&amp;edm=AM6HXa8EAAAA&amp;_nc_gid=XO1GOXz7EbBr0IDOgyNe0Q&amp;oh=00_AQJcSwUF-xB_8cyNx60NzXeEbUmUWl9Km8QU3iXM1mIfVA&amp;oe=6A9AB47B&quot;}\">\n\t\t\t<span class=\"sbi-screenreader\">Chegou a nossa habitual pausa de ver\u00e3o.  Entre 17<\/span>\n\t\t\t\t\t\t\t\t\t<img decoding=\"async\" src=\"https:\/\/mjarc.com\/wp-content\/plugins\/instagram-feed\/img\/placeholder.png\" alt=\"Chegou a nossa habitual pausa de ver\u00e3o.\n\nEntre 17 de agosto e 1 de setembro, o atelier abranda o ritmo para alguns dias de descanso, antes de regressarmos aos projetos, \u00e0s obras e a tudo o que ainda est\u00e1 por revelar com o mesmo olhar atento sobre os lugares que habitamos.\n\nVoltamos dia 2 de setembro, com as energias renovadas.\n\n#mjarc\" aria-hidden=\"true\">\n\t\t<\/a>\n\t<\/div>\n<\/div><div class=\"sbi_item sbi_type_video sbi_new sbi_transition\"\n\tid=\"sbi_18112623080005133\" data-date=\"1786476605\">\n\t<div class=\"sbi_photo_wrap\">\n\t\t<a class=\"sbi_photo\" href=\"https:\/\/www.instagram.com\/reel\/Db6V-B1N8Za\/\" target=\"_blank\" rel=\"noopener nofollow\"\n\t\t\tdata-full-res=\"https:\/\/scontent-man2-1.cdninstagram.com\/v\/t51.82787-15\/773188541_18450966871138141_7874669990604590515_n.jpg?stp=dst-jpg_e35_tt6&#038;_nc_cat=104&#038;ccb=7-5&#038;_nc_sid=18de74&#038;efg=eyJlZmdfdGFnIjoiQ0xJUFMuYmVzdF9pbWFnZV91cmxnZW4uQzMifQ%3D%3D&#038;_nc_ohc=B17p3iFl3oAQ7kNvwEFN81F&#038;_nc_oc=AdoXbamKcD3bqogq-T9lAErtmUmuu-W9Kck0TyC_TGclyM3YV2YEijBvTRKJCLumIkQaEteMltH3nUMMG-U_sZ_R&#038;_nc_zt=23&#038;_nc_ht=scontent-man2-1.cdninstagram.com&#038;edm=AM6HXa8EAAAA&#038;_nc_gid=XO1GOXz7EbBr0IDOgyNe0Q&#038;_nc_tpa=Q5bMBQLm50tKgjAI1ad2oqL7w6FmZcJMpkUZeW2R3HKGNNLNnqI6QaQTB52RXN5ho-Nb3f3Alp7YF1rm&#038;oh=00_AQKTDCdK0jpKvZXl2Qp-wAOJDFF0m7tP21U8AhkJItMVpA&#038;oe=6A9AADCB\"\n\t\t\tdata-img-src-set=\"{&quot;d&quot;:&quot;https:\\\/\\\/scontent-man2-1.cdninstagram.com\\\/v\\\/t51.82787-15\\\/773188541_18450966871138141_7874669990604590515_n.jpg?stp=dst-jpg_e35_tt6&amp;_nc_cat=104&amp;ccb=7-5&amp;_nc_sid=18de74&amp;efg=eyJlZmdfdGFnIjoiQ0xJUFMuYmVzdF9pbWFnZV91cmxnZW4uQzMifQ%3D%3D&amp;_nc_ohc=B17p3iFl3oAQ7kNvwEFN81F&amp;_nc_oc=AdoXbamKcD3bqogq-T9lAErtmUmuu-W9Kck0TyC_TGclyM3YV2YEijBvTRKJCLumIkQaEteMltH3nUMMG-U_sZ_R&amp;_nc_zt=23&amp;_nc_ht=scontent-man2-1.cdninstagram.com&amp;edm=AM6HXa8EAAAA&amp;_nc_gid=XO1GOXz7EbBr0IDOgyNe0Q&amp;_nc_tpa=Q5bMBQLm50tKgjAI1ad2oqL7w6FmZcJMpkUZeW2R3HKGNNLNnqI6QaQTB52RXN5ho-Nb3f3Alp7YF1rm&amp;oh=00_AQKTDCdK0jpKvZXl2Qp-wAOJDFF0m7tP21U8AhkJItMVpA&amp;oe=6A9AADCB&quot;,&quot;150&quot;:&quot;https:\\\/\\\/scontent-man2-1.cdninstagram.com\\\/v\\\/t51.82787-15\\\/773188541_18450966871138141_7874669990604590515_n.jpg?stp=dst-jpg_e35_tt6&amp;_nc_cat=104&amp;ccb=7-5&amp;_nc_sid=18de74&amp;efg=eyJlZmdfdGFnIjoiQ0xJUFMuYmVzdF9pbWFnZV91cmxnZW4uQzMifQ%3D%3D&amp;_nc_ohc=B17p3iFl3oAQ7kNvwEFN81F&amp;_nc_oc=AdoXbamKcD3bqogq-T9lAErtmUmuu-W9Kck0TyC_TGclyM3YV2YEijBvTRKJCLumIkQaEteMltH3nUMMG-U_sZ_R&amp;_nc_zt=23&amp;_nc_ht=scontent-man2-1.cdninstagram.com&amp;edm=AM6HXa8EAAAA&amp;_nc_gid=XO1GOXz7EbBr0IDOgyNe0Q&amp;_nc_tpa=Q5bMBQLm50tKgjAI1ad2oqL7w6FmZcJMpkUZeW2R3HKGNNLNnqI6QaQTB52RXN5ho-Nb3f3Alp7YF1rm&amp;oh=00_AQKTDCdK0jpKvZXl2Qp-wAOJDFF0m7tP21U8AhkJItMVpA&amp;oe=6A9AADCB&quot;,&quot;320&quot;:&quot;https:\\\/\\\/scontent-man2-1.cdninstagram.com\\\/v\\\/t51.82787-15\\\/773188541_18450966871138141_7874669990604590515_n.jpg?stp=dst-jpg_e35_tt6&amp;_nc_cat=104&amp;ccb=7-5&amp;_nc_sid=18de74&amp;efg=eyJlZmdfdGFnIjoiQ0xJUFMuYmVzdF9pbWFnZV91cmxnZW4uQzMifQ%3D%3D&amp;_nc_ohc=B17p3iFl3oAQ7kNvwEFN81F&amp;_nc_oc=AdoXbamKcD3bqogq-T9lAErtmUmuu-W9Kck0TyC_TGclyM3YV2YEijBvTRKJCLumIkQaEteMltH3nUMMG-U_sZ_R&amp;_nc_zt=23&amp;_nc_ht=scontent-man2-1.cdninstagram.com&amp;edm=AM6HXa8EAAAA&amp;_nc_gid=XO1GOXz7EbBr0IDOgyNe0Q&amp;_nc_tpa=Q5bMBQLm50tKgjAI1ad2oqL7w6FmZcJMpkUZeW2R3HKGNNLNnqI6QaQTB52RXN5ho-Nb3f3Alp7YF1rm&amp;oh=00_AQKTDCdK0jpKvZXl2Qp-wAOJDFF0m7tP21U8AhkJItMVpA&amp;oe=6A9AADCB&quot;,&quot;640&quot;:&quot;https:\\\/\\\/scontent-man2-1.cdninstagram.com\\\/v\\\/t51.82787-15\\\/773188541_18450966871138141_7874669990604590515_n.jpg?stp=dst-jpg_e35_tt6&amp;_nc_cat=104&amp;ccb=7-5&amp;_nc_sid=18de74&amp;efg=eyJlZmdfdGFnIjoiQ0xJUFMuYmVzdF9pbWFnZV91cmxnZW4uQzMifQ%3D%3D&amp;_nc_ohc=B17p3iFl3oAQ7kNvwEFN81F&amp;_nc_oc=AdoXbamKcD3bqogq-T9lAErtmUmuu-W9Kck0TyC_TGclyM3YV2YEijBvTRKJCLumIkQaEteMltH3nUMMG-U_sZ_R&amp;_nc_zt=23&amp;_nc_ht=scontent-man2-1.cdninstagram.com&amp;edm=AM6HXa8EAAAA&amp;_nc_gid=XO1GOXz7EbBr0IDOgyNe0Q&amp;_nc_tpa=Q5bMBQLm50tKgjAI1ad2oqL7w6FmZcJMpkUZeW2R3HKGNNLNnqI6QaQTB52RXN5ho-Nb3f3Alp7YF1rm&amp;oh=00_AQKTDCdK0jpKvZXl2Qp-wAOJDFF0m7tP21U8AhkJItMVpA&amp;oe=6A9AADCB&quot;}\">\n\t\t\t<span class=\"sbi-screenreader\">Uma casa desenhada a partir do lugar, onde arquite<\/span>\n\t\t\t\t\t\t<svg style=\"color: rgba(255,255,255,1)\" class=\"svg-inline--fa fa-play fa-w-14 sbi_playbtn\" aria-label=\"Play\" aria-hidden=\"true\" data-fa-processed=\"\" data-prefix=\"fa\" data-icon=\"play\" role=\"presentation\" xmlns=\"http:\/\/www.w3.org\/2000\/svg\" viewBox=\"0 0 448 512\"><path fill=\"currentColor\" d=\"M424.4 214.7L72.4 6.6C43.8-10.3 0 6.1 0 47.9V464c0 37.5 40.7 60.1 72.4 41.3l352-208c31.4-18.5 31.5-64.1 0-82.6z\"><\/path><\/svg>\t\t\t<img decoding=\"async\" src=\"https:\/\/mjarc.com\/wp-content\/plugins\/instagram-feed\/img\/placeholder.png\" alt=\"Uma casa desenhada a partir do lugar, onde arquitetura, paisagem e forma de habitar se tornam indissoci\u00e1veis.\n\nEm Miramar, a implanta\u00e7\u00e3o da moradia nasce de uma leitura cuidada do terreno, procurando a melhor exposi\u00e7\u00e3o solar e uma rela\u00e7\u00e3o cont\u00ednua com o jardim e a paisagem, sem abdicar da privacidade.\n\nOs espa\u00e7os interiores prolongam-se naturalmente para o exterior, criando diferentes formas de estar, acolher e viver a casa ao longo do dia e das esta\u00e7\u00f5es.\n\nMais do que enquadrar a paisagem, a arquitetura procura fazer dela parte da experi\u00eancia quotidiana \u2014 criando um lugar protegido, luminoso e sereno, pensado para uma viv\u00eancia \u00fanica e intemporal.\n\n#mjarc #architecture #miramar #arquiteturacontempor\u00e2nea\" aria-hidden=\"true\">\n\t\t<\/a>\n\t<\/div>\n<\/div>\t<\/div>\n\n\t<div id=\"sbi_load\" >\n\n\t\n\t\n<\/div>\n\t\t<span class=\"sbi_resized_image_data\" data-feed-id=\"*1\"\n\t\t  data-resized=\"{&quot;18112623080005133&quot;:{&quot;id&quot;:&quot;771757361_18450758254138141_1869538680561428516_n&quot;,&quot;ratio&quot;:&quot;0.56&quot;,&quot;sizes&quot;:{&quot;full&quot;:640,&quot;low&quot;:320,&quot;thumb&quot;:150},&quot;extension&quot;:&quot;.webp&quot;},&quot;18439369960123586&quot;:{&quot;id&quot;:&quot;776222655_18451347931138141_1485610562200525650_n&quot;,&quot;ratio&quot;:&quot;1.50&quot;,&quot;sizes&quot;:{&quot;full&quot;:640,&quot;low&quot;:320,&quot;thumb&quot;:150},&quot;extension&quot;:&quot;.webp&quot;},&quot;18236840596315232&quot;:{&quot;id&quot;:&quot;774157254_18451346767138141_5984200631002966954_n&quot;,&quot;ratio&quot;:&quot;0.80&quot;,&quot;sizes&quot;:{&quot;full&quot;:640,&quot;low&quot;:320,&quot;thumb&quot;:150},&quot;extension&quot;:&quot;.webp&quot;},&quot;18010784441748586&quot;:{&quot;id&quot;:&quot;775973179_18451344922138141_6033954647474252724_n&quot;,&quot;ratio&quot;:&quot;0.80&quot;,&quot;sizes&quot;:{&quot;full&quot;:640,&quot;low&quot;:320,&quot;thumb&quot;:150},&quot;extension&quot;:&quot;.webp&quot;},&quot;18221186785334778&quot;:{&quot;id&quot;:&quot;774744788_18451351774138141_447238121592790887_n&quot;,&quot;ratio&quot;:&quot;0.80&quot;,&quot;sizes&quot;:{&quot;full&quot;:640,&quot;low&quot;:320,&quot;thumb&quot;:150},&quot;extension&quot;:&quot;.webp&quot;},&quot;18408852721158899&quot;:{&quot;id&quot;:&quot;774266100_18451368553138141_1269606107911580581_n&quot;,&quot;ratio&quot;:&quot;0.80&quot;,&quot;sizes&quot;:{&quot;full&quot;:640,&quot;low&quot;:320,&quot;thumb&quot;:150},&quot;extension&quot;:&quot;.webp&quot;}}\">\n\t<\/span>\n\t<\/div>\n\n[\/vc_column_text][\/vc_column][\/vc_row]<\/p>\n","protected":false},"excerpt":{"rendered":"<p>[vc_row][vc_column][vc_column_text el_class=\u00a0\u00bbservi-titulo\u00a0\u00bb] Services [\/vc_column_text][\/vc_column][\/vc_row][vc_row el_class=\u00a0\u00bbcontactos-esp\u00a0\u00bb][vc_column][vc_tta_accordion active_section=\u00a0\u00bb-1&Prime; no_fill=\u00a0\u00bbtrue\u00a0\u00bb collapsible_all=\u00a0\u00bbtrue\u00a0\u00bb][vc_tta_section title=\u00a0\u00bbURBANISME\u00a0\u00bb tab_id=\u00a0\u00bb1693817398194-b2793998-ac50&Prime; el_class=\u00a0\u00bbclass-extra-accor\u00a0\u00bb][vc_column_text]Nous cr\u00e9ons des projets urbains qui transforment l\u2019espace public. Chez MJARC, nous associons esth\u00e9tique, optimisation de l\u2019espace et qualit\u00e9 de vie afin de concevoir des infrastructures adapt\u00e9es aux besoins r\u00e9els des communaut\u00e9s. De la planification au dessin urbain, nous proposons des solutions qui rendent l\u2019espace [&hellip;]<\/p>\n<p class=\"read-more\"><a class=\"button\" href=\"https:\/\/mjarc.com\/fr\/services\/\">Lire la suite<\/a><\/p>\n","protected":false},"author":1,"featured_media":0,"parent":0,"menu_order":0,"comment_status":"closed","ping_status":"closed","template":"","meta":{"_monsterinsights_skip_tracking":false,"footnotes":""},"class_list":["post-5464","page","type-page","status-publish","hentry"],"yoast_head":"<!-- This site is optimized with the Yoast SEO plugin v28.2 - https:\/\/yoast.com\/product\/yoast-seo-wordpress\/ -->\n<title>Bureau d&#039;architecture - Services d&#039;architecture et d&#039;urbanisme<\/title>\n<meta name=\"description\" content=\"Le bureau d&#039;architecture du Mjarc est pr\u00e9sent dans une gamme de services : architecture, urbanisme, architecture d&#039;int\u00e9rieur et contr\u00f4le de construction.\" \/>\n<meta name=\"robots\" content=\"index, follow, max-snippet:-1, max-image-preview:large, max-video-preview:-1\" \/>\n<link rel=\"canonical\" href=\"https:\/\/mjarc.com\/fr\/services\/\" \/>\n<meta property=\"og:locale\" content=\"fr_FR\" \/>\n<meta property=\"og:type\" content=\"article\" \/>\n<meta property=\"og:title\" content=\"Bureau d&#039;architecture - Services d&#039;architecture et d&#039;urbanisme\" \/>\n<meta property=\"og:description\" content=\"Le bureau d&#039;architecture du Mjarc est pr\u00e9sent dans une gamme de services : architecture, urbanisme, architecture d&#039;int\u00e9rieur et contr\u00f4le de construction.\" \/>\n<meta property=\"og:url\" content=\"https:\/\/mjarc.com\/fr\/services\/\" \/>\n<meta property=\"og:site_name\" content=\"Mjarc\" \/>\n<meta property=\"article:publisher\" content=\"https:\/\/www.facebook.com\/mjarc.arquitectos\/\" \/>\n<meta property=\"article:modified_time\" content=\"2025-09-26T10:14:53+00:00\" \/>\n<meta name=\"twitter:card\" content=\"summary_large_image\" \/>\n<meta name=\"twitter:label1\" content=\"Dur\u00e9e de lecture estim\u00e9e\" \/>\n\t<meta name=\"twitter:data1\" content=\"3 minutes\" \/>\n<script type=\"application\/ld+json\" class=\"yoast-schema-graph\">{\"@context\":\"https:\\\/\\\/schema.org\",\"@graph\":[{\"@type\":\"WebPage\",\"@id\":\"https:\\\/\\\/mjarc.com\\\/fr\\\/services\\\/\",\"url\":\"https:\\\/\\\/mjarc.com\\\/fr\\\/services\\\/\",\"name\":\"Bureau d'architecture - Services d'architecture et d'urbanisme\",\"isPartOf\":{\"@id\":\"https:\\\/\\\/mjarc.com\\\/fr\\\/#website\"},\"datePublished\":\"2023-09-04T08:33:09+00:00\",\"dateModified\":\"2025-09-26T10:14:53+00:00\",\"description\":\"Le bureau d'architecture du Mjarc est pr\u00e9sent dans une gamme de services : architecture, urbanisme, architecture d'int\u00e9rieur et contr\u00f4le de construction.\",\"breadcrumb\":{\"@id\":\"https:\\\/\\\/mjarc.com\\\/fr\\\/services\\\/#breadcrumb\"},\"inLanguage\":\"fr-FR\",\"potentialAction\":[{\"@type\":\"ReadAction\",\"target\":[\"https:\\\/\\\/mjarc.com\\\/fr\\\/services\\\/\"]}]},{\"@type\":\"BreadcrumbList\",\"@id\":\"https:\\\/\\\/mjarc.com\\\/fr\\\/services\\\/#breadcrumb\",\"itemListElement\":[{\"@type\":\"ListItem\",\"position\":1,\"name\":\"In\u00edcio\",\"item\":\"https:\\\/\\\/mjarc.com\\\/fr\\\/\"},{\"@type\":\"ListItem\",\"position\":2,\"name\":\"SERVICES\"}]},{\"@type\":\"WebSite\",\"@id\":\"https:\\\/\\\/mjarc.com\\\/fr\\\/#website\",\"url\":\"https:\\\/\\\/mjarc.com\\\/fr\\\/\",\"name\":\"Mjarc\",\"description\":\"\",\"publisher\":{\"@id\":\"https:\\\/\\\/mjarc.com\\\/fr\\\/#organization\"},\"potentialAction\":[{\"@type\":\"SearchAction\",\"target\":{\"@type\":\"EntryPoint\",\"urlTemplate\":\"https:\\\/\\\/mjarc.com\\\/fr\\\/?s={search_term_string}\"},\"query-input\":{\"@type\":\"PropertyValueSpecification\",\"valueRequired\":true,\"valueName\":\"search_term_string\"}}],\"inLanguage\":\"fr-FR\"},{\"@type\":\"Organization\",\"@id\":\"https:\\\/\\\/mjarc.com\\\/fr\\\/#organization\",\"name\":\"Mjarc\",\"url\":\"https:\\\/\\\/mjarc.com\\\/fr\\\/\",\"logo\":{\"@type\":\"ImageObject\",\"inLanguage\":\"fr-FR\",\"@id\":\"https:\\\/\\\/mjarc.com\\\/fr\\\/#\\\/schema\\\/logo\\\/image\\\/\",\"url\":\"https:\\\/\\\/mjarc.com\\\/wp-content\\\/uploads\\\/2023\\\/08\\\/logo_black_1.png\",\"contentUrl\":\"https:\\\/\\\/mjarc.com\\\/wp-content\\\/uploads\\\/2023\\\/08\\\/logo_black_1.png\",\"width\":130,\"height\":130,\"caption\":\"Mjarc\"},\"image\":{\"@id\":\"https:\\\/\\\/mjarc.com\\\/fr\\\/#\\\/schema\\\/logo\\\/image\\\/\"},\"sameAs\":[\"https:\\\/\\\/www.facebook.com\\\/mjarc.arquitectos\\\/\",\"https:\\\/\\\/www.instagram.com\\\/mjarc.arq\\\/\"]}]}<\/script>\n<!-- \/ Yoast SEO plugin. -->","yoast_head_json":{"title":"Bureau d'architecture - Services d'architecture et d'urbanisme","description":"Le bureau d'architecture du Mjarc est pr\u00e9sent dans une gamme de services : architecture, urbanisme, architecture d'int\u00e9rieur et contr\u00f4le de construction.","robots":{"index":"index","follow":"follow","max-snippet":"max-snippet:-1","max-image-preview":"max-image-preview:large","max-video-preview":"max-video-preview:-1"},"canonical":"https:\/\/mjarc.com\/fr\/services\/","og_locale":"fr_FR","og_type":"article","og_title":"Bureau d'architecture - Services d'architecture et d'urbanisme","og_description":"Le bureau d'architecture du Mjarc est pr\u00e9sent dans une gamme de services : architecture, urbanisme, architecture d'int\u00e9rieur et contr\u00f4le de construction.","og_url":"https:\/\/mjarc.com\/fr\/services\/","og_site_name":"Mjarc","article_publisher":"https:\/\/www.facebook.com\/mjarc.arquitectos\/","article_modified_time":"2025-09-26T10:14:53+00:00","twitter_card":"summary_large_image","twitter_misc":{"Dur\u00e9e de lecture estim\u00e9e":"3 minutes"},"schema":{"@context":"https:\/\/schema.org","@graph":[{"@type":"WebPage","@id":"https:\/\/mjarc.com\/fr\/services\/","url":"https:\/\/mjarc.com\/fr\/services\/","name":"Bureau d'architecture - Services d'architecture et d'urbanisme","isPartOf":{"@id":"https:\/\/mjarc.com\/fr\/#website"},"datePublished":"2023-09-04T08:33:09+00:00","dateModified":"2025-09-26T10:14:53+00:00","description":"Le bureau d'architecture du Mjarc est pr\u00e9sent dans une gamme de services : architecture, urbanisme, architecture d'int\u00e9rieur et contr\u00f4le de construction.","breadcrumb":{"@id":"https:\/\/mjarc.com\/fr\/services\/#breadcrumb"},"inLanguage":"fr-FR","potentialAction":[{"@type":"ReadAction","target":["https:\/\/mjarc.com\/fr\/services\/"]}]},{"@type":"BreadcrumbList","@id":"https:\/\/mjarc.com\/fr\/services\/#breadcrumb","itemListElement":[{"@type":"ListItem","position":1,"name":"In\u00edcio","item":"https:\/\/mjarc.com\/fr\/"},{"@type":"ListItem","position":2,"name":"SERVICES"}]},{"@type":"WebSite","@id":"https:\/\/mjarc.com\/fr\/#website","url":"https:\/\/mjarc.com\/fr\/","name":"Mjarc","description":"","publisher":{"@id":"https:\/\/mjarc.com\/fr\/#organization"},"potentialAction":[{"@type":"SearchAction","target":{"@type":"EntryPoint","urlTemplate":"https:\/\/mjarc.com\/fr\/?s={search_term_string}"},"query-input":{"@type":"PropertyValueSpecification","valueRequired":true,"valueName":"search_term_string"}}],"inLanguage":"fr-FR"},{"@type":"Organization","@id":"https:\/\/mjarc.com\/fr\/#organization","name":"Mjarc","url":"https:\/\/mjarc.com\/fr\/","logo":{"@type":"ImageObject","inLanguage":"fr-FR","@id":"https:\/\/mjarc.com\/fr\/#\/schema\/logo\/image\/","url":"https:\/\/mjarc.com\/wp-content\/uploads\/2023\/08\/logo_black_1.png","contentUrl":"https:\/\/mjarc.com\/wp-content\/uploads\/2023\/08\/logo_black_1.png","width":130,"height":130,"caption":"Mjarc"},"image":{"@id":"https:\/\/mjarc.com\/fr\/#\/schema\/logo\/image\/"},"sameAs":["https:\/\/www.facebook.com\/mjarc.arquitectos\/","https:\/\/www.instagram.com\/mjarc.arq\/"]}]}},"_links":{"self":[{"href":"https:\/\/mjarc.com\/fr\/wp-json\/wp\/v2\/pages\/5464","targetHints":{"allow":["GET"]}}],"collection":[{"href":"https:\/\/mjarc.com\/fr\/wp-json\/wp\/v2\/pages"}],"about":[{"href":"https:\/\/mjarc.com\/fr\/wp-json\/wp\/v2\/types\/page"}],"author":[{"embeddable":true,"href":"https:\/\/mjarc.com\/fr\/wp-json\/wp\/v2\/users\/1"}],"replies":[{"embeddable":true,"href":"https:\/\/mjarc.com\/fr\/wp-json\/wp\/v2\/comments?post=5464"}],"version-history":[{"count":10,"href":"https:\/\/mjarc.com\/fr\/wp-json\/wp\/v2\/pages\/5464\/revisions"}],"predecessor-version":[{"id":14842,"href":"https:\/\/mjarc.com\/fr\/wp-json\/wp\/v2\/pages\/5464\/revisions\/14842"}],"wp:attachment":[{"href":"https:\/\/mjarc.com\/fr\/wp-json\/wp\/v2\/media?parent=5464"}],"curies":[{"name":"wp","href":"https:\/\/api.w.org\/{rel}","templated":true}]}}